{"id":2786,"date":"2020-11-18T12:32:35","date_gmt":"2020-11-18T12:32:35","guid":{"rendered":"https:\/\/fontdeflors.com\/botiga\/sin%20categor\u00eda\/centre-de-3-roses-vermelles-simone\/"},"modified":"2026-05-01T22:24:53","modified_gmt":"2026-05-01T22:24:53","slug":"centro-de-3-rosas-rojas-simone","status":"publish","type":"product","link":"https:\/\/fontdeflors.com\/es\/botiga\/cajas-con-flores\/centro-de-3-rosas-rojas-simone\/","title":{"rendered":"Centro de 3 rosas rojas &#8211; Simone"},"content":{"rendered":"\n<style type=\"text\/css\" data-created_by=\"avia_inline_auto\" id=\"style-css-av-7n7z43-6ea504f68da097651aad0b79185dbcf7\">\n.flex_column.av-7n7z43-6ea504f68da097651aad0b79185dbcf7{\nborder-radius:0px 0px 0px 0px;\npadding:0px 0px 0px 0px;\n}\n<\/style>\n<div  class='flex_column av-7n7z43-6ea504f68da097651aad0b79185dbcf7 av_three_fifth  avia-builder-el-0  el_before_av_two_fifth  avia-builder-el-first  first flex_column_div av-zero-column-padding  '     ><style type=\"text\/css\" data-created_by=\"avia_inline_auto\" id=\"style-css-av-kb23cf49-1380c32cb414a5f07c6e577b17d588f3\">\n#top .avia-gallery.av-kb23cf49-1380c32cb414a5f07c6e577b17d588f3 .avia-gallery-thumb a{\nwidth:25%;\n}\n<\/style>\n<div  class='avia-gallery av-kb23cf49-1380c32cb414a5f07c6e577b17d588f3 avia_animate_when_visible  avia-builder-el-1  avia-builder-el-no-sibling  animations_off av-slideshow-ui av-loop-manual-endless av-control-hidden av-navigate-arrows av-navigate-dots hover-effect av-control-hidden avia-gallery-1'  itemprop=\"image\" itemscope=\"itemscope\" itemtype=\"https:\/\/schema.org\/ImageObject\" ><meta itemprop=\"contentURL\" content=\"https:\/\/fontdeflors.com\/es\/botiga\/cajas-con-flores\/centro-de-3-rosas-rojas-simone\/\"><div class='avia-gallery-big-wrapper'><a class='avia-gallery-big fakeLightbox lightbox avia-gallery-big-crop-thumb ' href=\"https:\/\/fontdeflors.com\/wp-content\/uploads\/2020\/11\/CENTRE_DE_3_ROSES_SIMONE_01.jpg\" data-srcset=\"https:\/\/fontdeflors.com\/wp-content\/uploads\/2020\/11\/CENTRE_DE_3_ROSES_SIMONE_01.jpg 1000w, https:\/\/fontdeflors.com\/wp-content\/uploads\/2020\/11\/CENTRE_DE_3_ROSES_SIMONE_01-300x300.jpg 300w, https:\/\/fontdeflors.com\/wp-content\/uploads\/2020\/11\/CENTRE_DE_3_ROSES_SIMONE_01-100x100.jpg 100w, https:\/\/fontdeflors.com\/wp-content\/uploads\/2020\/11\/CENTRE_DE_3_ROSES_SIMONE_01-650x650.jpg 650w, https:\/\/fontdeflors.com\/wp-content\/uploads\/2020\/11\/CENTRE_DE_3_ROSES_SIMONE_01-80x80.jpg 80w, https:\/\/fontdeflors.com\/wp-content\/uploads\/2020\/11\/CENTRE_DE_3_ROSES_SIMONE_01-768x768.jpg 768w, https:\/\/fontdeflors.com\/wp-content\/uploads\/2020\/11\/CENTRE_DE_3_ROSES_SIMONE_01-36x36.jpg 36w, https:\/\/fontdeflors.com\/wp-content\/uploads\/2020\/11\/CENTRE_DE_3_ROSES_SIMONE_01-180x180.jpg 180w, https:\/\/fontdeflors.com\/wp-content\/uploads\/2020\/11\/CENTRE_DE_3_ROSES_SIMONE_01-705x705.jpg 705w\" data-sizes=\"(max-width: 1000px) 100vw, 1000px\"  data-onclick='1' title='CENTRO DE TRES ROSAS - SIMONE' ><span class='avia-gallery-big-inner'  itemprop=\"thumbnailUrl\" ><img decoding=\"async\" fetchpriority=\"high\" class=\"wp-image-369 avia-img-lazy-loading-not-369\"  width=\"1000\" height=\"1000\" src=\"https:\/\/fontdeflors.com\/wp-content\/uploads\/2020\/11\/CENTRE_DE_3_ROSES_SIMONE_01.jpg\" title='CENTRO DE TRES ROSAS - SIMONE' alt='CENTRO DE TRES ROSAS - SIMONE' srcset=\"https:\/\/fontdeflors.com\/wp-content\/uploads\/2020\/11\/CENTRE_DE_3_ROSES_SIMONE_01.jpg 1000w, https:\/\/fontdeflors.com\/wp-content\/uploads\/2020\/11\/CENTRE_DE_3_ROSES_SIMONE_01-300x300.jpg 300w, https:\/\/fontdeflors.com\/wp-content\/uploads\/2020\/11\/CENTRE_DE_3_ROSES_SIMONE_01-100x100.jpg 100w, https:\/\/fontdeflors.com\/wp-content\/uploads\/2020\/11\/CENTRE_DE_3_ROSES_SIMONE_01-650x650.jpg 650w, https:\/\/fontdeflors.com\/wp-content\/uploads\/2020\/11\/CENTRE_DE_3_ROSES_SIMONE_01-80x80.jpg 80w, https:\/\/fontdeflors.com\/wp-content\/uploads\/2020\/11\/CENTRE_DE_3_ROSES_SIMONE_01-768x768.jpg 768w, https:\/\/fontdeflors.com\/wp-content\/uploads\/2020\/11\/CENTRE_DE_3_ROSES_SIMONE_01-36x36.jpg 36w, https:\/\/fontdeflors.com\/wp-content\/uploads\/2020\/11\/CENTRE_DE_3_ROSES_SIMONE_01-180x180.jpg 180w, https:\/\/fontdeflors.com\/wp-content\/uploads\/2020\/11\/CENTRE_DE_3_ROSES_SIMONE_01-705x705.jpg 705w\" sizes=\"(max-width: 1000px) 100vw, 1000px\" \/><\/span><\/a><\/div><div class='avia-gallery-thumb'><a href=\"https:\/\/fontdeflors.com\/wp-content\/uploads\/2020\/11\/CENTRE_DE_3_ROSES_SIMONE_01.jpg\" data-srcset=\"https:\/\/fontdeflors.com\/wp-content\/uploads\/2020\/11\/CENTRE_DE_3_ROSES_SIMONE_01.jpg 1000w, https:\/\/fontdeflors.com\/wp-content\/uploads\/2020\/11\/CENTRE_DE_3_ROSES_SIMONE_01-300x300.jpg 300w, https:\/\/fontdeflors.com\/wp-content\/uploads\/2020\/11\/CENTRE_DE_3_ROSES_SIMONE_01-100x100.jpg 100w, https:\/\/fontdeflors.com\/wp-content\/uploads\/2020\/11\/CENTRE_DE_3_ROSES_SIMONE_01-650x650.jpg 650w, https:\/\/fontdeflors.com\/wp-content\/uploads\/2020\/11\/CENTRE_DE_3_ROSES_SIMONE_01-80x80.jpg 80w, https:\/\/fontdeflors.com\/wp-content\/uploads\/2020\/11\/CENTRE_DE_3_ROSES_SIMONE_01-768x768.jpg 768w, https:\/\/fontdeflors.com\/wp-content\/uploads\/2020\/11\/CENTRE_DE_3_ROSES_SIMONE_01-36x36.jpg 36w, https:\/\/fontdeflors.com\/wp-content\/uploads\/2020\/11\/CENTRE_DE_3_ROSES_SIMONE_01-180x180.jpg 180w, https:\/\/fontdeflors.com\/wp-content\/uploads\/2020\/11\/CENTRE_DE_3_ROSES_SIMONE_01-705x705.jpg 705w\" data-sizes=\"(max-width: 1000px) 100vw, 1000px\" data-rel='gallery-1' data-prev-img='https:\/\/fontdeflors.com\/wp-content\/uploads\/2020\/11\/CENTRE_DE_3_ROSES_SIMONE_01.jpg' class='first_thumb lightbox ' data-onclick='1' title='CENTRO DE TRES ROSAS - SIMONE'  itemprop=\"thumbnailUrl\"  ><img decoding=\"async\" fetchpriority=\"high\" class=\"wp-image-369 avia-img-lazy-loading-not-369\"   src=\"https:\/\/fontdeflors.com\/wp-content\/uploads\/2020\/11\/CENTRE_DE_3_ROSES_SIMONE_01-180x180.jpg\" width=\"180\" height=\"180\"  title='CENTRO DE TRES ROSAS - SIMONE' alt='CENTRO DE TRES ROSAS - SIMONE' srcset=\"https:\/\/fontdeflors.com\/wp-content\/uploads\/2020\/11\/CENTRE_DE_3_ROSES_SIMONE_01-180x180.jpg 180w, https:\/\/fontdeflors.com\/wp-content\/uploads\/2020\/11\/CENTRE_DE_3_ROSES_SIMONE_01-300x300.jpg 300w, https:\/\/fontdeflors.com\/wp-content\/uploads\/2020\/11\/CENTRE_DE_3_ROSES_SIMONE_01-100x100.jpg 100w, https:\/\/fontdeflors.com\/wp-content\/uploads\/2020\/11\/CENTRE_DE_3_ROSES_SIMONE_01-650x650.jpg 650w, https:\/\/fontdeflors.com\/wp-content\/uploads\/2020\/11\/CENTRE_DE_3_ROSES_SIMONE_01-80x80.jpg 80w, https:\/\/fontdeflors.com\/wp-content\/uploads\/2020\/11\/CENTRE_DE_3_ROSES_SIMONE_01-768x768.jpg 768w, https:\/\/fontdeflors.com\/wp-content\/uploads\/2020\/11\/CENTRE_DE_3_ROSES_SIMONE_01-36x36.jpg 36w, https:\/\/fontdeflors.com\/wp-content\/uploads\/2020\/11\/CENTRE_DE_3_ROSES_SIMONE_01-705x705.jpg 705w, https:\/\/fontdeflors.com\/wp-content\/uploads\/2020\/11\/CENTRE_DE_3_ROSES_SIMONE_01.jpg 1000w\" sizes=\"(max-width: 180px) 100vw, 180px\" \/><div class='big-prev-fake'><img decoding=\"async\" loading=\"lazy\" class=\"wp-image-369 avia-img-lazy-loading-369\"  width=\"1000\" height=\"1000\" src=\"https:\/\/fontdeflors.com\/wp-content\/uploads\/2020\/11\/CENTRE_DE_3_ROSES_SIMONE_01.jpg\" title='CENTRO DE TRES ROSAS - SIMONE' alt='CENTRO DE TRES ROSAS - SIMONE' srcset=\"https:\/\/fontdeflors.com\/wp-content\/uploads\/2020\/11\/CENTRE_DE_3_ROSES_SIMONE_01.jpg 1000w, https:\/\/fontdeflors.com\/wp-content\/uploads\/2020\/11\/CENTRE_DE_3_ROSES_SIMONE_01-300x300.jpg 300w, https:\/\/fontdeflors.com\/wp-content\/uploads\/2020\/11\/CENTRE_DE_3_ROSES_SIMONE_01-100x100.jpg 100w, https:\/\/fontdeflors.com\/wp-content\/uploads\/2020\/11\/CENTRE_DE_3_ROSES_SIMONE_01-650x650.jpg 650w, https:\/\/fontdeflors.com\/wp-content\/uploads\/2020\/11\/CENTRE_DE_3_ROSES_SIMONE_01-80x80.jpg 80w, https:\/\/fontdeflors.com\/wp-content\/uploads\/2020\/11\/CENTRE_DE_3_ROSES_SIMONE_01-768x768.jpg 768w, https:\/\/fontdeflors.com\/wp-content\/uploads\/2020\/11\/CENTRE_DE_3_ROSES_SIMONE_01-36x36.jpg 36w, https:\/\/fontdeflors.com\/wp-content\/uploads\/2020\/11\/CENTRE_DE_3_ROSES_SIMONE_01-180x180.jpg 180w, https:\/\/fontdeflors.com\/wp-content\/uploads\/2020\/11\/CENTRE_DE_3_ROSES_SIMONE_01-705x705.jpg 705w\" sizes=\"auto, (max-width: 1000px) 100vw, 1000px\" \/><\/div><\/a><a href=\"https:\/\/fontdeflors.com\/wp-content\/uploads\/2020\/11\/CENTRE_DE_3_ROSES_SIMONE_02.jpg\" data-srcset=\"https:\/\/fontdeflors.com\/wp-content\/uploads\/2020\/11\/CENTRE_DE_3_ROSES_SIMONE_02.jpg 1000w, https:\/\/fontdeflors.com\/wp-content\/uploads\/2020\/11\/CENTRE_DE_3_ROSES_SIMONE_02-300x300.jpg 300w, https:\/\/fontdeflors.com\/wp-content\/uploads\/2020\/11\/CENTRE_DE_3_ROSES_SIMONE_02-100x100.jpg 100w, https:\/\/fontdeflors.com\/wp-content\/uploads\/2020\/11\/CENTRE_DE_3_ROSES_SIMONE_02-650x650.jpg 650w, https:\/\/fontdeflors.com\/wp-content\/uploads\/2020\/11\/CENTRE_DE_3_ROSES_SIMONE_02-80x80.jpg 80w, https:\/\/fontdeflors.com\/wp-content\/uploads\/2020\/11\/CENTRE_DE_3_ROSES_SIMONE_02-768x768.jpg 768w, https:\/\/fontdeflors.com\/wp-content\/uploads\/2020\/11\/CENTRE_DE_3_ROSES_SIMONE_02-36x36.jpg 36w, https:\/\/fontdeflors.com\/wp-content\/uploads\/2020\/11\/CENTRE_DE_3_ROSES_SIMONE_02-180x180.jpg 180w, https:\/\/fontdeflors.com\/wp-content\/uploads\/2020\/11\/CENTRE_DE_3_ROSES_SIMONE_02-705x705.jpg 705w\" data-sizes=\"(max-width: 1000px) 100vw, 1000px\" data-rel='gallery-1' data-prev-img='https:\/\/fontdeflors.com\/wp-content\/uploads\/2020\/11\/CENTRE_DE_3_ROSES_SIMONE_02.jpg' class='lightbox ' data-onclick='2' title='CENTRO DE TRES ROSAS - SIMONE'  itemprop=\"thumbnailUrl\"  ><img decoding=\"async\" fetchpriority=\"high\" class=\"wp-image-373 avia-img-lazy-loading-not-373\"   src=\"https:\/\/fontdeflors.com\/wp-content\/uploads\/2020\/11\/CENTRE_DE_3_ROSES_SIMONE_02-180x180.jpg\" width=\"180\" height=\"180\"  title='CENTRO DE TRES ROSAS - SIMONE' alt='CENTRO DE TRES ROSAS - SIMONE' srcset=\"https:\/\/fontdeflors.com\/wp-content\/uploads\/2020\/11\/CENTRE_DE_3_ROSES_SIMONE_02-180x180.jpg 180w, https:\/\/fontdeflors.com\/wp-content\/uploads\/2020\/11\/CENTRE_DE_3_ROSES_SIMONE_02-300x300.jpg 300w, https:\/\/fontdeflors.com\/wp-content\/uploads\/2020\/11\/CENTRE_DE_3_ROSES_SIMONE_02-100x100.jpg 100w, https:\/\/fontdeflors.com\/wp-content\/uploads\/2020\/11\/CENTRE_DE_3_ROSES_SIMONE_02-650x650.jpg 650w, https:\/\/fontdeflors.com\/wp-content\/uploads\/2020\/11\/CENTRE_DE_3_ROSES_SIMONE_02-80x80.jpg 80w, https:\/\/fontdeflors.com\/wp-content\/uploads\/2020\/11\/CENTRE_DE_3_ROSES_SIMONE_02-768x768.jpg 768w, https:\/\/fontdeflors.com\/wp-content\/uploads\/2020\/11\/CENTRE_DE_3_ROSES_SIMONE_02-36x36.jpg 36w, https:\/\/fontdeflors.com\/wp-content\/uploads\/2020\/11\/CENTRE_DE_3_ROSES_SIMONE_02-705x705.jpg 705w, https:\/\/fontdeflors.com\/wp-content\/uploads\/2020\/11\/CENTRE_DE_3_ROSES_SIMONE_02.jpg 1000w\" sizes=\"(max-width: 180px) 100vw, 180px\" \/><div class='big-prev-fake'><img decoding=\"async\" loading=\"lazy\" class=\"wp-image-373 avia-img-lazy-loading-373\"  width=\"1000\" height=\"1000\" src=\"https:\/\/fontdeflors.com\/wp-content\/uploads\/2020\/11\/CENTRE_DE_3_ROSES_SIMONE_02.jpg\" title='CENTRO DE TRES ROSAS - SIMONE' alt='CENTRO DE TRES ROSAS - SIMONE' srcset=\"https:\/\/fontdeflors.com\/wp-content\/uploads\/2020\/11\/CENTRE_DE_3_ROSES_SIMONE_02.jpg 1000w, https:\/\/fontdeflors.com\/wp-content\/uploads\/2020\/11\/CENTRE_DE_3_ROSES_SIMONE_02-300x300.jpg 300w, https:\/\/fontdeflors.com\/wp-content\/uploads\/2020\/11\/CENTRE_DE_3_ROSES_SIMONE_02-100x100.jpg 100w, https:\/\/fontdeflors.com\/wp-content\/uploads\/2020\/11\/CENTRE_DE_3_ROSES_SIMONE_02-650x650.jpg 650w, https:\/\/fontdeflors.com\/wp-content\/uploads\/2020\/11\/CENTRE_DE_3_ROSES_SIMONE_02-80x80.jpg 80w, https:\/\/fontdeflors.com\/wp-content\/uploads\/2020\/11\/CENTRE_DE_3_ROSES_SIMONE_02-768x768.jpg 768w, https:\/\/fontdeflors.com\/wp-content\/uploads\/2020\/11\/CENTRE_DE_3_ROSES_SIMONE_02-36x36.jpg 36w, https:\/\/fontdeflors.com\/wp-content\/uploads\/2020\/11\/CENTRE_DE_3_ROSES_SIMONE_02-180x180.jpg 180w, https:\/\/fontdeflors.com\/wp-content\/uploads\/2020\/11\/CENTRE_DE_3_ROSES_SIMONE_02-705x705.jpg 705w\" sizes=\"auto, (max-width: 1000px) 100vw, 1000px\" \/><\/div><\/a><a href=\"https:\/\/fontdeflors.com\/wp-content\/uploads\/2020\/11\/CENTRE_DE_3_ROSES_SIMONE_04.jpg\" data-srcset=\"https:\/\/fontdeflors.com\/wp-content\/uploads\/2020\/11\/CENTRE_DE_3_ROSES_SIMONE_04.jpg 1000w, https:\/\/fontdeflors.com\/wp-content\/uploads\/2020\/11\/CENTRE_DE_3_ROSES_SIMONE_04-300x300.jpg 300w, https:\/\/fontdeflors.com\/wp-content\/uploads\/2020\/11\/CENTRE_DE_3_ROSES_SIMONE_04-100x100.jpg 100w, https:\/\/fontdeflors.com\/wp-content\/uploads\/2020\/11\/CENTRE_DE_3_ROSES_SIMONE_04-650x650.jpg 650w, https:\/\/fontdeflors.com\/wp-content\/uploads\/2020\/11\/CENTRE_DE_3_ROSES_SIMONE_04-80x80.jpg 80w, https:\/\/fontdeflors.com\/wp-content\/uploads\/2020\/11\/CENTRE_DE_3_ROSES_SIMONE_04-768x768.jpg 768w, https:\/\/fontdeflors.com\/wp-content\/uploads\/2020\/11\/CENTRE_DE_3_ROSES_SIMONE_04-36x36.jpg 36w, https:\/\/fontdeflors.com\/wp-content\/uploads\/2020\/11\/CENTRE_DE_3_ROSES_SIMONE_04-180x180.jpg 180w, https:\/\/fontdeflors.com\/wp-content\/uploads\/2020\/11\/CENTRE_DE_3_ROSES_SIMONE_04-705x705.jpg 705w\" data-sizes=\"(max-width: 1000px) 100vw, 1000px\" data-rel='gallery-1' data-prev-img='https:\/\/fontdeflors.com\/wp-content\/uploads\/2020\/11\/CENTRE_DE_3_ROSES_SIMONE_04.jpg' class='lightbox ' data-onclick='3' title='CENTRO DE TRES ROSAS - SIMONE'  itemprop=\"thumbnailUrl\"  ><img decoding=\"async\" fetchpriority=\"high\" class=\"wp-image-375 avia-img-lazy-loading-not-375\"   src=\"https:\/\/fontdeflors.com\/wp-content\/uploads\/2020\/11\/CENTRE_DE_3_ROSES_SIMONE_04-180x180.jpg\" width=\"180\" height=\"180\"  title='CENTRO DE TRES ROSAS - SIMONE' alt='CENTRO DE TRES ROSAS - SIMONE' srcset=\"https:\/\/fontdeflors.com\/wp-content\/uploads\/2020\/11\/CENTRE_DE_3_ROSES_SIMONE_04-180x180.jpg 180w, https:\/\/fontdeflors.com\/wp-content\/uploads\/2020\/11\/CENTRE_DE_3_ROSES_SIMONE_04-300x300.jpg 300w, https:\/\/fontdeflors.com\/wp-content\/uploads\/2020\/11\/CENTRE_DE_3_ROSES_SIMONE_04-100x100.jpg 100w, https:\/\/fontdeflors.com\/wp-content\/uploads\/2020\/11\/CENTRE_DE_3_ROSES_SIMONE_04-650x650.jpg 650w, https:\/\/fontdeflors.com\/wp-content\/uploads\/2020\/11\/CENTRE_DE_3_ROSES_SIMONE_04-80x80.jpg 80w, https:\/\/fontdeflors.com\/wp-content\/uploads\/2020\/11\/CENTRE_DE_3_ROSES_SIMONE_04-768x768.jpg 768w, https:\/\/fontdeflors.com\/wp-content\/uploads\/2020\/11\/CENTRE_DE_3_ROSES_SIMONE_04-36x36.jpg 36w, https:\/\/fontdeflors.com\/wp-content\/uploads\/2020\/11\/CENTRE_DE_3_ROSES_SIMONE_04-705x705.jpg 705w, https:\/\/fontdeflors.com\/wp-content\/uploads\/2020\/11\/CENTRE_DE_3_ROSES_SIMONE_04.jpg 1000w\" sizes=\"(max-width: 180px) 100vw, 180px\" \/><div class='big-prev-fake'><img decoding=\"async\" loading=\"lazy\" class=\"wp-image-375 avia-img-lazy-loading-375\"  width=\"1000\" height=\"1000\" src=\"https:\/\/fontdeflors.com\/wp-content\/uploads\/2020\/11\/CENTRE_DE_3_ROSES_SIMONE_04.jpg\" title='CENTRO DE TRES ROSAS - SIMONE' alt='CENTRO DE TRES ROSAS - SIMONE' srcset=\"https:\/\/fontdeflors.com\/wp-content\/uploads\/2020\/11\/CENTRE_DE_3_ROSES_SIMONE_04.jpg 1000w, https:\/\/fontdeflors.com\/wp-content\/uploads\/2020\/11\/CENTRE_DE_3_ROSES_SIMONE_04-300x300.jpg 300w, https:\/\/fontdeflors.com\/wp-content\/uploads\/2020\/11\/CENTRE_DE_3_ROSES_SIMONE_04-100x100.jpg 100w, https:\/\/fontdeflors.com\/wp-content\/uploads\/2020\/11\/CENTRE_DE_3_ROSES_SIMONE_04-650x650.jpg 650w, https:\/\/fontdeflors.com\/wp-content\/uploads\/2020\/11\/CENTRE_DE_3_ROSES_SIMONE_04-80x80.jpg 80w, https:\/\/fontdeflors.com\/wp-content\/uploads\/2020\/11\/CENTRE_DE_3_ROSES_SIMONE_04-768x768.jpg 768w, https:\/\/fontdeflors.com\/wp-content\/uploads\/2020\/11\/CENTRE_DE_3_ROSES_SIMONE_04-36x36.jpg 36w, https:\/\/fontdeflors.com\/wp-content\/uploads\/2020\/11\/CENTRE_DE_3_ROSES_SIMONE_04-180x180.jpg 180w, https:\/\/fontdeflors.com\/wp-content\/uploads\/2020\/11\/CENTRE_DE_3_ROSES_SIMONE_04-705x705.jpg 705w\" sizes=\"auto, (max-width: 1000px) 100vw, 1000px\" \/><\/div><\/a><a href=\"https:\/\/fontdeflors.com\/wp-content\/uploads\/2020\/11\/CENTRE_DE_3_ROSES_SIMONE_03.jpg\" data-srcset=\"https:\/\/fontdeflors.com\/wp-content\/uploads\/2020\/11\/CENTRE_DE_3_ROSES_SIMONE_03.jpg 1000w, https:\/\/fontdeflors.com\/wp-content\/uploads\/2020\/11\/CENTRE_DE_3_ROSES_SIMONE_03-300x300.jpg 300w, https:\/\/fontdeflors.com\/wp-content\/uploads\/2020\/11\/CENTRE_DE_3_ROSES_SIMONE_03-100x100.jpg 100w, https:\/\/fontdeflors.com\/wp-content\/uploads\/2020\/11\/CENTRE_DE_3_ROSES_SIMONE_03-650x650.jpg 650w, https:\/\/fontdeflors.com\/wp-content\/uploads\/2020\/11\/CENTRE_DE_3_ROSES_SIMONE_03-80x80.jpg 80w, https:\/\/fontdeflors.com\/wp-content\/uploads\/2020\/11\/CENTRE_DE_3_ROSES_SIMONE_03-768x768.jpg 768w, https:\/\/fontdeflors.com\/wp-content\/uploads\/2020\/11\/CENTRE_DE_3_ROSES_SIMONE_03-36x36.jpg 36w, https:\/\/fontdeflors.com\/wp-content\/uploads\/2020\/11\/CENTRE_DE_3_ROSES_SIMONE_03-180x180.jpg 180w, https:\/\/fontdeflors.com\/wp-content\/uploads\/2020\/11\/CENTRE_DE_3_ROSES_SIMONE_03-705x705.jpg 705w\" data-sizes=\"(max-width: 1000px) 100vw, 1000px\" data-rel='gallery-1' data-prev-img='https:\/\/fontdeflors.com\/wp-content\/uploads\/2020\/11\/CENTRE_DE_3_ROSES_SIMONE_03.jpg' class='lightbox ' data-onclick='4' title='CENTRO DE TRES ROSAS - SIMONE'  itemprop=\"thumbnailUrl\"  ><img decoding=\"async\" fetchpriority=\"high\" class=\"wp-image-371 avia-img-lazy-loading-not-371\"   src=\"https:\/\/fontdeflors.com\/wp-content\/uploads\/2020\/11\/CENTRE_DE_3_ROSES_SIMONE_03-180x180.jpg\" width=\"180\" height=\"180\"  title='CENTRO DE TRES ROSAS - SIMONE' alt='CENTRO DE TRES ROSAS - SIMONE' srcset=\"https:\/\/fontdeflors.com\/wp-content\/uploads\/2020\/11\/CENTRE_DE_3_ROSES_SIMONE_03-180x180.jpg 180w, https:\/\/fontdeflors.com\/wp-content\/uploads\/2020\/11\/CENTRE_DE_3_ROSES_SIMONE_03-300x300.jpg 300w, https:\/\/fontdeflors.com\/wp-content\/uploads\/2020\/11\/CENTRE_DE_3_ROSES_SIMONE_03-100x100.jpg 100w, https:\/\/fontdeflors.com\/wp-content\/uploads\/2020\/11\/CENTRE_DE_3_ROSES_SIMONE_03-650x650.jpg 650w, https:\/\/fontdeflors.com\/wp-content\/uploads\/2020\/11\/CENTRE_DE_3_ROSES_SIMONE_03-80x80.jpg 80w, https:\/\/fontdeflors.com\/wp-content\/uploads\/2020\/11\/CENTRE_DE_3_ROSES_SIMONE_03-768x768.jpg 768w, https:\/\/fontdeflors.com\/wp-content\/uploads\/2020\/11\/CENTRE_DE_3_ROSES_SIMONE_03-36x36.jpg 36w, https:\/\/fontdeflors.com\/wp-content\/uploads\/2020\/11\/CENTRE_DE_3_ROSES_SIMONE_03-705x705.jpg 705w, https:\/\/fontdeflors.com\/wp-content\/uploads\/2020\/11\/CENTRE_DE_3_ROSES_SIMONE_03.jpg 1000w\" sizes=\"(max-width: 180px) 100vw, 180px\" \/><div class='big-prev-fake'><img decoding=\"async\" loading=\"lazy\" class=\"wp-image-371 avia-img-lazy-loading-371\"  width=\"1000\" height=\"1000\" src=\"https:\/\/fontdeflors.com\/wp-content\/uploads\/2020\/11\/CENTRE_DE_3_ROSES_SIMONE_03.jpg\" title='CENTRO DE TRES ROSAS - SIMONE' alt='CENTRO DE TRES ROSAS - SIMONE' srcset=\"https:\/\/fontdeflors.com\/wp-content\/uploads\/2020\/11\/CENTRE_DE_3_ROSES_SIMONE_03.jpg 1000w, https:\/\/fontdeflors.com\/wp-content\/uploads\/2020\/11\/CENTRE_DE_3_ROSES_SIMONE_03-300x300.jpg 300w, https:\/\/fontdeflors.com\/wp-content\/uploads\/2020\/11\/CENTRE_DE_3_ROSES_SIMONE_03-100x100.jpg 100w, https:\/\/fontdeflors.com\/wp-content\/uploads\/2020\/11\/CENTRE_DE_3_ROSES_SIMONE_03-650x650.jpg 650w, https:\/\/fontdeflors.com\/wp-content\/uploads\/2020\/11\/CENTRE_DE_3_ROSES_SIMONE_03-80x80.jpg 80w, https:\/\/fontdeflors.com\/wp-content\/uploads\/2020\/11\/CENTRE_DE_3_ROSES_SIMONE_03-768x768.jpg 768w, https:\/\/fontdeflors.com\/wp-content\/uploads\/2020\/11\/CENTRE_DE_3_ROSES_SIMONE_03-36x36.jpg 36w, https:\/\/fontdeflors.com\/wp-content\/uploads\/2020\/11\/CENTRE_DE_3_ROSES_SIMONE_03-180x180.jpg 180w, https:\/\/fontdeflors.com\/wp-content\/uploads\/2020\/11\/CENTRE_DE_3_ROSES_SIMONE_03-705x705.jpg 705w\" sizes=\"auto, (max-width: 1000px) 100vw, 1000px\" \/><\/div><\/a><\/div><\/div><\/div>\n\n<style type=\"text\/css\" data-created_by=\"avia_inline_auto\" id=\"style-css-av-64uo5f-f3a9fb7fb5efe0a0c547a5173505de99\">\n.flex_column.av-64uo5f-f3a9fb7fb5efe0a0c547a5173505de99{\nborder-radius:0px 0px 0px 0px;\npadding:10px 0px 0px 0px;\n}\n<\/style>\n<div  class='flex_column av-64uo5f-f3a9fb7fb5efe0a0c547a5173505de99 av_two_fifth  avia-builder-el-2  el_after_av_three_fifth  el_before_av_one_full  flex_column_div  '     ><section  class='av_textblock_section av-kb231k4k-bf19592563e423460db8e38934601cfc '   itemscope=\"itemscope\" itemtype=\"https:\/\/schema.org\/CreativeWork\" ><div class='avia_textblock'  itemprop=\"text\" ><h2>Una caja llena de amor<\/h2>\n<h3>Tres rosas muy bien vestidas<\/h3>\n<hr \/>\n<p>El centro de 3 rosas rojas \u00abSimone\u00bb es un regalo de los que no se olvidan. Tal es el peque\u00f1o de la familia de centros con rosas pero es un gran detalle para decir cu\u00e1nto amas. Un centro montado en vertical en una bombonera roja con varias hojas verdes que acompa\u00f1an y visten este regalo.<\/p>\n<p>Las rosas que utilizamos para este centro son de calidad extra -hacen m\u00e1s de 70cm de tallo- y siempre son muy frescas para que duren mucho. La caja adem\u00e1s es de calidad y alarga la memoria del regalo.<\/p>\n<p>Si lo prefieres tambi\u00e9n lo podemos montar con rosas blancas, amarillas o de color rosa. Elige el color y lo empezaremos a preparar!<\/p>\n<h3><strong>Precio: 40,00\u20ac<\/strong><\/h3>\n<\/div><\/section><br \/>\n\n<style type=\"text\/css\" data-created_by=\"avia_inline_auto\" id=\"style-css-av-kcmi9o8y-eb6cca2ae0b1a0296597d7409c124eae\">\n#top .hr.av-kcmi9o8y-eb6cca2ae0b1a0296597d7409c124eae{\nmargin-top:5px;\nmargin-bottom:10px;\n}\n.hr.av-kcmi9o8y-eb6cca2ae0b1a0296597d7409c124eae .hr-inner{\nwidth:50px;\n}\n<\/style>\n<div  class='hr av-kcmi9o8y-eb6cca2ae0b1a0296597d7409c124eae hr-custom  avia-builder-el-4  el_after_av_textblock  el_before_av_product_button  hr-center hr-icon-no'><span class='hr-inner inner-border-av-border-none'><span class=\"hr-inner-style\"><\/span><\/span><\/div><br \/>\n<div class='av-woo-purchase-button av-4ew35e-3d7fb88d94437aea5f4f3991081567d4  avia-builder-el-5  el_after_av_hr  avia-builder-el-last '>\n<form class=\"variations_form cart\" action=\"https:\/\/fontdeflors.com\/es\/botiga\/cajas-con-flores\/centro-de-3-rosas-rojas-simone\/\" method=\"post\" enctype='multipart\/form-data' data-product_id=\"2786\" data-product_variations=\"[{&quot;attributes&quot;:{&quot;attribute_color&quot;:&quot;rojo&quot;},&quot;availability_html&quot;:&quot;&quot;,&quot;backorders_allowed&quot;:false,&quot;dimensions&quot;:{&quot;length&quot;:&quot;&quot;,&quot;width&quot;:&quot;&quot;,&quot;height&quot;:&quot;&quot;},&quot;dimensions_html&quot;:&quot;N\\\/D&quot;,&quot;display_price&quot;:45,&quot;display_regular_price&quot;:45,&quot;gallery_image_ids&quot;:[],&quot;gallery_images_html&quot;:&quot;&quot;,&quot;image&quot;:{&quot;title&quot;:&quot;CENTRO DE TRES ROSAS - SIMONE&quot;,&quot;caption&quot;:&quot;&quot;,&quot;url&quot;:&quot;https:\\\/\\\/fontdeflors.com\\\/wp-content\\\/uploads\\\/2020\\\/11\\\/CENTRE_DE_3_ROSES_SIMONE_01.jpg&quot;,&quot;alt&quot;:&quot;CENTRO DE TRES ROSAS - SIMONE&quot;,&quot;src&quot;:&quot;https:\\\/\\\/fontdeflors.com\\\/wp-content\\\/uploads\\\/2020\\\/11\\\/CENTRE_DE_3_ROSES_SIMONE_01-650x650.jpg&quot;,&quot;srcset&quot;:&quot;https:\\\/\\\/fontdeflors.com\\\/wp-content\\\/uploads\\\/2020\\\/11\\\/CENTRE_DE_3_ROSES_SIMONE_01-650x650.jpg 650w, https:\\\/\\\/fontdeflors.com\\\/wp-content\\\/uploads\\\/2020\\\/11\\\/CENTRE_DE_3_ROSES_SIMONE_01-300x300.jpg 300w, https:\\\/\\\/fontdeflors.com\\\/wp-content\\\/uploads\\\/2020\\\/11\\\/CENTRE_DE_3_ROSES_SIMONE_01-100x100.jpg 100w, https:\\\/\\\/fontdeflors.com\\\/wp-content\\\/uploads\\\/2020\\\/11\\\/CENTRE_DE_3_ROSES_SIMONE_01-80x80.jpg 80w, https:\\\/\\\/fontdeflors.com\\\/wp-content\\\/uploads\\\/2020\\\/11\\\/CENTRE_DE_3_ROSES_SIMONE_01-768x768.jpg 768w, https:\\\/\\\/fontdeflors.com\\\/wp-content\\\/uploads\\\/2020\\\/11\\\/CENTRE_DE_3_ROSES_SIMONE_01-36x36.jpg 36w, https:\\\/\\\/fontdeflors.com\\\/wp-content\\\/uploads\\\/2020\\\/11\\\/CENTRE_DE_3_ROSES_SIMONE_01-180x180.jpg 180w, https:\\\/\\\/fontdeflors.com\\\/wp-content\\\/uploads\\\/2020\\\/11\\\/CENTRE_DE_3_ROSES_SIMONE_01-705x705.jpg 705w, https:\\\/\\\/fontdeflors.com\\\/wp-content\\\/uploads\\\/2020\\\/11\\\/CENTRE_DE_3_ROSES_SIMONE_01.jpg 1000w&quot;,&quot;sizes&quot;:&quot;(max-width: 650px) 100vw, 650px&quot;,&quot;full_src&quot;:&quot;https:\\\/\\\/fontdeflors.com\\\/wp-content\\\/uploads\\\/2020\\\/11\\\/CENTRE_DE_3_ROSES_SIMONE_01.jpg&quot;,&quot;full_src_w&quot;:1000,&quot;full_src_h&quot;:1000,&quot;gallery_thumbnail_src&quot;:&quot;https:\\\/\\\/fontdeflors.com\\\/wp-content\\\/uploads\\\/2020\\\/11\\\/CENTRE_DE_3_ROSES_SIMONE_01-100x100.jpg&quot;,&quot;gallery_thumbnail_src_w&quot;:100,&quot;gallery_thumbnail_src_h&quot;:100,&quot;thumb_src&quot;:&quot;https:\\\/\\\/fontdeflors.com\\\/wp-content\\\/uploads\\\/2020\\\/11\\\/CENTRE_DE_3_ROSES_SIMONE_01-300x300.jpg&quot;,&quot;thumb_src_w&quot;:300,&quot;thumb_src_h&quot;:300,&quot;src_w&quot;:650,&quot;src_h&quot;:650},&quot;image_id&quot;:369,&quot;is_downloadable&quot;:false,&quot;is_in_stock&quot;:true,&quot;is_purchasable&quot;:true,&quot;is_sold_individually&quot;:&quot;no&quot;,&quot;is_virtual&quot;:false,&quot;max_qty&quot;:&quot;&quot;,&quot;min_qty&quot;:1,&quot;price_html&quot;:&quot;&quot;,&quot;sku&quot;:&quot;&quot;,&quot;variation_description&quot;:&quot;&quot;,&quot;variation_id&quot;:2787,&quot;variation_is_active&quot;:true,&quot;variation_is_visible&quot;:true,&quot;weight&quot;:&quot;&quot;,&quot;weight_html&quot;:&quot;N\\\/D&quot;},{&quot;attributes&quot;:{&quot;attribute_color&quot;:&quot;blanco&quot;},&quot;availability_html&quot;:&quot;&quot;,&quot;backorders_allowed&quot;:false,&quot;dimensions&quot;:{&quot;length&quot;:&quot;&quot;,&quot;width&quot;:&quot;&quot;,&quot;height&quot;:&quot;&quot;},&quot;dimensions_html&quot;:&quot;N\\\/D&quot;,&quot;display_price&quot;:45,&quot;display_regular_price&quot;:45,&quot;gallery_image_ids&quot;:[],&quot;gallery_images_html&quot;:&quot;&quot;,&quot;image&quot;:{&quot;title&quot;:&quot;CENTRO DE TRES ROSAS - SIMONE&quot;,&quot;caption&quot;:&quot;&quot;,&quot;url&quot;:&quot;https:\\\/\\\/fontdeflors.com\\\/wp-content\\\/uploads\\\/2020\\\/11\\\/CENTRE_DE_3_ROSES_SIMONE_01.jpg&quot;,&quot;alt&quot;:&quot;CENTRO DE TRES ROSAS - SIMONE&quot;,&quot;src&quot;:&quot;https:\\\/\\\/fontdeflors.com\\\/wp-content\\\/uploads\\\/2020\\\/11\\\/CENTRE_DE_3_ROSES_SIMONE_01-650x650.jpg&quot;,&quot;srcset&quot;:&quot;https:\\\/\\\/fontdeflors.com\\\/wp-content\\\/uploads\\\/2020\\\/11\\\/CENTRE_DE_3_ROSES_SIMONE_01-650x650.jpg 650w, https:\\\/\\\/fontdeflors.com\\\/wp-content\\\/uploads\\\/2020\\\/11\\\/CENTRE_DE_3_ROSES_SIMONE_01-300x300.jpg 300w, https:\\\/\\\/fontdeflors.com\\\/wp-content\\\/uploads\\\/2020\\\/11\\\/CENTRE_DE_3_ROSES_SIMONE_01-100x100.jpg 100w, https:\\\/\\\/fontdeflors.com\\\/wp-content\\\/uploads\\\/2020\\\/11\\\/CENTRE_DE_3_ROSES_SIMONE_01-80x80.jpg 80w, https:\\\/\\\/fontdeflors.com\\\/wp-content\\\/uploads\\\/2020\\\/11\\\/CENTRE_DE_3_ROSES_SIMONE_01-768x768.jpg 768w, https:\\\/\\\/fontdeflors.com\\\/wp-content\\\/uploads\\\/2020\\\/11\\\/CENTRE_DE_3_ROSES_SIMONE_01-36x36.jpg 36w, https:\\\/\\\/fontdeflors.com\\\/wp-content\\\/uploads\\\/2020\\\/11\\\/CENTRE_DE_3_ROSES_SIMONE_01-180x180.jpg 180w, https:\\\/\\\/fontdeflors.com\\\/wp-content\\\/uploads\\\/2020\\\/11\\\/CENTRE_DE_3_ROSES_SIMONE_01-705x705.jpg 705w, https:\\\/\\\/fontdeflors.com\\\/wp-content\\\/uploads\\\/2020\\\/11\\\/CENTRE_DE_3_ROSES_SIMONE_01.jpg 1000w&quot;,&quot;sizes&quot;:&quot;(max-width: 650px) 100vw, 650px&quot;,&quot;full_src&quot;:&quot;https:\\\/\\\/fontdeflors.com\\\/wp-content\\\/uploads\\\/2020\\\/11\\\/CENTRE_DE_3_ROSES_SIMONE_01.jpg&quot;,&quot;full_src_w&quot;:1000,&quot;full_src_h&quot;:1000,&quot;gallery_thumbnail_src&quot;:&quot;https:\\\/\\\/fontdeflors.com\\\/wp-content\\\/uploads\\\/2020\\\/11\\\/CENTRE_DE_3_ROSES_SIMONE_01-100x100.jpg&quot;,&quot;gallery_thumbnail_src_w&quot;:100,&quot;gallery_thumbnail_src_h&quot;:100,&quot;thumb_src&quot;:&quot;https:\\\/\\\/fontdeflors.com\\\/wp-content\\\/uploads\\\/2020\\\/11\\\/CENTRE_DE_3_ROSES_SIMONE_01-300x300.jpg&quot;,&quot;thumb_src_w&quot;:300,&quot;thumb_src_h&quot;:300,&quot;src_w&quot;:650,&quot;src_h&quot;:650},&quot;image_id&quot;:369,&quot;is_downloadable&quot;:false,&quot;is_in_stock&quot;:true,&quot;is_purchasable&quot;:true,&quot;is_sold_individually&quot;:&quot;no&quot;,&quot;is_virtual&quot;:false,&quot;max_qty&quot;:&quot;&quot;,&quot;min_qty&quot;:1,&quot;price_html&quot;:&quot;&quot;,&quot;sku&quot;:&quot;&quot;,&quot;variation_description&quot;:&quot;&quot;,&quot;variation_id&quot;:2788,&quot;variation_is_active&quot;:true,&quot;variation_is_visible&quot;:true,&quot;weight&quot;:&quot;&quot;,&quot;weight_html&quot;:&quot;N\\\/D&quot;},{&quot;attributes&quot;:{&quot;attribute_color&quot;:&quot;amarillo&quot;},&quot;availability_html&quot;:&quot;&quot;,&quot;backorders_allowed&quot;:false,&quot;dimensions&quot;:{&quot;length&quot;:&quot;&quot;,&quot;width&quot;:&quot;&quot;,&quot;height&quot;:&quot;&quot;},&quot;dimensions_html&quot;:&quot;N\\\/D&quot;,&quot;display_price&quot;:45,&quot;display_regular_price&quot;:45,&quot;gallery_image_ids&quot;:[],&quot;gallery_images_html&quot;:&quot;&quot;,&quot;image&quot;:{&quot;title&quot;:&quot;CENTRO DE TRES ROSAS - SIMONE&quot;,&quot;caption&quot;:&quot;&quot;,&quot;url&quot;:&quot;https:\\\/\\\/fontdeflors.com\\\/wp-content\\\/uploads\\\/2020\\\/11\\\/CENTRE_DE_3_ROSES_SIMONE_01.jpg&quot;,&quot;alt&quot;:&quot;CENTRO DE TRES ROSAS - SIMONE&quot;,&quot;src&quot;:&quot;https:\\\/\\\/fontdeflors.com\\\/wp-content\\\/uploads\\\/2020\\\/11\\\/CENTRE_DE_3_ROSES_SIMONE_01-650x650.jpg&quot;,&quot;srcset&quot;:&quot;https:\\\/\\\/fontdeflors.com\\\/wp-content\\\/uploads\\\/2020\\\/11\\\/CENTRE_DE_3_ROSES_SIMONE_01-650x650.jpg 650w, https:\\\/\\\/fontdeflors.com\\\/wp-content\\\/uploads\\\/2020\\\/11\\\/CENTRE_DE_3_ROSES_SIMONE_01-300x300.jpg 300w, https:\\\/\\\/fontdeflors.com\\\/wp-content\\\/uploads\\\/2020\\\/11\\\/CENTRE_DE_3_ROSES_SIMONE_01-100x100.jpg 100w, https:\\\/\\\/fontdeflors.com\\\/wp-content\\\/uploads\\\/2020\\\/11\\\/CENTRE_DE_3_ROSES_SIMONE_01-80x80.jpg 80w, https:\\\/\\\/fontdeflors.com\\\/wp-content\\\/uploads\\\/2020\\\/11\\\/CENTRE_DE_3_ROSES_SIMONE_01-768x768.jpg 768w, https:\\\/\\\/fontdeflors.com\\\/wp-content\\\/uploads\\\/2020\\\/11\\\/CENTRE_DE_3_ROSES_SIMONE_01-36x36.jpg 36w, https:\\\/\\\/fontdeflors.com\\\/wp-content\\\/uploads\\\/2020\\\/11\\\/CENTRE_DE_3_ROSES_SIMONE_01-180x180.jpg 180w, https:\\\/\\\/fontdeflors.com\\\/wp-content\\\/uploads\\\/2020\\\/11\\\/CENTRE_DE_3_ROSES_SIMONE_01-705x705.jpg 705w, https:\\\/\\\/fontdeflors.com\\\/wp-content\\\/uploads\\\/2020\\\/11\\\/CENTRE_DE_3_ROSES_SIMONE_01.jpg 1000w&quot;,&quot;sizes&quot;:&quot;(max-width: 650px) 100vw, 650px&quot;,&quot;full_src&quot;:&quot;https:\\\/\\\/fontdeflors.com\\\/wp-content\\\/uploads\\\/2020\\\/11\\\/CENTRE_DE_3_ROSES_SIMONE_01.jpg&quot;,&quot;full_src_w&quot;:1000,&quot;full_src_h&quot;:1000,&quot;gallery_thumbnail_src&quot;:&quot;https:\\\/\\\/fontdeflors.com\\\/wp-content\\\/uploads\\\/2020\\\/11\\\/CENTRE_DE_3_ROSES_SIMONE_01-100x100.jpg&quot;,&quot;gallery_thumbnail_src_w&quot;:100,&quot;gallery_thumbnail_src_h&quot;:100,&quot;thumb_src&quot;:&quot;https:\\\/\\\/fontdeflors.com\\\/wp-content\\\/uploads\\\/2020\\\/11\\\/CENTRE_DE_3_ROSES_SIMONE_01-300x300.jpg&quot;,&quot;thumb_src_w&quot;:300,&quot;thumb_src_h&quot;:300,&quot;src_w&quot;:650,&quot;src_h&quot;:650},&quot;image_id&quot;:369,&quot;is_downloadable&quot;:false,&quot;is_in_stock&quot;:true,&quot;is_purchasable&quot;:true,&quot;is_sold_individually&quot;:&quot;no&quot;,&quot;is_virtual&quot;:false,&quot;max_qty&quot;:&quot;&quot;,&quot;min_qty&quot;:1,&quot;price_html&quot;:&quot;&quot;,&quot;sku&quot;:&quot;&quot;,&quot;variation_description&quot;:&quot;&quot;,&quot;variation_id&quot;:2789,&quot;variation_is_active&quot;:true,&quot;variation_is_visible&quot;:true,&quot;weight&quot;:&quot;&quot;,&quot;weight_html&quot;:&quot;N\\\/D&quot;},{&quot;attributes&quot;:{&quot;attribute_color&quot;:&quot;rosa&quot;},&quot;availability_html&quot;:&quot;&quot;,&quot;backorders_allowed&quot;:false,&quot;dimensions&quot;:{&quot;length&quot;:&quot;&quot;,&quot;width&quot;:&quot;&quot;,&quot;height&quot;:&quot;&quot;},&quot;dimensions_html&quot;:&quot;N\\\/D&quot;,&quot;display_price&quot;:45,&quot;display_regular_price&quot;:45,&quot;gallery_image_ids&quot;:[],&quot;gallery_images_html&quot;:&quot;&quot;,&quot;image&quot;:{&quot;title&quot;:&quot;CENTRO DE TRES ROSAS - SIMONE&quot;,&quot;caption&quot;:&quot;&quot;,&quot;url&quot;:&quot;https:\\\/\\\/fontdeflors.com\\\/wp-content\\\/uploads\\\/2020\\\/11\\\/CENTRE_DE_3_ROSES_SIMONE_01.jpg&quot;,&quot;alt&quot;:&quot;CENTRO DE TRES ROSAS - SIMONE&quot;,&quot;src&quot;:&quot;https:\\\/\\\/fontdeflors.com\\\/wp-content\\\/uploads\\\/2020\\\/11\\\/CENTRE_DE_3_ROSES_SIMONE_01-650x650.jpg&quot;,&quot;srcset&quot;:&quot;https:\\\/\\\/fontdeflors.com\\\/wp-content\\\/uploads\\\/2020\\\/11\\\/CENTRE_DE_3_ROSES_SIMONE_01-650x650.jpg 650w, https:\\\/\\\/fontdeflors.com\\\/wp-content\\\/uploads\\\/2020\\\/11\\\/CENTRE_DE_3_ROSES_SIMONE_01-300x300.jpg 300w, https:\\\/\\\/fontdeflors.com\\\/wp-content\\\/uploads\\\/2020\\\/11\\\/CENTRE_DE_3_ROSES_SIMONE_01-100x100.jpg 100w, https:\\\/\\\/fontdeflors.com\\\/wp-content\\\/uploads\\\/2020\\\/11\\\/CENTRE_DE_3_ROSES_SIMONE_01-80x80.jpg 80w, https:\\\/\\\/fontdeflors.com\\\/wp-content\\\/uploads\\\/2020\\\/11\\\/CENTRE_DE_3_ROSES_SIMONE_01-768x768.jpg 768w, https:\\\/\\\/fontdeflors.com\\\/wp-content\\\/uploads\\\/2020\\\/11\\\/CENTRE_DE_3_ROSES_SIMONE_01-36x36.jpg 36w, https:\\\/\\\/fontdeflors.com\\\/wp-content\\\/uploads\\\/2020\\\/11\\\/CENTRE_DE_3_ROSES_SIMONE_01-180x180.jpg 180w, https:\\\/\\\/fontdeflors.com\\\/wp-content\\\/uploads\\\/2020\\\/11\\\/CENTRE_DE_3_ROSES_SIMONE_01-705x705.jpg 705w, https:\\\/\\\/fontdeflors.com\\\/wp-content\\\/uploads\\\/2020\\\/11\\\/CENTRE_DE_3_ROSES_SIMONE_01.jpg 1000w&quot;,&quot;sizes&quot;:&quot;(max-width: 650px) 100vw, 650px&quot;,&quot;full_src&quot;:&quot;https:\\\/\\\/fontdeflors.com\\\/wp-content\\\/uploads\\\/2020\\\/11\\\/CENTRE_DE_3_ROSES_SIMONE_01.jpg&quot;,&quot;full_src_w&quot;:1000,&quot;full_src_h&quot;:1000,&quot;gallery_thumbnail_src&quot;:&quot;https:\\\/\\\/fontdeflors.com\\\/wp-content\\\/uploads\\\/2020\\\/11\\\/CENTRE_DE_3_ROSES_SIMONE_01-100x100.jpg&quot;,&quot;gallery_thumbnail_src_w&quot;:100,&quot;gallery_thumbnail_src_h&quot;:100,&quot;thumb_src&quot;:&quot;https:\\\/\\\/fontdeflors.com\\\/wp-content\\\/uploads\\\/2020\\\/11\\\/CENTRE_DE_3_ROSES_SIMONE_01-300x300.jpg&quot;,&quot;thumb_src_w&quot;:300,&quot;thumb_src_h&quot;:300,&quot;src_w&quot;:650,&quot;src_h&quot;:650},&quot;image_id&quot;:369,&quot;is_downloadable&quot;:false,&quot;is_in_stock&quot;:true,&quot;is_purchasable&quot;:true,&quot;is_sold_individually&quot;:&quot;no&quot;,&quot;is_virtual&quot;:false,&quot;max_qty&quot;:&quot;&quot;,&quot;min_qty&quot;:1,&quot;price_html&quot;:&quot;&quot;,&quot;sku&quot;:&quot;&quot;,&quot;variation_description&quot;:&quot;&quot;,&quot;variation_id&quot;:2790,&quot;variation_is_active&quot;:true,&quot;variation_is_visible&quot;:true,&quot;weight&quot;:&quot;&quot;,&quot;weight_html&quot;:&quot;N\\\/D&quot;}]\">\n\t\n\t\t\t<table class=\"variations\" cellspacing=\"0\" role=\"presentation\">\n\t\t\t<tbody>\n\t\t\t\t\t\t\t\t\t<tr>\n\t\t\t\t\t\t<th class=\"label\"><label for=\"color\">Color<\/label><\/th>\n\t\t\t\t\t\t<td class=\"value\">\n\t\t\t\t\t\t\t<select id=\"color\" class=\"\" name=\"attribute_color\" data-attribute_name=\"attribute_color\" data-show_option_none=\"yes\"><option value=\"\">Elige una opci\u00f3n<\/option><option value=\"rojo\" >rojo<\/option><option value=\"blanco\" >blanco<\/option><option value=\"amarillo\" >amarillo<\/option><option value=\"rosa\" >rosa<\/option><\/select><a class=\"reset_variations\" href=\"#\" aria-label=\"Vaciar opciones\">Limpiar<\/a>\t\t\t\t\t\t<\/td>\n\t\t\t\t\t<\/tr>\n\t\t\t\t\t\t\t<\/tbody>\n\t\t<\/table>\n\t\t<div class=\"reset_variations_alert screen-reader-text\" role=\"alert\" aria-live=\"polite\" aria-relevant=\"all\"><\/div>\n\t\t\t\t\n\t\t<div class=\"single_variation_wrap\">\n\t\t\t<div class=\"woocommerce-variation single_variation\" role=\"alert\" aria-relevant=\"additions\"><\/div><div class=\"woocommerce-variation-add-to-cart variations_button\">\n\t\n\t<div class=\"quantity\">\n\t\t<label class=\"screen-reader-text\" for=\"quantity_6a984e12c9a39\">Centro de 3 rosas rojas - Simone cantidad<\/label>\n\t<input\n\t\ttype=\"number\"\n\t\t\t\tid=\"quantity_6a984e12c9a39\"\n\t\tclass=\"input-text qty text\"\n\t\tname=\"quantity\"\n\t\tvalue=\"1\"\n\t\taria-label=\"Cantidad de productos\"\n\t\t\t\tmin=\"1\"\n\t\t\t\t\t\t\tstep=\"1\"\n\t\t\tplaceholder=\"\"\n\t\t\tinputmode=\"numeric\"\n\t\t\tautocomplete=\"off\"\n\t\t\t\/>\n\t<\/div>\n\n\t<button type=\"submit\" class=\"single_add_to_cart_button button alt\">A\u00f1adir al carrito<\/button>\n\n\t\n\t<input type=\"hidden\" name=\"add-to-cart\" value=\"2786\" \/>\n\t<input type=\"hidden\" name=\"product_id\" value=\"2786\" \/>\n\t<input type=\"hidden\" name=\"variation_id\" class=\"variation_id\" value=\"0\" \/>\n<\/div>\n\t\t<\/div>\n\t\n\t<div class=\"product_meta\">\n\n\t\n\t\n\t\t<span class=\"sku_wrapper\">SKU: <span class=\"sku\">N\/D<\/span><\/span>\n\n\t\n\t<span class=\"posted_in\">Categor\u00edas: <a href=\"https:\/\/fontdeflors.com\/es\/categoria-producto\/cajas-con-flores\/\" rel=\"tag\">cajas con flores<\/a>, <a href=\"https:\/\/fontdeflors.com\/es\/categoria-producto\/rosas\/\" rel=\"tag\">rosas<\/a><\/span>\n\t\n\t\n<\/div>\n<\/form>\n\n<\/div><\/p><\/div>\n<style type=\"text\/css\" data-created_by=\"avia_inline_auto\" id=\"style-css-av-2wkxf7-ed7f97ff4aaed5870cb898171d37ca93\">\n.flex_column.av-2wkxf7-ed7f97ff4aaed5870cb898171d37ca93{\nborder-radius:0px 0px 0px 0px;\npadding:0px 0px 0px 0px;\n}\n<\/style>\n<div  class='flex_column av-2wkxf7-ed7f97ff4aaed5870cb898171d37ca93 av_one_full  avia-builder-el-6  el_after_av_two_fifth  el_before_av_one_full  first flex_column_div av-zero-column-padding  '     ><p>\n<style type=\"text\/css\" data-created_by=\"avia_inline_auto\" id=\"style-css-av-kcmi9o8y-2-3f0fa5a352f775ca5c2cd68aacbbc417\">\n#top .hr.av-kcmi9o8y-2-3f0fa5a352f775ca5c2cd68aacbbc417{\nmargin-top:5px;\nmargin-bottom:10px;\n}\n.hr.av-kcmi9o8y-2-3f0fa5a352f775ca5c2cd68aacbbc417 .hr-inner{\nwidth:50px;\n}\n<\/style>\n<div  class='hr av-kcmi9o8y-2-3f0fa5a352f775ca5c2cd68aacbbc417 hr-custom  avia-builder-el-7  el_before_av_product_upsells  avia-builder-el-first  hr-center hr-icon-no'><span class='hr-inner inner-border-av-border-none'><span class=\"hr-inner-style\"><\/span><\/span><\/div><br \/>\n<div  class='av-woo-product-related-upsells av-kcmjimzt-c4082423a29e231841e163396aa33d86  avia-builder-el-8  el_after_av_hr  avia-builder-el-last '><div class='product_column product_column_4'>\n\t<section class=\"related products\">\n\n\t\t\t\t\t<h2>Productos relacionados<\/h2>\n\t\t\t\t<ul class=\"products columns-4\">\n\n\t\t\t\n\t\t\t\t\t<li class=\"product type-product post-1187 status-publish first instock product_cat-cajas-con-flores product_cat-rosas has-post-thumbnail taxable shipping-taxable purchasable product-type-variable\">\n\t<div class='inner_product main_color wrapped_style noLightbox  av-product-class-'><a href=\"https:\/\/fontdeflors.com\/es\/botiga\/cajas-con-flores\/centro-vertical-exotico-de-flores-kim\/\" class=\"woocommerce-LoopProduct-link woocommerce-loop-product__link\"><div class=\"thumbnail_container\"><img loading=\"lazy\" decoding=\"async\" width=\"300\" height=\"300\" src=\"https:\/\/fontdeflors.com\/wp-content\/uploads\/2020\/11\/CENTRE_VERTICAL_DE_FLORS_EXOTIC_KIM_01-300x300.jpg\" class=\"attachment-shop_catalog avia-product-hover\" alt=\"CENTRO VERTICAL DE FLORES EX\u00d3TICO - KIM\" srcset=\"https:\/\/fontdeflors.com\/wp-content\/uploads\/2020\/11\/CENTRE_VERTICAL_DE_FLORS_EXOTIC_KIM_01-300x300.jpg 300w, https:\/\/fontdeflors.com\/wp-content\/uploads\/2020\/11\/CENTRE_VERTICAL_DE_FLORS_EXOTIC_KIM_01-100x100.jpg 100w, https:\/\/fontdeflors.com\/wp-content\/uploads\/2020\/11\/CENTRE_VERTICAL_DE_FLORS_EXOTIC_KIM_01-650x650.jpg 650w, https:\/\/fontdeflors.com\/wp-content\/uploads\/2020\/11\/CENTRE_VERTICAL_DE_FLORS_EXOTIC_KIM_01-80x80.jpg 80w, https:\/\/fontdeflors.com\/wp-content\/uploads\/2020\/11\/CENTRE_VERTICAL_DE_FLORS_EXOTIC_KIM_01-768x768.jpg 768w, https:\/\/fontdeflors.com\/wp-content\/uploads\/2020\/11\/CENTRE_VERTICAL_DE_FLORS_EXOTIC_KIM_01-36x36.jpg 36w, https:\/\/fontdeflors.com\/wp-content\/uploads\/2020\/11\/CENTRE_VERTICAL_DE_FLORS_EXOTIC_KIM_01-180x180.jpg 180w, https:\/\/fontdeflors.com\/wp-content\/uploads\/2020\/11\/CENTRE_VERTICAL_DE_FLORS_EXOTIC_KIM_01-705x705.jpg 705w, https:\/\/fontdeflors.com\/wp-content\/uploads\/2020\/11\/CENTRE_VERTICAL_DE_FLORS_EXOTIC_KIM_01.jpg 1000w\" sizes=\"auto, (max-width: 300px) 100vw, 300px\" \/><img decoding=\"async\" loading=\"lazy\" width=\"300\" height=\"300\" src=\"https:\/\/fontdeflors.com\/wp-content\/uploads\/2020\/11\/CENTRE_VERTICAL_DE_FLORS_EXOTIC_KIM_03-300x300.jpg\" class=\"wp-image-338 avia-img-lazy-loading-338 attachment-shop_catalog size-shop_catalog wp-post-image\" alt=\"CENTRO VERTICAL DE FLORES EX\u00d3TICO - KIM\" srcset=\"https:\/\/fontdeflors.com\/wp-content\/uploads\/2020\/11\/CENTRE_VERTICAL_DE_FLORS_EXOTIC_KIM_03-300x300.jpg 300w, https:\/\/fontdeflors.com\/wp-content\/uploads\/2020\/11\/CENTRE_VERTICAL_DE_FLORS_EXOTIC_KIM_03-100x100.jpg 100w, https:\/\/fontdeflors.com\/wp-content\/uploads\/2020\/11\/CENTRE_VERTICAL_DE_FLORS_EXOTIC_KIM_03-650x650.jpg 650w, https:\/\/fontdeflors.com\/wp-content\/uploads\/2020\/11\/CENTRE_VERTICAL_DE_FLORS_EXOTIC_KIM_03-80x80.jpg 80w, https:\/\/fontdeflors.com\/wp-content\/uploads\/2020\/11\/CENTRE_VERTICAL_DE_FLORS_EXOTIC_KIM_03-768x768.jpg 768w, https:\/\/fontdeflors.com\/wp-content\/uploads\/2020\/11\/CENTRE_VERTICAL_DE_FLORS_EXOTIC_KIM_03-36x36.jpg 36w, https:\/\/fontdeflors.com\/wp-content\/uploads\/2020\/11\/CENTRE_VERTICAL_DE_FLORS_EXOTIC_KIM_03-180x180.jpg 180w, https:\/\/fontdeflors.com\/wp-content\/uploads\/2020\/11\/CENTRE_VERTICAL_DE_FLORS_EXOTIC_KIM_03-705x705.jpg 705w, https:\/\/fontdeflors.com\/wp-content\/uploads\/2020\/11\/CENTRE_VERTICAL_DE_FLORS_EXOTIC_KIM_03.jpg 1000w\" sizes=\"auto, (max-width: 300px) 100vw, 300px\" \/><\/div><div class='inner_product_header'><div class='avia-arrow'><\/div><div class='inner_product_header_table'><div class='inner_product_header_cell'><h2 class=\"woocommerce-loop-product__title\">Centro vertical ex\u00f3tico de flores &#8211; Kim<\/h2>\n\t<span class=\"price\"><span class=\"woocommerce-Price-amount amount\" aria-hidden=\"true\"><bdi>70,00&nbsp;<span class=\"woocommerce-Price-currencySymbol\" translate=\"no\">&euro;<\/span><\/bdi><\/span> <span aria-hidden=\"true\">-<\/span> <span class=\"woocommerce-Price-amount amount\" aria-hidden=\"true\"><bdi>85,00&nbsp;<span class=\"woocommerce-Price-currencySymbol\" translate=\"no\">&euro;<\/span><\/bdi><\/span><span class=\"screen-reader-text\">Rango de precios: desde 70,00&nbsp;&euro; hasta 85,00&nbsp;&euro;<\/span><\/span>\n<\/div><\/div><\/div><\/a><div class='avia_cart_buttons single_button'><a href=\"https:\/\/fontdeflors.com\/es\/botiga\/cajas-con-flores\/centro-vertical-exotico-de-flores-kim\/\" aria-describedby=\"woocommerce_loop_add_to_cart_link_describedby_1187\" data-quantity=\"1\" class=\"button product_type_variable add_to_cart_button\" data-product_id=\"1187\" data-product_sku=\"\" aria-label=\"Elige las opciones para &ldquo;Centro vertical ex\u00f3tico de flores - Kim&rdquo;\" rel=\"nofollow\"><span class=\"avia-svg-icon avia-font-svg_entypo-fontello\" data-av_svg_icon='basket' data-av_iconset='svg_entypo-fontello'><svg version=\"1.1\" xmlns=\"http:\/\/www.w3.org\/2000\/svg\" width=\"29\" height=\"32\" viewBox=\"0 0 29 32\" preserveAspectRatio=\"xMidYMid meet\" aria-labelledby='av-svg-title-1' aria-describedby='av-svg-desc-1' role=\"graphics-symbol\" aria-hidden=\"true\">\n<title id='av-svg-title-1'>Add to cart<\/title>\n<desc id='av-svg-desc-1'>Add to cart<\/desc>\n<path d=\"M4.8 27.2q0-1.28 0.96-2.24t2.24-0.96q1.344 0 2.272 0.96t0.928 2.24q0 1.344-0.928 2.272t-2.272 0.928q-1.28 0-2.24-0.928t-0.96-2.272zM20.8 27.2q0-1.28 0.96-2.24t2.24-0.96q1.344 0 2.272 0.96t0.928 2.24q0 1.344-0.928 2.272t-2.272 0.928q-1.28 0-2.24-0.928t-0.96-2.272zM10.496 19.648q-1.152 0.32-1.088 0.736t1.408 0.416h17.984v2.432q0 0.64-0.64 0.64h-20.928q-0.64 0-0.64-0.64v-2.432l-0.32-1.472-3.136-14.528h-3.136v-2.56q0-0.64 0.64-0.64h4.992q0.64 0 0.64 0.64v2.752h22.528v8.768q0 0.704-0.576 0.832z\"><\/path>\n<\/svg><\/span>  Seleccionar opciones<\/a>\t<span id=\"woocommerce_loop_add_to_cart_link_describedby_1187\" class=\"screen-reader-text\">\n\t\tEste producto tiene m\u00faltiples variantes. Las opciones se pueden elegir en la p\u00e1gina de producto\t<\/span>\n<\/div><\/div><\/li>\n\n\t\t\t\n\t\t\t\t\t<li class=\"product type-product post-1150 status-publish instock product_cat-cajas-con-flores has-post-thumbnail taxable shipping-taxable purchasable product-type-variable\">\n\t<div class='inner_product main_color wrapped_style noLightbox  av-product-class-'><a href=\"https:\/\/fontdeflors.com\/es\/botiga\/cajas-con-flores\/bombonera-negra-de-flores-blancas-elna\/\" class=\"woocommerce-LoopProduct-link woocommerce-loop-product__link\"><div class=\"thumbnail_container\"><img loading=\"lazy\" decoding=\"async\" width=\"300\" height=\"300\" src=\"https:\/\/fontdeflors.com\/wp-content\/uploads\/2020\/11\/BOMBONERA_NEGRA_DE_FLORS_BLANQUES_ELNA_03-300x300.jpg\" class=\"attachment-shop_catalog avia-product-hover\" alt=\"BOMBONERA NEGRA DE FLORES BLANCAS - ELNA\" srcset=\"https:\/\/fontdeflors.com\/wp-content\/uploads\/2020\/11\/BOMBONERA_NEGRA_DE_FLORS_BLANQUES_ELNA_03-300x300.jpg 300w, https:\/\/fontdeflors.com\/wp-content\/uploads\/2020\/11\/BOMBONERA_NEGRA_DE_FLORS_BLANQUES_ELNA_03-100x100.jpg 100w, https:\/\/fontdeflors.com\/wp-content\/uploads\/2020\/11\/BOMBONERA_NEGRA_DE_FLORS_BLANQUES_ELNA_03-650x650.jpg 650w, https:\/\/fontdeflors.com\/wp-content\/uploads\/2020\/11\/BOMBONERA_NEGRA_DE_FLORS_BLANQUES_ELNA_03-80x80.jpg 80w, https:\/\/fontdeflors.com\/wp-content\/uploads\/2020\/11\/BOMBONERA_NEGRA_DE_FLORS_BLANQUES_ELNA_03-768x768.jpg 768w, https:\/\/fontdeflors.com\/wp-content\/uploads\/2020\/11\/BOMBONERA_NEGRA_DE_FLORS_BLANQUES_ELNA_03-36x36.jpg 36w, https:\/\/fontdeflors.com\/wp-content\/uploads\/2020\/11\/BOMBONERA_NEGRA_DE_FLORS_BLANQUES_ELNA_03-180x180.jpg 180w, https:\/\/fontdeflors.com\/wp-content\/uploads\/2020\/11\/BOMBONERA_NEGRA_DE_FLORS_BLANQUES_ELNA_03-705x705.jpg 705w, https:\/\/fontdeflors.com\/wp-content\/uploads\/2020\/11\/BOMBONERA_NEGRA_DE_FLORS_BLANQUES_ELNA_03.jpg 1000w\" sizes=\"auto, (max-width: 300px) 100vw, 300px\" \/><img decoding=\"async\" loading=\"lazy\" width=\"300\" height=\"300\" src=\"https:\/\/fontdeflors.com\/wp-content\/uploads\/2020\/11\/BOMBONERA_NEGRA_DE_FLORS_BLANQUES_ELNA_01-300x300.jpg\" class=\"wp-image-258 avia-img-lazy-loading-258 attachment-shop_catalog size-shop_catalog wp-post-image\" alt=\"BOMBONERA NEGRA DE FLORES BLANCAS - ELNA\" srcset=\"https:\/\/fontdeflors.com\/wp-content\/uploads\/2020\/11\/BOMBONERA_NEGRA_DE_FLORS_BLANQUES_ELNA_01-300x300.jpg 300w, https:\/\/fontdeflors.com\/wp-content\/uploads\/2020\/11\/BOMBONERA_NEGRA_DE_FLORS_BLANQUES_ELNA_01-100x100.jpg 100w, https:\/\/fontdeflors.com\/wp-content\/uploads\/2020\/11\/BOMBONERA_NEGRA_DE_FLORS_BLANQUES_ELNA_01-650x650.jpg 650w, https:\/\/fontdeflors.com\/wp-content\/uploads\/2020\/11\/BOMBONERA_NEGRA_DE_FLORS_BLANQUES_ELNA_01-80x80.jpg 80w, https:\/\/fontdeflors.com\/wp-content\/uploads\/2020\/11\/BOMBONERA_NEGRA_DE_FLORS_BLANQUES_ELNA_01-768x768.jpg 768w, https:\/\/fontdeflors.com\/wp-content\/uploads\/2020\/11\/BOMBONERA_NEGRA_DE_FLORS_BLANQUES_ELNA_01-36x36.jpg 36w, https:\/\/fontdeflors.com\/wp-content\/uploads\/2020\/11\/BOMBONERA_NEGRA_DE_FLORS_BLANQUES_ELNA_01-180x180.jpg 180w, https:\/\/fontdeflors.com\/wp-content\/uploads\/2020\/11\/BOMBONERA_NEGRA_DE_FLORS_BLANQUES_ELNA_01-705x705.jpg 705w, https:\/\/fontdeflors.com\/wp-content\/uploads\/2020\/11\/BOMBONERA_NEGRA_DE_FLORS_BLANQUES_ELNA_01.jpg 1000w\" sizes=\"auto, (max-width: 300px) 100vw, 300px\" \/><\/div><div class='inner_product_header'><div class='avia-arrow'><\/div><div class='inner_product_header_table'><div class='inner_product_header_cell'><h2 class=\"woocommerce-loop-product__title\">Bombonera negra de flores blancas &#8211; Elna<\/h2>\n\t<span class=\"price\"><span class=\"woocommerce-Price-amount amount\" aria-hidden=\"true\"><bdi>60,00&nbsp;<span class=\"woocommerce-Price-currencySymbol\" translate=\"no\">&euro;<\/span><\/bdi><\/span> <span aria-hidden=\"true\">-<\/span> <span class=\"woocommerce-Price-amount amount\" aria-hidden=\"true\"><bdi>90,00&nbsp;<span class=\"woocommerce-Price-currencySymbol\" translate=\"no\">&euro;<\/span><\/bdi><\/span><span class=\"screen-reader-text\">Rango de precios: desde 60,00&nbsp;&euro; hasta 90,00&nbsp;&euro;<\/span><\/span>\n<\/div><\/div><\/div><\/a><div class='avia_cart_buttons single_button'><a href=\"https:\/\/fontdeflors.com\/es\/botiga\/cajas-con-flores\/bombonera-negra-de-flores-blancas-elna\/\" aria-describedby=\"woocommerce_loop_add_to_cart_link_describedby_1150\" data-quantity=\"1\" class=\"button product_type_variable add_to_cart_button\" data-product_id=\"1150\" data-product_sku=\"\" aria-label=\"Elige las opciones para &ldquo;Bombonera negra de flores blancas - Elna&rdquo;\" rel=\"nofollow\"><span class=\"avia-svg-icon avia-font-svg_entypo-fontello\" data-av_svg_icon='basket' data-av_iconset='svg_entypo-fontello'><svg version=\"1.1\" xmlns=\"http:\/\/www.w3.org\/2000\/svg\" width=\"29\" height=\"32\" viewBox=\"0 0 29 32\" preserveAspectRatio=\"xMidYMid meet\" aria-labelledby='av-svg-title-2' aria-describedby='av-svg-desc-2' role=\"graphics-symbol\" aria-hidden=\"true\">\n<title id='av-svg-title-2'>Add to cart<\/title>\n<desc id='av-svg-desc-2'>Add to cart<\/desc>\n<path d=\"M4.8 27.2q0-1.28 0.96-2.24t2.24-0.96q1.344 0 2.272 0.96t0.928 2.24q0 1.344-0.928 2.272t-2.272 0.928q-1.28 0-2.24-0.928t-0.96-2.272zM20.8 27.2q0-1.28 0.96-2.24t2.24-0.96q1.344 0 2.272 0.96t0.928 2.24q0 1.344-0.928 2.272t-2.272 0.928q-1.28 0-2.24-0.928t-0.96-2.272zM10.496 19.648q-1.152 0.32-1.088 0.736t1.408 0.416h17.984v2.432q0 0.64-0.64 0.64h-20.928q-0.64 0-0.64-0.64v-2.432l-0.32-1.472-3.136-14.528h-3.136v-2.56q0-0.64 0.64-0.64h4.992q0.64 0 0.64 0.64v2.752h22.528v8.768q0 0.704-0.576 0.832z\"><\/path>\n<\/svg><\/span>  Seleccionar opciones<\/a>\t<span id=\"woocommerce_loop_add_to_cart_link_describedby_1150\" class=\"screen-reader-text\">\n\t\tEste producto tiene m\u00faltiples variantes. Las opciones se pueden elegir en la p\u00e1gina de producto\t<\/span>\n<\/div><\/div><\/li>\n\n\t\t\t\n\t\t\t\t\t<li class=\"product type-product post-1182 status-publish instock product_cat-cajas-con-flores has-post-thumbnail taxable shipping-taxable purchasable product-type-variable\">\n\t<div class='inner_product main_color wrapped_style noLightbox  av-product-class-'><a href=\"https:\/\/fontdeflors.com\/es\/botiga\/cajas-con-flores\/centro-de-flores-amarillas-con-caja-marie\/\" class=\"woocommerce-LoopProduct-link woocommerce-loop-product__link\"><div class=\"thumbnail_container\"><img loading=\"lazy\" decoding=\"async\" width=\"300\" height=\"300\" src=\"https:\/\/fontdeflors.com\/wp-content\/uploads\/2020\/11\/CENTRE_DE_FLORS_TARONGES_AMB_CAIXA_MARIE_04-300x300.jpg\" class=\"attachment-shop_catalog avia-product-hover\" alt=\"CENTRO DE FLORES NARANJAS CON CAJA - MARIE\" srcset=\"https:\/\/fontdeflors.com\/wp-content\/uploads\/2020\/11\/CENTRE_DE_FLORS_TARONGES_AMB_CAIXA_MARIE_04-300x300.jpg 300w, https:\/\/fontdeflors.com\/wp-content\/uploads\/2020\/11\/CENTRE_DE_FLORS_TARONGES_AMB_CAIXA_MARIE_04-100x100.jpg 100w, https:\/\/fontdeflors.com\/wp-content\/uploads\/2020\/11\/CENTRE_DE_FLORS_TARONGES_AMB_CAIXA_MARIE_04-650x650.jpg 650w, https:\/\/fontdeflors.com\/wp-content\/uploads\/2020\/11\/CENTRE_DE_FLORS_TARONGES_AMB_CAIXA_MARIE_04-80x80.jpg 80w, https:\/\/fontdeflors.com\/wp-content\/uploads\/2020\/11\/CENTRE_DE_FLORS_TARONGES_AMB_CAIXA_MARIE_04-768x768.jpg 768w, https:\/\/fontdeflors.com\/wp-content\/uploads\/2020\/11\/CENTRE_DE_FLORS_TARONGES_AMB_CAIXA_MARIE_04-36x36.jpg 36w, https:\/\/fontdeflors.com\/wp-content\/uploads\/2020\/11\/CENTRE_DE_FLORS_TARONGES_AMB_CAIXA_MARIE_04-180x180.jpg 180w, https:\/\/fontdeflors.com\/wp-content\/uploads\/2020\/11\/CENTRE_DE_FLORS_TARONGES_AMB_CAIXA_MARIE_04-705x705.jpg 705w, https:\/\/fontdeflors.com\/wp-content\/uploads\/2020\/11\/CENTRE_DE_FLORS_TARONGES_AMB_CAIXA_MARIE_04.jpg 1000w\" sizes=\"auto, (max-width: 300px) 100vw, 300px\" \/><img decoding=\"async\" loading=\"lazy\" width=\"300\" height=\"300\" src=\"https:\/\/fontdeflors.com\/wp-content\/uploads\/2020\/11\/CENTRE_DE_FLORS_TARONGES_AMB_CAIXA_MARIE_02-300x300.jpg\" class=\"wp-image-330 avia-img-lazy-loading-330 attachment-shop_catalog size-shop_catalog wp-post-image\" alt=\"CENTRO DE FLORES NARANJAS CON CAJA - MARIE\" srcset=\"https:\/\/fontdeflors.com\/wp-content\/uploads\/2020\/11\/CENTRE_DE_FLORS_TARONGES_AMB_CAIXA_MARIE_02-300x300.jpg 300w, https:\/\/fontdeflors.com\/wp-content\/uploads\/2020\/11\/CENTRE_DE_FLORS_TARONGES_AMB_CAIXA_MARIE_02-100x100.jpg 100w, https:\/\/fontdeflors.com\/wp-content\/uploads\/2020\/11\/CENTRE_DE_FLORS_TARONGES_AMB_CAIXA_MARIE_02-650x650.jpg 650w, https:\/\/fontdeflors.com\/wp-content\/uploads\/2020\/11\/CENTRE_DE_FLORS_TARONGES_AMB_CAIXA_MARIE_02-80x80.jpg 80w, https:\/\/fontdeflors.com\/wp-content\/uploads\/2020\/11\/CENTRE_DE_FLORS_TARONGES_AMB_CAIXA_MARIE_02-768x768.jpg 768w, https:\/\/fontdeflors.com\/wp-content\/uploads\/2020\/11\/CENTRE_DE_FLORS_TARONGES_AMB_CAIXA_MARIE_02-36x36.jpg 36w, https:\/\/fontdeflors.com\/wp-content\/uploads\/2020\/11\/CENTRE_DE_FLORS_TARONGES_AMB_CAIXA_MARIE_02-180x180.jpg 180w, https:\/\/fontdeflors.com\/wp-content\/uploads\/2020\/11\/CENTRE_DE_FLORS_TARONGES_AMB_CAIXA_MARIE_02-705x705.jpg 705w, https:\/\/fontdeflors.com\/wp-content\/uploads\/2020\/11\/CENTRE_DE_FLORS_TARONGES_AMB_CAIXA_MARIE_02.jpg 1000w\" sizes=\"auto, (max-width: 300px) 100vw, 300px\" \/><\/div><div class='inner_product_header'><div class='avia-arrow'><\/div><div class='inner_product_header_table'><div class='inner_product_header_cell'><h2 class=\"woocommerce-loop-product__title\">Centro de flores amarillas con caja &#8211; Marie<\/h2>\n\t<span class=\"price\"><span class=\"woocommerce-Price-amount amount\" aria-hidden=\"true\"><bdi>30,00&nbsp;<span class=\"woocommerce-Price-currencySymbol\" translate=\"no\">&euro;<\/span><\/bdi><\/span> <span aria-hidden=\"true\">-<\/span> <span class=\"woocommerce-Price-amount amount\" aria-hidden=\"true\"><bdi>65,00&nbsp;<span class=\"woocommerce-Price-currencySymbol\" translate=\"no\">&euro;<\/span><\/bdi><\/span><span class=\"screen-reader-text\">Rango de precios: desde 30,00&nbsp;&euro; hasta 65,00&nbsp;&euro;<\/span><\/span>\n<\/div><\/div><\/div><\/a><div class='avia_cart_buttons single_button'><a href=\"https:\/\/fontdeflors.com\/es\/botiga\/cajas-con-flores\/centro-de-flores-amarillas-con-caja-marie\/\" aria-describedby=\"woocommerce_loop_add_to_cart_link_describedby_1182\" data-quantity=\"1\" class=\"button product_type_variable add_to_cart_button\" data-product_id=\"1182\" data-product_sku=\"\" aria-label=\"Elige las opciones para &ldquo;Centro de flores amarillas con caja - Marie&rdquo;\" rel=\"nofollow\"><span class=\"avia-svg-icon avia-font-svg_entypo-fontello\" data-av_svg_icon='basket' data-av_iconset='svg_entypo-fontello'><svg version=\"1.1\" xmlns=\"http:\/\/www.w3.org\/2000\/svg\" width=\"29\" height=\"32\" viewBox=\"0 0 29 32\" preserveAspectRatio=\"xMidYMid meet\" aria-labelledby='av-svg-title-3' aria-describedby='av-svg-desc-3' role=\"graphics-symbol\" aria-hidden=\"true\">\n<title id='av-svg-title-3'>Add to cart<\/title>\n<desc id='av-svg-desc-3'>Add to cart<\/desc>\n<path d=\"M4.8 27.2q0-1.28 0.96-2.24t2.24-0.96q1.344 0 2.272 0.96t0.928 2.24q0 1.344-0.928 2.272t-2.272 0.928q-1.28 0-2.24-0.928t-0.96-2.272zM20.8 27.2q0-1.28 0.96-2.24t2.24-0.96q1.344 0 2.272 0.96t0.928 2.24q0 1.344-0.928 2.272t-2.272 0.928q-1.28 0-2.24-0.928t-0.96-2.272zM10.496 19.648q-1.152 0.32-1.088 0.736t1.408 0.416h17.984v2.432q0 0.64-0.64 0.64h-20.928q-0.64 0-0.64-0.64v-2.432l-0.32-1.472-3.136-14.528h-3.136v-2.56q0-0.64 0.64-0.64h4.992q0.64 0 0.64 0.64v2.752h22.528v8.768q0 0.704-0.576 0.832z\"><\/path>\n<\/svg><\/span>  Seleccionar opciones<\/a>\t<span id=\"woocommerce_loop_add_to_cart_link_describedby_1182\" class=\"screen-reader-text\">\n\t\tEste producto tiene m\u00faltiples variantes. Las opciones se pueden elegir en la p\u00e1gina de producto\t<\/span>\n<\/div><\/div><\/li>\n\n\t\t\t\n\t\t\t\t\t<li class=\"product type-product post-1167 status-publish last instock product_cat-cajas-con-flores has-post-thumbnail taxable shipping-taxable purchasable product-type-variable\">\n\t<div class='inner_product main_color wrapped_style noLightbox  av-product-class-'><a href=\"https:\/\/fontdeflors.com\/es\/botiga\/cajas-con-flores\/centre-de-flors-vermelles-amb-caixa-greta\/\" class=\"woocommerce-LoopProduct-link woocommerce-loop-product__link\"><div class=\"thumbnail_container\"><img loading=\"lazy\" decoding=\"async\" width=\"300\" height=\"300\" src=\"https:\/\/fontdeflors.com\/wp-content\/uploads\/2020\/11\/CENTRE_DE_FLORS_VERMELLES_AMB_CAIXA_GRETA_04-300x300.jpg\" class=\"attachment-shop_catalog avia-product-hover\" alt=\"CENTRO DE FLORES ROJAS CON CAJA - GRETA\" srcset=\"https:\/\/fontdeflors.com\/wp-content\/uploads\/2020\/11\/CENTRE_DE_FLORS_VERMELLES_AMB_CAIXA_GRETA_04-300x300.jpg 300w, https:\/\/fontdeflors.com\/wp-content\/uploads\/2020\/11\/CENTRE_DE_FLORS_VERMELLES_AMB_CAIXA_GRETA_04-100x100.jpg 100w, https:\/\/fontdeflors.com\/wp-content\/uploads\/2020\/11\/CENTRE_DE_FLORS_VERMELLES_AMB_CAIXA_GRETA_04-650x650.jpg 650w, https:\/\/fontdeflors.com\/wp-content\/uploads\/2020\/11\/CENTRE_DE_FLORS_VERMELLES_AMB_CAIXA_GRETA_04-80x80.jpg 80w, https:\/\/fontdeflors.com\/wp-content\/uploads\/2020\/11\/CENTRE_DE_FLORS_VERMELLES_AMB_CAIXA_GRETA_04-768x768.jpg 768w, https:\/\/fontdeflors.com\/wp-content\/uploads\/2020\/11\/CENTRE_DE_FLORS_VERMELLES_AMB_CAIXA_GRETA_04-36x36.jpg 36w, https:\/\/fontdeflors.com\/wp-content\/uploads\/2020\/11\/CENTRE_DE_FLORS_VERMELLES_AMB_CAIXA_GRETA_04-180x180.jpg 180w, https:\/\/fontdeflors.com\/wp-content\/uploads\/2020\/11\/CENTRE_DE_FLORS_VERMELLES_AMB_CAIXA_GRETA_04-705x705.jpg 705w, https:\/\/fontdeflors.com\/wp-content\/uploads\/2020\/11\/CENTRE_DE_FLORS_VERMELLES_AMB_CAIXA_GRETA_04.jpg 1000w\" sizes=\"auto, (max-width: 300px) 100vw, 300px\" \/><img decoding=\"async\" loading=\"lazy\" width=\"300\" height=\"300\" src=\"https:\/\/fontdeflors.com\/wp-content\/uploads\/2020\/11\/CENTRE_DE_FLORS_VERMELLES_AMB_CAIXA_GRETA_02-300x300.jpg\" class=\"wp-image-294 avia-img-lazy-loading-294 attachment-shop_catalog size-shop_catalog wp-post-image\" alt=\"CENTRO DE FLORES ROJAS CON CAJA - GRETA\" srcset=\"https:\/\/fontdeflors.com\/wp-content\/uploads\/2020\/11\/CENTRE_DE_FLORS_VERMELLES_AMB_CAIXA_GRETA_02-300x300.jpg 300w, https:\/\/fontdeflors.com\/wp-content\/uploads\/2020\/11\/CENTRE_DE_FLORS_VERMELLES_AMB_CAIXA_GRETA_02-100x100.jpg 100w, https:\/\/fontdeflors.com\/wp-content\/uploads\/2020\/11\/CENTRE_DE_FLORS_VERMELLES_AMB_CAIXA_GRETA_02-650x650.jpg 650w, https:\/\/fontdeflors.com\/wp-content\/uploads\/2020\/11\/CENTRE_DE_FLORS_VERMELLES_AMB_CAIXA_GRETA_02-80x80.jpg 80w, https:\/\/fontdeflors.com\/wp-content\/uploads\/2020\/11\/CENTRE_DE_FLORS_VERMELLES_AMB_CAIXA_GRETA_02-768x768.jpg 768w, https:\/\/fontdeflors.com\/wp-content\/uploads\/2020\/11\/CENTRE_DE_FLORS_VERMELLES_AMB_CAIXA_GRETA_02-36x36.jpg 36w, https:\/\/fontdeflors.com\/wp-content\/uploads\/2020\/11\/CENTRE_DE_FLORS_VERMELLES_AMB_CAIXA_GRETA_02-180x180.jpg 180w, https:\/\/fontdeflors.com\/wp-content\/uploads\/2020\/11\/CENTRE_DE_FLORS_VERMELLES_AMB_CAIXA_GRETA_02-705x705.jpg 705w, https:\/\/fontdeflors.com\/wp-content\/uploads\/2020\/11\/CENTRE_DE_FLORS_VERMELLES_AMB_CAIXA_GRETA_02.jpg 1000w\" sizes=\"auto, (max-width: 300px) 100vw, 300px\" \/><\/div><div class='inner_product_header'><div class='avia-arrow'><\/div><div class='inner_product_header_table'><div class='inner_product_header_cell'><h2 class=\"woocommerce-loop-product__title\">Centre de flors vermelles amb caixa &#8211; Greta<\/h2>\n\t<span class=\"price\"><span class=\"woocommerce-Price-amount amount\" aria-hidden=\"true\"><bdi>45,00&nbsp;<span class=\"woocommerce-Price-currencySymbol\" translate=\"no\">&euro;<\/span><\/bdi><\/span> <span aria-hidden=\"true\">-<\/span> <span class=\"woocommerce-Price-amount amount\" aria-hidden=\"true\"><bdi>85,00&nbsp;<span class=\"woocommerce-Price-currencySymbol\" translate=\"no\">&euro;<\/span><\/bdi><\/span><span class=\"screen-reader-text\">Rango de precios: desde 45,00&nbsp;&euro; hasta 85,00&nbsp;&euro;<\/span><\/span>\n<\/div><\/div><\/div><\/a><div class='avia_cart_buttons single_button'><a href=\"https:\/\/fontdeflors.com\/es\/botiga\/cajas-con-flores\/centre-de-flors-vermelles-amb-caixa-greta\/\" aria-describedby=\"woocommerce_loop_add_to_cart_link_describedby_1167\" data-quantity=\"1\" class=\"button product_type_variable add_to_cart_button\" data-product_id=\"1167\" data-product_sku=\"\" aria-label=\"Elige las opciones para &ldquo;Centre de flors vermelles amb caixa - Greta&rdquo;\" rel=\"nofollow\"><span class=\"avia-svg-icon avia-font-svg_entypo-fontello\" data-av_svg_icon='basket' data-av_iconset='svg_entypo-fontello'><svg version=\"1.1\" xmlns=\"http:\/\/www.w3.org\/2000\/svg\" width=\"29\" height=\"32\" viewBox=\"0 0 29 32\" preserveAspectRatio=\"xMidYMid meet\" aria-labelledby='av-svg-title-4' aria-describedby='av-svg-desc-4' role=\"graphics-symbol\" aria-hidden=\"true\">\n<title id='av-svg-title-4'>Add to cart<\/title>\n<desc id='av-svg-desc-4'>Add to cart<\/desc>\n<path d=\"M4.8 27.2q0-1.28 0.96-2.24t2.24-0.96q1.344 0 2.272 0.96t0.928 2.24q0 1.344-0.928 2.272t-2.272 0.928q-1.28 0-2.24-0.928t-0.96-2.272zM20.8 27.2q0-1.28 0.96-2.24t2.24-0.96q1.344 0 2.272 0.96t0.928 2.24q0 1.344-0.928 2.272t-2.272 0.928q-1.28 0-2.24-0.928t-0.96-2.272zM10.496 19.648q-1.152 0.32-1.088 0.736t1.408 0.416h17.984v2.432q0 0.64-0.64 0.64h-20.928q-0.64 0-0.64-0.64v-2.432l-0.32-1.472-3.136-14.528h-3.136v-2.56q0-0.64 0.64-0.64h4.992q0.64 0 0.64 0.64v2.752h22.528v8.768q0 0.704-0.576 0.832z\"><\/path>\n<\/svg><\/span>  Seleccionar opciones<\/a>\t<span id=\"woocommerce_loop_add_to_cart_link_describedby_1167\" class=\"screen-reader-text\">\n\t\tEste producto tiene m\u00faltiples variantes. Las opciones se pueden elegir en la p\u00e1gina de producto\t<\/span>\n<\/div><\/div><\/li>\n\n\t\t\t\n\t\t<\/ul>\n\n\t<\/section>\n\t<\/div><\/div><\/p><\/div><\/p>\n\n<style type=\"text\/css\" data-created_by=\"avia_inline_auto\" id=\"style-css-av-3xbsvn-90bdc80d4dc28e5c2ca8a8008b2357c7\">\n.flex_column.av-3xbsvn-90bdc80d4dc28e5c2ca8a8008b2357c7{\nborder-radius:0px 0px 0px 0px;\npadding:0px 0px 0px 0px;\n}\n<\/style>\n<div  class='flex_column av-3xbsvn-90bdc80d4dc28e5c2ca8a8008b2357c7 av_one_full first flex_column_div av-zero-column-padding  '     ><p>\n<style type=\"text\/css\" data-created_by=\"avia_inline_auto\" id=\"style-css-av-kcmi9o8y-1-6402e1bd88d50ba2e820421c6d436dd9\">\n#top .hr.av-kcmi9o8y-1-6402e1bd88d50ba2e820421c6d436dd9{\nmargin-top:5px;\nmargin-bottom:10px;\n}\n.hr.av-kcmi9o8y-1-6402e1bd88d50ba2e820421c6d436dd9 .hr-inner{\nwidth:50px;\n}\n<\/style>\n<div  class='hr av-kcmi9o8y-1-6402e1bd88d50ba2e820421c6d436dd9 hr-custom hr-center hr-icon-no'><span class='hr-inner inner-border-av-border-none'><span class=\"hr-inner-style\"><\/span><\/span><\/div><br \/>\n<div class='av-woo-product-review av-2ff7oy-0c384bedfbf5c7e1ea185bf39d24465d'><\/div><\/p><\/div>\n","protected":false},"excerpt":{"rendered":"","protected":false},"featured_media":369,"comment_status":"open","ping_status":"closed","template":"","meta":[],"product_brand":[],"product_cat":[31,32],"product_tag":[],"class_list":["post-2786","product","type-product","status-publish","has-post-thumbnail","product_cat-cajas-con-flores","product_cat-rosas","first","instock","taxable","shipping-taxable","purchasable","product-type-variable"],"yoast_head":"<!-- This site is optimized with the Yoast SEO plugin v28.1 - https:\/\/yoast.com\/product\/yoast-seo-wordpress\/ -->\n<title>Centro de 3 rosas rojas - Simone | Florister\u00eda - Font de Flors<\/title>\n<meta name=\"description\" content=\"El centro de 3 rosas &quot;Simone&quot; es un regalo de los que no se olvidan. El centro va montado en una bombonera de roja de calidad.\" \/>\n<meta name=\"robots\" content=\"index, follow, max-snippet:-1, max-image-preview:large, max-video-preview:-1\" \/>\n<link rel=\"canonical\" href=\"https:\/\/fontdeflors.com\/es\/botiga\/cajas-con-flores\/centro-de-3-rosas-rojas-simone\/\" \/>\n<meta property=\"og:locale\" content=\"es_ES\" \/>\n<meta property=\"og:type\" content=\"article\" \/>\n<meta property=\"og:title\" content=\"Centro de 3 rosas rojas - Simone | Florister\u00eda - Font de Flors\" \/>\n<meta property=\"og:description\" content=\"El centro de 3 rosas &quot;Simone&quot; es un regalo de los que no se olvidan. El centro va montado en una bombonera de roja de calidad.\" \/>\n<meta property=\"og:url\" content=\"https:\/\/fontdeflors.com\/es\/botiga\/cajas-con-flores\/centro-de-3-rosas-rojas-simone\/\" \/>\n<meta property=\"og:site_name\" content=\"font de flors\" \/>\n<meta property=\"article:modified_time\" content=\"2026-05-01T22:24:53+00:00\" \/>\n<meta property=\"og:image\" content=\"https:\/\/fontdeflors.com\/wp-content\/uploads\/2020\/11\/CENTRE_DE_3_ROSES_SIMONE_01.jpg\" \/>\n\t<meta property=\"og:image:width\" content=\"1000\" \/>\n\t<meta property=\"og:image:height\" content=\"1000\" \/>\n\t<meta property=\"og:image:type\" content=\"image\/jpeg\" \/>\n<meta name=\"twitter:card\" content=\"summary_large_image\" \/>\n<meta name=\"twitter:label1\" content=\"Tiempo de lectura\" \/>\n\t<meta name=\"twitter:data1\" content=\"5 minutos\" \/>\n<script type=\"application\/ld+json\" class=\"yoast-schema-graph\">{\"@context\":\"https:\\\/\\\/schema.org\",\"@graph\":[{\"@type\":\"WebPage\",\"@id\":\"https:\\\/\\\/fontdeflors.com\\\/es\\\/botiga\\\/cajas-con-flores\\\/centro-de-3-rosas-rojas-simone\\\/\",\"url\":\"https:\\\/\\\/fontdeflors.com\\\/es\\\/botiga\\\/cajas-con-flores\\\/centro-de-3-rosas-rojas-simone\\\/\",\"name\":\"Centro de 3 rosas rojas - Simone | Florister\u00eda - Font de Flors\",\"isPartOf\":{\"@id\":\"https:\\\/\\\/fontdeflors.com\\\/#website\"},\"primaryImageOfPage\":{\"@id\":\"https:\\\/\\\/fontdeflors.com\\\/es\\\/botiga\\\/cajas-con-flores\\\/centro-de-3-rosas-rojas-simone\\\/#primaryimage\"},\"image\":{\"@id\":\"https:\\\/\\\/fontdeflors.com\\\/es\\\/botiga\\\/cajas-con-flores\\\/centro-de-3-rosas-rojas-simone\\\/#primaryimage\"},\"thumbnailUrl\":\"https:\\\/\\\/fontdeflors.com\\\/wp-content\\\/uploads\\\/2020\\\/11\\\/CENTRE_DE_3_ROSES_SIMONE_01.jpg\",\"datePublished\":\"2020-11-18T12:32:35+00:00\",\"dateModified\":\"2026-05-01T22:24:53+00:00\",\"description\":\"El centro de 3 rosas \\\"Simone\\\" es un regalo de los que no se olvidan. El centro va montado en una bombonera de roja de calidad.\",\"breadcrumb\":{\"@id\":\"https:\\\/\\\/fontdeflors.com\\\/es\\\/botiga\\\/cajas-con-flores\\\/centro-de-3-rosas-rojas-simone\\\/#breadcrumb\"},\"inLanguage\":\"es\",\"potentialAction\":[{\"@type\":\"ReadAction\",\"target\":[\"https:\\\/\\\/fontdeflors.com\\\/es\\\/botiga\\\/cajas-con-flores\\\/centro-de-3-rosas-rojas-simone\\\/\"]}]},{\"@type\":\"ImageObject\",\"inLanguage\":\"es\",\"@id\":\"https:\\\/\\\/fontdeflors.com\\\/es\\\/botiga\\\/cajas-con-flores\\\/centro-de-3-rosas-rojas-simone\\\/#primaryimage\",\"url\":\"https:\\\/\\\/fontdeflors.com\\\/wp-content\\\/uploads\\\/2020\\\/11\\\/CENTRE_DE_3_ROSES_SIMONE_01.jpg\",\"contentUrl\":\"https:\\\/\\\/fontdeflors.com\\\/wp-content\\\/uploads\\\/2020\\\/11\\\/CENTRE_DE_3_ROSES_SIMONE_01.jpg\",\"width\":1000,\"height\":1000,\"caption\":\"CENTRO DE TRES ROSAS - SIMONE\"},{\"@type\":\"BreadcrumbList\",\"@id\":\"https:\\\/\\\/fontdeflors.com\\\/es\\\/botiga\\\/cajas-con-flores\\\/centro-de-3-rosas-rojas-simone\\\/#breadcrumb\",\"itemListElement\":[{\"@type\":\"ListItem\",\"position\":1,\"name\":\"Inici\",\"item\":\"https:\\\/\\\/fontdeflors.com\\\/es\\\/floristeria-badalona\\\/\"},{\"@type\":\"ListItem\",\"position\":2,\"name\":\"Tienda\",\"item\":\"https:\\\/\\\/fontdeflors.com\\\/es\\\/tienda\\\/\"},{\"@type\":\"ListItem\",\"position\":3,\"name\":\"Centro de 3 rosas rojas &#8211; Simone\"}]},{\"@type\":\"WebSite\",\"@id\":\"https:\\\/\\\/fontdeflors.com\\\/#website\",\"url\":\"https:\\\/\\\/fontdeflors.com\\\/\",\"name\":\"Floristeria Badalona - Barcelona | Font de Flors\",\"description\":\"flors a domicili i serveis de decoraci\u00f3 amb flors i plantes | badalona - barcelona\",\"publisher\":{\"@id\":\"https:\\\/\\\/fontdeflors.com\\\/#organization\"},\"potentialAction\":[{\"@type\":\"SearchAction\",\"target\":{\"@type\":\"EntryPoint\",\"urlTemplate\":\"https:\\\/\\\/fontdeflors.com\\\/?s={search_term_string}\"},\"query-input\":{\"@type\":\"PropertyValueSpecification\",\"valueRequired\":true,\"valueName\":\"search_term_string\"}}],\"inLanguage\":\"es\"},{\"@type\":\"Organization\",\"@id\":\"https:\\\/\\\/fontdeflors.com\\\/#organization\",\"name\":\"Font de Flors - Floristeria i Jardineria | Badalona (Barcelona)\",\"url\":\"https:\\\/\\\/fontdeflors.com\\\/\",\"logo\":{\"@type\":\"ImageObject\",\"inLanguage\":\"es\",\"@id\":\"https:\\\/\\\/fontdeflors.com\\\/#\\\/schema\\\/logo\\\/image\\\/\",\"url\":\"https:\\\/\\\/fontdeflors.com\\\/wp-content\\\/uploads\\\/2021\\\/01\\\/fontdeflors_floristeria_badalona_barcelona_logo_2.png\",\"contentUrl\":\"https:\\\/\\\/fontdeflors.com\\\/wp-content\\\/uploads\\\/2021\\\/01\\\/fontdeflors_floristeria_badalona_barcelona_logo_2.png\",\"width\":242,\"height\":90,\"caption\":\"Font de Flors - Floristeria i Jardineria | Badalona (Barcelona)\"},\"image\":{\"@id\":\"https:\\\/\\\/fontdeflors.com\\\/#\\\/schema\\\/logo\\\/image\\\/\"},\"sameAs\":[\"https:\\\/\\\/www.instagram.com\\\/fontdeflors\\\/\"]}]}<\/script>\n<!-- \/ Yoast SEO plugin. -->","yoast_head_json":{"title":"Centro de 3 rosas rojas - Simone | Florister\u00eda - Font de Flors","description":"El centro de 3 rosas \"Simone\" es un regalo de los que no se olvidan. El centro va montado en una bombonera de roja de calidad.","robots":{"index":"index","follow":"follow","max-snippet":"max-snippet:-1","max-image-preview":"max-image-preview:large","max-video-preview":"max-video-preview:-1"},"canonical":"https:\/\/fontdeflors.com\/es\/botiga\/cajas-con-flores\/centro-de-3-rosas-rojas-simone\/","og_locale":"es_ES","og_type":"article","og_title":"Centro de 3 rosas rojas - Simone | Florister\u00eda - Font de Flors","og_description":"El centro de 3 rosas \"Simone\" es un regalo de los que no se olvidan. El centro va montado en una bombonera de roja de calidad.","og_url":"https:\/\/fontdeflors.com\/es\/botiga\/cajas-con-flores\/centro-de-3-rosas-rojas-simone\/","og_site_name":"font de flors","article_modified_time":"2026-05-01T22:24:53+00:00","og_image":[{"width":1000,"height":1000,"url":"https:\/\/fontdeflors.com\/wp-content\/uploads\/2020\/11\/CENTRE_DE_3_ROSES_SIMONE_01.jpg","type":"image\/jpeg"}],"twitter_card":"summary_large_image","twitter_misc":{"Tiempo de lectura":"5 minutos"},"schema":{"@context":"https:\/\/schema.org","@graph":[{"@type":"WebPage","@id":"https:\/\/fontdeflors.com\/es\/botiga\/cajas-con-flores\/centro-de-3-rosas-rojas-simone\/","url":"https:\/\/fontdeflors.com\/es\/botiga\/cajas-con-flores\/centro-de-3-rosas-rojas-simone\/","name":"Centro de 3 rosas rojas - Simone | Florister\u00eda - Font de Flors","isPartOf":{"@id":"https:\/\/fontdeflors.com\/#website"},"primaryImageOfPage":{"@id":"https:\/\/fontdeflors.com\/es\/botiga\/cajas-con-flores\/centro-de-3-rosas-rojas-simone\/#primaryimage"},"image":{"@id":"https:\/\/fontdeflors.com\/es\/botiga\/cajas-con-flores\/centro-de-3-rosas-rojas-simone\/#primaryimage"},"thumbnailUrl":"https:\/\/fontdeflors.com\/wp-content\/uploads\/2020\/11\/CENTRE_DE_3_ROSES_SIMONE_01.jpg","datePublished":"2020-11-18T12:32:35+00:00","dateModified":"2026-05-01T22:24:53+00:00","description":"El centro de 3 rosas \"Simone\" es un regalo de los que no se olvidan. El centro va montado en una bombonera de roja de calidad.","breadcrumb":{"@id":"https:\/\/fontdeflors.com\/es\/botiga\/cajas-con-flores\/centro-de-3-rosas-rojas-simone\/#breadcrumb"},"inLanguage":"es","potentialAction":[{"@type":"ReadAction","target":["https:\/\/fontdeflors.com\/es\/botiga\/cajas-con-flores\/centro-de-3-rosas-rojas-simone\/"]}]},{"@type":"ImageObject","inLanguage":"es","@id":"https:\/\/fontdeflors.com\/es\/botiga\/cajas-con-flores\/centro-de-3-rosas-rojas-simone\/#primaryimage","url":"https:\/\/fontdeflors.com\/wp-content\/uploads\/2020\/11\/CENTRE_DE_3_ROSES_SIMONE_01.jpg","contentUrl":"https:\/\/fontdeflors.com\/wp-content\/uploads\/2020\/11\/CENTRE_DE_3_ROSES_SIMONE_01.jpg","width":1000,"height":1000,"caption":"CENTRO DE TRES ROSAS - SIMONE"},{"@type":"BreadcrumbList","@id":"https:\/\/fontdeflors.com\/es\/botiga\/cajas-con-flores\/centro-de-3-rosas-rojas-simone\/#breadcrumb","itemListElement":[{"@type":"ListItem","position":1,"name":"Inici","item":"https:\/\/fontdeflors.com\/es\/floristeria-badalona\/"},{"@type":"ListItem","position":2,"name":"Tienda","item":"https:\/\/fontdeflors.com\/es\/tienda\/"},{"@type":"ListItem","position":3,"name":"Centro de 3 rosas rojas &#8211; Simone"}]},{"@type":"WebSite","@id":"https:\/\/fontdeflors.com\/#website","url":"https:\/\/fontdeflors.com\/","name":"Floristeria Badalona - Barcelona | Font de Flors","description":"flors a domicili i serveis de decoraci\u00f3 amb flors i plantes | badalona - barcelona","publisher":{"@id":"https:\/\/fontdeflors.com\/#organization"},"potentialAction":[{"@type":"SearchAction","target":{"@type":"EntryPoint","urlTemplate":"https:\/\/fontdeflors.com\/?s={search_term_string}"},"query-input":{"@type":"PropertyValueSpecification","valueRequired":true,"valueName":"search_term_string"}}],"inLanguage":"es"},{"@type":"Organization","@id":"https:\/\/fontdeflors.com\/#organization","name":"Font de Flors - Floristeria i Jardineria | Badalona (Barcelona)","url":"https:\/\/fontdeflors.com\/","logo":{"@type":"ImageObject","inLanguage":"es","@id":"https:\/\/fontdeflors.com\/#\/schema\/logo\/image\/","url":"https:\/\/fontdeflors.com\/wp-content\/uploads\/2021\/01\/fontdeflors_floristeria_badalona_barcelona_logo_2.png","contentUrl":"https:\/\/fontdeflors.com\/wp-content\/uploads\/2021\/01\/fontdeflors_floristeria_badalona_barcelona_logo_2.png","width":242,"height":90,"caption":"Font de Flors - Floristeria i Jardineria | Badalona (Barcelona)"},"image":{"@id":"https:\/\/fontdeflors.com\/#\/schema\/logo\/image\/"},"sameAs":["https:\/\/www.instagram.com\/fontdeflors\/"]}]}},"_links":{"self":[{"href":"https:\/\/fontdeflors.com\/es\/wp-json\/wp\/v2\/product\/2786","targetHints":{"allow":["GET"]}}],"collection":[{"href":"https:\/\/fontdeflors.com\/es\/wp-json\/wp\/v2\/product"}],"about":[{"href":"https:\/\/fontdeflors.com\/es\/wp-json\/wp\/v2\/types\/product"}],"replies":[{"embeddable":true,"href":"https:\/\/fontdeflors.com\/es\/wp-json\/wp\/v2\/comments?post=2786"}],"wp:featuredmedia":[{"embeddable":true,"href":"https:\/\/fontdeflors.com\/es\/wp-json\/wp\/v2\/media\/369"}],"wp:attachment":[{"href":"https:\/\/fontdeflors.com\/es\/wp-json\/wp\/v2\/media?parent=2786"}],"wp:term":[{"taxonomy":"product_brand","embeddable":true,"href":"https:\/\/fontdeflors.com\/es\/wp-json\/wp\/v2\/product_brand?post=2786"},{"taxonomy":"product_cat","embeddable":true,"href":"https:\/\/fontdeflors.com\/es\/wp-json\/wp\/v2\/product_cat?post=2786"},{"taxonomy":"product_tag","embeddable":true,"href":"https:\/\/fontdeflors.com\/es\/wp-json\/wp\/v2\/product_tag?post=2786"}],"curies":[{"name":"wp","href":"https:\/\/api.w.org\/{rel}","templated":true}]}}