{"id":2123,"date":"2021-02-01T11:57:07","date_gmt":"2021-02-01T11:57:07","guid":{"rendered":"https:\/\/fontdeflors.com\/?post_type=product&#038;p=2123"},"modified":"2026-05-01T22:54:03","modified_gmt":"2026-05-01T22:54:03","slug":"caja-de-rosas-y-bombones-amy","status":"publish","type":"product","link":"https:\/\/fontdeflors.com\/es\/botiga\/destacados\/caja-de-rosas-y-bombones-amy\/","title":{"rendered":"Caja de rosas y bombones &#8211; Amy"},"content":{"rendered":"\n<style type=\"text\/css\" data-created_by=\"avia_inline_auto\" id=\"style-css-av-7n7z43-6ea504f68da097651aad0b79185dbcf7\">\n.flex_column.av-7n7z43-6ea504f68da097651aad0b79185dbcf7{\nborder-radius:0px 0px 0px 0px;\npadding:0px 0px 0px 0px;\n}\n<\/style>\n<div  class='flex_column av-7n7z43-6ea504f68da097651aad0b79185dbcf7 av_three_fifth  avia-builder-el-0  el_before_av_two_fifth  avia-builder-el-first  first flex_column_div av-zero-column-padding  '     ><style type=\"text\/css\" data-created_by=\"avia_inline_auto\" id=\"style-css-av-kb23cf49-e38848ea98b4ced871e46752a6e3a5aa\">\n#top .avia-gallery.av-kb23cf49-e38848ea98b4ced871e46752a6e3a5aa .avia-gallery-thumb a{\nwidth:25%;\n}\n<\/style>\n<div  class='avia-gallery av-kb23cf49-e38848ea98b4ced871e46752a6e3a5aa avia_animate_when_visible  avia-builder-el-1  avia-builder-el-no-sibling  animations_off av-slideshow-ui av-loop-manual-endless av-control-hidden av-navigate-arrows av-navigate-dots hover-effect av-control-hidden avia-gallery-1'  itemprop=\"image\" itemscope=\"itemscope\" itemtype=\"https:\/\/schema.org\/ImageObject\" ><meta itemprop=\"contentURL\" content=\"https:\/\/fontdeflors.com\/es\/botiga\/destacados\/caja-de-rosas-y-bombones-amy\/\"><div class='avia-gallery-big-wrapper'><a class='avia-gallery-big fakeLightbox lightbox avia-gallery-big-crop-thumb ' href=\"https:\/\/fontdeflors.com\/wp-content\/uploads\/2021\/02\/CENTRE_DE_ROSES_I_BOMBONS_AMY_01.jpg\" data-srcset=\"https:\/\/fontdeflors.com\/wp-content\/uploads\/2021\/02\/CENTRE_DE_ROSES_I_BOMBONS_AMY_01.jpg 1000w, https:\/\/fontdeflors.com\/wp-content\/uploads\/2021\/02\/CENTRE_DE_ROSES_I_BOMBONS_AMY_01-300x300.jpg 300w, https:\/\/fontdeflors.com\/wp-content\/uploads\/2021\/02\/CENTRE_DE_ROSES_I_BOMBONS_AMY_01-100x100.jpg 100w, https:\/\/fontdeflors.com\/wp-content\/uploads\/2021\/02\/CENTRE_DE_ROSES_I_BOMBONS_AMY_01-650x650.jpg 650w, https:\/\/fontdeflors.com\/wp-content\/uploads\/2021\/02\/CENTRE_DE_ROSES_I_BOMBONS_AMY_01-80x80.jpg 80w, https:\/\/fontdeflors.com\/wp-content\/uploads\/2021\/02\/CENTRE_DE_ROSES_I_BOMBONS_AMY_01-768x768.jpg 768w, https:\/\/fontdeflors.com\/wp-content\/uploads\/2021\/02\/CENTRE_DE_ROSES_I_BOMBONS_AMY_01-36x36.jpg 36w, https:\/\/fontdeflors.com\/wp-content\/uploads\/2021\/02\/CENTRE_DE_ROSES_I_BOMBONS_AMY_01-180x180.jpg 180w, https:\/\/fontdeflors.com\/wp-content\/uploads\/2021\/02\/CENTRE_DE_ROSES_I_BOMBONS_AMY_01-705x705.jpg 705w\" data-sizes=\"(max-width: 1000px) 100vw, 1000px\"  data-onclick='1' title='CENTRO DE ROSAS Y BOMBONES - AMY' ><span class='avia-gallery-big-inner'  itemprop=\"thumbnailUrl\" ><img decoding=\"async\" fetchpriority=\"high\" class=\"wp-image-2125 avia-img-lazy-loading-not-2125\"  width=\"1000\" height=\"1000\" src=\"https:\/\/fontdeflors.com\/wp-content\/uploads\/2021\/02\/CENTRE_DE_ROSES_I_BOMBONS_AMY_01.jpg\" title='CENTRO DE ROSAS Y BOMBONES - AMY' alt='CENTRO DE ROSAS Y BOMBONES - AMY' srcset=\"https:\/\/fontdeflors.com\/wp-content\/uploads\/2021\/02\/CENTRE_DE_ROSES_I_BOMBONS_AMY_01.jpg 1000w, https:\/\/fontdeflors.com\/wp-content\/uploads\/2021\/02\/CENTRE_DE_ROSES_I_BOMBONS_AMY_01-300x300.jpg 300w, https:\/\/fontdeflors.com\/wp-content\/uploads\/2021\/02\/CENTRE_DE_ROSES_I_BOMBONS_AMY_01-100x100.jpg 100w, https:\/\/fontdeflors.com\/wp-content\/uploads\/2021\/02\/CENTRE_DE_ROSES_I_BOMBONS_AMY_01-650x650.jpg 650w, https:\/\/fontdeflors.com\/wp-content\/uploads\/2021\/02\/CENTRE_DE_ROSES_I_BOMBONS_AMY_01-80x80.jpg 80w, https:\/\/fontdeflors.com\/wp-content\/uploads\/2021\/02\/CENTRE_DE_ROSES_I_BOMBONS_AMY_01-768x768.jpg 768w, https:\/\/fontdeflors.com\/wp-content\/uploads\/2021\/02\/CENTRE_DE_ROSES_I_BOMBONS_AMY_01-36x36.jpg 36w, https:\/\/fontdeflors.com\/wp-content\/uploads\/2021\/02\/CENTRE_DE_ROSES_I_BOMBONS_AMY_01-180x180.jpg 180w, https:\/\/fontdeflors.com\/wp-content\/uploads\/2021\/02\/CENTRE_DE_ROSES_I_BOMBONS_AMY_01-705x705.jpg 705w\" sizes=\"(max-width: 1000px) 100vw, 1000px\" \/><\/span><\/a><\/div><div class='avia-gallery-thumb'><a href=\"https:\/\/fontdeflors.com\/wp-content\/uploads\/2021\/02\/CENTRE_DE_ROSES_I_BOMBONS_AMY_01.jpg\" data-srcset=\"https:\/\/fontdeflors.com\/wp-content\/uploads\/2021\/02\/CENTRE_DE_ROSES_I_BOMBONS_AMY_01.jpg 1000w, https:\/\/fontdeflors.com\/wp-content\/uploads\/2021\/02\/CENTRE_DE_ROSES_I_BOMBONS_AMY_01-300x300.jpg 300w, https:\/\/fontdeflors.com\/wp-content\/uploads\/2021\/02\/CENTRE_DE_ROSES_I_BOMBONS_AMY_01-100x100.jpg 100w, https:\/\/fontdeflors.com\/wp-content\/uploads\/2021\/02\/CENTRE_DE_ROSES_I_BOMBONS_AMY_01-650x650.jpg 650w, https:\/\/fontdeflors.com\/wp-content\/uploads\/2021\/02\/CENTRE_DE_ROSES_I_BOMBONS_AMY_01-80x80.jpg 80w, https:\/\/fontdeflors.com\/wp-content\/uploads\/2021\/02\/CENTRE_DE_ROSES_I_BOMBONS_AMY_01-768x768.jpg 768w, https:\/\/fontdeflors.com\/wp-content\/uploads\/2021\/02\/CENTRE_DE_ROSES_I_BOMBONS_AMY_01-36x36.jpg 36w, https:\/\/fontdeflors.com\/wp-content\/uploads\/2021\/02\/CENTRE_DE_ROSES_I_BOMBONS_AMY_01-180x180.jpg 180w, https:\/\/fontdeflors.com\/wp-content\/uploads\/2021\/02\/CENTRE_DE_ROSES_I_BOMBONS_AMY_01-705x705.jpg 705w\" data-sizes=\"(max-width: 1000px) 100vw, 1000px\" data-rel='gallery-1' data-prev-img='https:\/\/fontdeflors.com\/wp-content\/uploads\/2021\/02\/CENTRE_DE_ROSES_I_BOMBONS_AMY_01.jpg' class='first_thumb lightbox ' data-onclick='1' title='CENTRO DE ROSAS Y BOMBONES - AMY'  itemprop=\"thumbnailUrl\"  ><img decoding=\"async\" fetchpriority=\"high\" class=\"wp-image-2125 avia-img-lazy-loading-not-2125\"   src=\"https:\/\/fontdeflors.com\/wp-content\/uploads\/2021\/02\/CENTRE_DE_ROSES_I_BOMBONS_AMY_01-180x180.jpg\" width=\"180\" height=\"180\"  title='CENTRO DE ROSAS Y BOMBONES - AMY' alt='CENTRO DE ROSAS Y BOMBONES - AMY' srcset=\"https:\/\/fontdeflors.com\/wp-content\/uploads\/2021\/02\/CENTRE_DE_ROSES_I_BOMBONS_AMY_01-180x180.jpg 180w, https:\/\/fontdeflors.com\/wp-content\/uploads\/2021\/02\/CENTRE_DE_ROSES_I_BOMBONS_AMY_01-300x300.jpg 300w, https:\/\/fontdeflors.com\/wp-content\/uploads\/2021\/02\/CENTRE_DE_ROSES_I_BOMBONS_AMY_01-100x100.jpg 100w, https:\/\/fontdeflors.com\/wp-content\/uploads\/2021\/02\/CENTRE_DE_ROSES_I_BOMBONS_AMY_01-650x650.jpg 650w, https:\/\/fontdeflors.com\/wp-content\/uploads\/2021\/02\/CENTRE_DE_ROSES_I_BOMBONS_AMY_01-80x80.jpg 80w, https:\/\/fontdeflors.com\/wp-content\/uploads\/2021\/02\/CENTRE_DE_ROSES_I_BOMBONS_AMY_01-768x768.jpg 768w, https:\/\/fontdeflors.com\/wp-content\/uploads\/2021\/02\/CENTRE_DE_ROSES_I_BOMBONS_AMY_01-36x36.jpg 36w, https:\/\/fontdeflors.com\/wp-content\/uploads\/2021\/02\/CENTRE_DE_ROSES_I_BOMBONS_AMY_01-705x705.jpg 705w, https:\/\/fontdeflors.com\/wp-content\/uploads\/2021\/02\/CENTRE_DE_ROSES_I_BOMBONS_AMY_01.jpg 1000w\" sizes=\"(max-width: 180px) 100vw, 180px\" \/><div class='big-prev-fake'><img decoding=\"async\" loading=\"lazy\" class=\"wp-image-2125 avia-img-lazy-loading-2125\"  width=\"1000\" height=\"1000\" src=\"https:\/\/fontdeflors.com\/wp-content\/uploads\/2021\/02\/CENTRE_DE_ROSES_I_BOMBONS_AMY_01.jpg\" title='CENTRO DE ROSAS Y BOMBONES - AMY' alt='CENTRO DE ROSAS Y BOMBONES - AMY' srcset=\"https:\/\/fontdeflors.com\/wp-content\/uploads\/2021\/02\/CENTRE_DE_ROSES_I_BOMBONS_AMY_01.jpg 1000w, https:\/\/fontdeflors.com\/wp-content\/uploads\/2021\/02\/CENTRE_DE_ROSES_I_BOMBONS_AMY_01-300x300.jpg 300w, https:\/\/fontdeflors.com\/wp-content\/uploads\/2021\/02\/CENTRE_DE_ROSES_I_BOMBONS_AMY_01-100x100.jpg 100w, https:\/\/fontdeflors.com\/wp-content\/uploads\/2021\/02\/CENTRE_DE_ROSES_I_BOMBONS_AMY_01-650x650.jpg 650w, https:\/\/fontdeflors.com\/wp-content\/uploads\/2021\/02\/CENTRE_DE_ROSES_I_BOMBONS_AMY_01-80x80.jpg 80w, https:\/\/fontdeflors.com\/wp-content\/uploads\/2021\/02\/CENTRE_DE_ROSES_I_BOMBONS_AMY_01-768x768.jpg 768w, https:\/\/fontdeflors.com\/wp-content\/uploads\/2021\/02\/CENTRE_DE_ROSES_I_BOMBONS_AMY_01-36x36.jpg 36w, https:\/\/fontdeflors.com\/wp-content\/uploads\/2021\/02\/CENTRE_DE_ROSES_I_BOMBONS_AMY_01-180x180.jpg 180w, https:\/\/fontdeflors.com\/wp-content\/uploads\/2021\/02\/CENTRE_DE_ROSES_I_BOMBONS_AMY_01-705x705.jpg 705w\" sizes=\"auto, (max-width: 1000px) 100vw, 1000px\" \/><\/div><\/a><a href=\"https:\/\/fontdeflors.com\/wp-content\/uploads\/2021\/02\/CENTRE_DE_ROSES_I_BOMBONS_AMY_02.jpg\" data-srcset=\"https:\/\/fontdeflors.com\/wp-content\/uploads\/2021\/02\/CENTRE_DE_ROSES_I_BOMBONS_AMY_02.jpg 1000w, https:\/\/fontdeflors.com\/wp-content\/uploads\/2021\/02\/CENTRE_DE_ROSES_I_BOMBONS_AMY_02-300x300.jpg 300w, https:\/\/fontdeflors.com\/wp-content\/uploads\/2021\/02\/CENTRE_DE_ROSES_I_BOMBONS_AMY_02-100x100.jpg 100w, https:\/\/fontdeflors.com\/wp-content\/uploads\/2021\/02\/CENTRE_DE_ROSES_I_BOMBONS_AMY_02-650x650.jpg 650w, https:\/\/fontdeflors.com\/wp-content\/uploads\/2021\/02\/CENTRE_DE_ROSES_I_BOMBONS_AMY_02-80x80.jpg 80w, https:\/\/fontdeflors.com\/wp-content\/uploads\/2021\/02\/CENTRE_DE_ROSES_I_BOMBONS_AMY_02-768x768.jpg 768w, https:\/\/fontdeflors.com\/wp-content\/uploads\/2021\/02\/CENTRE_DE_ROSES_I_BOMBONS_AMY_02-36x36.jpg 36w, https:\/\/fontdeflors.com\/wp-content\/uploads\/2021\/02\/CENTRE_DE_ROSES_I_BOMBONS_AMY_02-180x180.jpg 180w, https:\/\/fontdeflors.com\/wp-content\/uploads\/2021\/02\/CENTRE_DE_ROSES_I_BOMBONS_AMY_02-705x705.jpg 705w\" data-sizes=\"(max-width: 1000px) 100vw, 1000px\" data-rel='gallery-1' data-prev-img='https:\/\/fontdeflors.com\/wp-content\/uploads\/2021\/02\/CENTRE_DE_ROSES_I_BOMBONS_AMY_02.jpg' class='lightbox ' data-onclick='2' title='CENTRO DE ROSAS Y BOMBONES - AMY'  itemprop=\"thumbnailUrl\"  ><img decoding=\"async\" fetchpriority=\"high\" class=\"wp-image-2127 avia-img-lazy-loading-not-2127\"   src=\"https:\/\/fontdeflors.com\/wp-content\/uploads\/2021\/02\/CENTRE_DE_ROSES_I_BOMBONS_AMY_02-180x180.jpg\" width=\"180\" height=\"180\"  title='CENTRO DE ROSAS Y BOMBONES - AMY' alt='CENTRO DE ROSAS Y BOMBONES - AMY' srcset=\"https:\/\/fontdeflors.com\/wp-content\/uploads\/2021\/02\/CENTRE_DE_ROSES_I_BOMBONS_AMY_02-180x180.jpg 180w, https:\/\/fontdeflors.com\/wp-content\/uploads\/2021\/02\/CENTRE_DE_ROSES_I_BOMBONS_AMY_02-300x300.jpg 300w, https:\/\/fontdeflors.com\/wp-content\/uploads\/2021\/02\/CENTRE_DE_ROSES_I_BOMBONS_AMY_02-100x100.jpg 100w, https:\/\/fontdeflors.com\/wp-content\/uploads\/2021\/02\/CENTRE_DE_ROSES_I_BOMBONS_AMY_02-650x650.jpg 650w, https:\/\/fontdeflors.com\/wp-content\/uploads\/2021\/02\/CENTRE_DE_ROSES_I_BOMBONS_AMY_02-80x80.jpg 80w, https:\/\/fontdeflors.com\/wp-content\/uploads\/2021\/02\/CENTRE_DE_ROSES_I_BOMBONS_AMY_02-768x768.jpg 768w, https:\/\/fontdeflors.com\/wp-content\/uploads\/2021\/02\/CENTRE_DE_ROSES_I_BOMBONS_AMY_02-36x36.jpg 36w, https:\/\/fontdeflors.com\/wp-content\/uploads\/2021\/02\/CENTRE_DE_ROSES_I_BOMBONS_AMY_02-705x705.jpg 705w, https:\/\/fontdeflors.com\/wp-content\/uploads\/2021\/02\/CENTRE_DE_ROSES_I_BOMBONS_AMY_02.jpg 1000w\" sizes=\"(max-width: 180px) 100vw, 180px\" \/><div class='big-prev-fake'><img decoding=\"async\" loading=\"lazy\" class=\"wp-image-2127 avia-img-lazy-loading-2127\"  width=\"1000\" height=\"1000\" src=\"https:\/\/fontdeflors.com\/wp-content\/uploads\/2021\/02\/CENTRE_DE_ROSES_I_BOMBONS_AMY_02.jpg\" title='CENTRO DE ROSAS Y BOMBONES - AMY' alt='CENTRO DE ROSAS Y BOMBONES - AMY' srcset=\"https:\/\/fontdeflors.com\/wp-content\/uploads\/2021\/02\/CENTRE_DE_ROSES_I_BOMBONS_AMY_02.jpg 1000w, https:\/\/fontdeflors.com\/wp-content\/uploads\/2021\/02\/CENTRE_DE_ROSES_I_BOMBONS_AMY_02-300x300.jpg 300w, https:\/\/fontdeflors.com\/wp-content\/uploads\/2021\/02\/CENTRE_DE_ROSES_I_BOMBONS_AMY_02-100x100.jpg 100w, https:\/\/fontdeflors.com\/wp-content\/uploads\/2021\/02\/CENTRE_DE_ROSES_I_BOMBONS_AMY_02-650x650.jpg 650w, https:\/\/fontdeflors.com\/wp-content\/uploads\/2021\/02\/CENTRE_DE_ROSES_I_BOMBONS_AMY_02-80x80.jpg 80w, https:\/\/fontdeflors.com\/wp-content\/uploads\/2021\/02\/CENTRE_DE_ROSES_I_BOMBONS_AMY_02-768x768.jpg 768w, https:\/\/fontdeflors.com\/wp-content\/uploads\/2021\/02\/CENTRE_DE_ROSES_I_BOMBONS_AMY_02-36x36.jpg 36w, https:\/\/fontdeflors.com\/wp-content\/uploads\/2021\/02\/CENTRE_DE_ROSES_I_BOMBONS_AMY_02-180x180.jpg 180w, https:\/\/fontdeflors.com\/wp-content\/uploads\/2021\/02\/CENTRE_DE_ROSES_I_BOMBONS_AMY_02-705x705.jpg 705w\" sizes=\"auto, (max-width: 1000px) 100vw, 1000px\" \/><\/div><\/a><a href=\"https:\/\/fontdeflors.com\/wp-content\/uploads\/2021\/02\/CENTRE_DE_ROSES_I_BOMBONS_AMY_03-1030x1030.jpg\" data-srcset=\"https:\/\/fontdeflors.com\/wp-content\/uploads\/2021\/02\/CENTRE_DE_ROSES_I_BOMBONS_AMY_03-1030x1030.jpg 1030w, https:\/\/fontdeflors.com\/wp-content\/uploads\/2021\/02\/CENTRE_DE_ROSES_I_BOMBONS_AMY_03-scaled-300x300.jpg 300w, https:\/\/fontdeflors.com\/wp-content\/uploads\/2021\/02\/CENTRE_DE_ROSES_I_BOMBONS_AMY_03-scaled-100x100.jpg 100w, https:\/\/fontdeflors.com\/wp-content\/uploads\/2021\/02\/CENTRE_DE_ROSES_I_BOMBONS_AMY_03-scaled-650x650.jpg 650w, https:\/\/fontdeflors.com\/wp-content\/uploads\/2021\/02\/CENTRE_DE_ROSES_I_BOMBONS_AMY_03-80x80.jpg 80w, https:\/\/fontdeflors.com\/wp-content\/uploads\/2021\/02\/CENTRE_DE_ROSES_I_BOMBONS_AMY_03-768x768.jpg 768w, https:\/\/fontdeflors.com\/wp-content\/uploads\/2021\/02\/CENTRE_DE_ROSES_I_BOMBONS_AMY_03-1536x1536.jpg 1536w, https:\/\/fontdeflors.com\/wp-content\/uploads\/2021\/02\/CENTRE_DE_ROSES_I_BOMBONS_AMY_03-2048x2048.jpg 2048w, https:\/\/fontdeflors.com\/wp-content\/uploads\/2021\/02\/CENTRE_DE_ROSES_I_BOMBONS_AMY_03-36x36.jpg 36w, https:\/\/fontdeflors.com\/wp-content\/uploads\/2021\/02\/CENTRE_DE_ROSES_I_BOMBONS_AMY_03-180x180.jpg 180w, https:\/\/fontdeflors.com\/wp-content\/uploads\/2021\/02\/CENTRE_DE_ROSES_I_BOMBONS_AMY_03-1500x1500.jpg 1500w, https:\/\/fontdeflors.com\/wp-content\/uploads\/2021\/02\/CENTRE_DE_ROSES_I_BOMBONS_AMY_03-705x705.jpg 705w\" data-sizes=\"(max-width: 1030px) 100vw, 1030px\" data-rel='gallery-1' data-prev-img='https:\/\/fontdeflors.com\/wp-content\/uploads\/2021\/02\/CENTRE_DE_ROSES_I_BOMBONS_AMY_03-scaled.jpg' class='lightbox ' data-onclick='3' title='CENTRO DE ROSAS Y BOMBONES - AMY'  itemprop=\"thumbnailUrl\"  ><img decoding=\"async\" fetchpriority=\"high\" class=\"wp-image-2129 avia-img-lazy-loading-not-2129\"   src=\"https:\/\/fontdeflors.com\/wp-content\/uploads\/2021\/02\/CENTRE_DE_ROSES_I_BOMBONS_AMY_03-180x180.jpg\" width=\"180\" height=\"180\"  title='CENTRO DE ROSAS Y BOMBONES - AMY' alt='CENTRO DE ROSAS Y BOMBONES - AMY' srcset=\"https:\/\/fontdeflors.com\/wp-content\/uploads\/2021\/02\/CENTRE_DE_ROSES_I_BOMBONS_AMY_03-180x180.jpg 180w, https:\/\/fontdeflors.com\/wp-content\/uploads\/2021\/02\/CENTRE_DE_ROSES_I_BOMBONS_AMY_03-scaled-300x300.jpg 300w, https:\/\/fontdeflors.com\/wp-content\/uploads\/2021\/02\/CENTRE_DE_ROSES_I_BOMBONS_AMY_03-scaled-100x100.jpg 100w, https:\/\/fontdeflors.com\/wp-content\/uploads\/2021\/02\/CENTRE_DE_ROSES_I_BOMBONS_AMY_03-scaled-650x650.jpg 650w, https:\/\/fontdeflors.com\/wp-content\/uploads\/2021\/02\/CENTRE_DE_ROSES_I_BOMBONS_AMY_03-1030x1030.jpg 1030w, https:\/\/fontdeflors.com\/wp-content\/uploads\/2021\/02\/CENTRE_DE_ROSES_I_BOMBONS_AMY_03-80x80.jpg 80w, https:\/\/fontdeflors.com\/wp-content\/uploads\/2021\/02\/CENTRE_DE_ROSES_I_BOMBONS_AMY_03-768x768.jpg 768w, https:\/\/fontdeflors.com\/wp-content\/uploads\/2021\/02\/CENTRE_DE_ROSES_I_BOMBONS_AMY_03-1536x1536.jpg 1536w, https:\/\/fontdeflors.com\/wp-content\/uploads\/2021\/02\/CENTRE_DE_ROSES_I_BOMBONS_AMY_03-2048x2048.jpg 2048w, https:\/\/fontdeflors.com\/wp-content\/uploads\/2021\/02\/CENTRE_DE_ROSES_I_BOMBONS_AMY_03-36x36.jpg 36w, https:\/\/fontdeflors.com\/wp-content\/uploads\/2021\/02\/CENTRE_DE_ROSES_I_BOMBONS_AMY_03-1500x1500.jpg 1500w, https:\/\/fontdeflors.com\/wp-content\/uploads\/2021\/02\/CENTRE_DE_ROSES_I_BOMBONS_AMY_03-705x705.jpg 705w\" sizes=\"(max-width: 180px) 100vw, 180px\" \/><div class='big-prev-fake'><img decoding=\"async\" loading=\"lazy\" class=\"wp-image-2129 avia-img-lazy-loading-2129\"  width=\"2560\" height=\"2560\" src=\"https:\/\/fontdeflors.com\/wp-content\/uploads\/2021\/02\/CENTRE_DE_ROSES_I_BOMBONS_AMY_03-scaled.jpg\" title='CENTRO DE ROSAS Y BOMBONES - AMY' alt='CENTRO DE ROSAS Y BOMBONES - AMY' srcset=\"https:\/\/fontdeflors.com\/wp-content\/uploads\/2021\/02\/CENTRE_DE_ROSES_I_BOMBONS_AMY_03-scaled.jpg 2560w, https:\/\/fontdeflors.com\/wp-content\/uploads\/2021\/02\/CENTRE_DE_ROSES_I_BOMBONS_AMY_03-scaled-300x300.jpg 300w, https:\/\/fontdeflors.com\/wp-content\/uploads\/2021\/02\/CENTRE_DE_ROSES_I_BOMBONS_AMY_03-scaled-100x100.jpg 100w, https:\/\/fontdeflors.com\/wp-content\/uploads\/2021\/02\/CENTRE_DE_ROSES_I_BOMBONS_AMY_03-scaled-650x650.jpg 650w, https:\/\/fontdeflors.com\/wp-content\/uploads\/2021\/02\/CENTRE_DE_ROSES_I_BOMBONS_AMY_03-1030x1030.jpg 1030w, https:\/\/fontdeflors.com\/wp-content\/uploads\/2021\/02\/CENTRE_DE_ROSES_I_BOMBONS_AMY_03-80x80.jpg 80w, https:\/\/fontdeflors.com\/wp-content\/uploads\/2021\/02\/CENTRE_DE_ROSES_I_BOMBONS_AMY_03-768x768.jpg 768w, https:\/\/fontdeflors.com\/wp-content\/uploads\/2021\/02\/CENTRE_DE_ROSES_I_BOMBONS_AMY_03-1536x1536.jpg 1536w, https:\/\/fontdeflors.com\/wp-content\/uploads\/2021\/02\/CENTRE_DE_ROSES_I_BOMBONS_AMY_03-2048x2048.jpg 2048w, https:\/\/fontdeflors.com\/wp-content\/uploads\/2021\/02\/CENTRE_DE_ROSES_I_BOMBONS_AMY_03-36x36.jpg 36w, https:\/\/fontdeflors.com\/wp-content\/uploads\/2021\/02\/CENTRE_DE_ROSES_I_BOMBONS_AMY_03-180x180.jpg 180w, https:\/\/fontdeflors.com\/wp-content\/uploads\/2021\/02\/CENTRE_DE_ROSES_I_BOMBONS_AMY_03-1500x1500.jpg 1500w, https:\/\/fontdeflors.com\/wp-content\/uploads\/2021\/02\/CENTRE_DE_ROSES_I_BOMBONS_AMY_03-705x705.jpg 705w\" sizes=\"auto, (max-width: 2560px) 100vw, 2560px\" \/><\/div><\/a><a href=\"https:\/\/fontdeflors.com\/wp-content\/uploads\/2021\/02\/CENTRE_DE_ROSES_I_BOMBONS_AMY_04.jpg\" data-srcset=\"https:\/\/fontdeflors.com\/wp-content\/uploads\/2021\/02\/CENTRE_DE_ROSES_I_BOMBONS_AMY_04.jpg 1000w, https:\/\/fontdeflors.com\/wp-content\/uploads\/2021\/02\/CENTRE_DE_ROSES_I_BOMBONS_AMY_04-300x300.jpg 300w, https:\/\/fontdeflors.com\/wp-content\/uploads\/2021\/02\/CENTRE_DE_ROSES_I_BOMBONS_AMY_04-100x100.jpg 100w, https:\/\/fontdeflors.com\/wp-content\/uploads\/2021\/02\/CENTRE_DE_ROSES_I_BOMBONS_AMY_04-650x650.jpg 650w, https:\/\/fontdeflors.com\/wp-content\/uploads\/2021\/02\/CENTRE_DE_ROSES_I_BOMBONS_AMY_04-80x80.jpg 80w, https:\/\/fontdeflors.com\/wp-content\/uploads\/2021\/02\/CENTRE_DE_ROSES_I_BOMBONS_AMY_04-768x768.jpg 768w, https:\/\/fontdeflors.com\/wp-content\/uploads\/2021\/02\/CENTRE_DE_ROSES_I_BOMBONS_AMY_04-36x36.jpg 36w, https:\/\/fontdeflors.com\/wp-content\/uploads\/2021\/02\/CENTRE_DE_ROSES_I_BOMBONS_AMY_04-180x180.jpg 180w, https:\/\/fontdeflors.com\/wp-content\/uploads\/2021\/02\/CENTRE_DE_ROSES_I_BOMBONS_AMY_04-705x705.jpg 705w\" data-sizes=\"(max-width: 1000px) 100vw, 1000px\" data-rel='gallery-1' data-prev-img='https:\/\/fontdeflors.com\/wp-content\/uploads\/2021\/02\/CENTRE_DE_ROSES_I_BOMBONS_AMY_04.jpg' class='lightbox ' data-onclick='4' title='CENTRO DE ROSAS Y BOMBONES - AMY'  itemprop=\"thumbnailUrl\"  ><img decoding=\"async\" fetchpriority=\"high\" class=\"wp-image-2131 avia-img-lazy-loading-not-2131\"   src=\"https:\/\/fontdeflors.com\/wp-content\/uploads\/2021\/02\/CENTRE_DE_ROSES_I_BOMBONS_AMY_04-180x180.jpg\" width=\"180\" height=\"180\"  title='CENTRO DE ROSAS Y BOMBONES - AMY' alt='CENTRO DE ROSAS Y BOMBONES - AMY' srcset=\"https:\/\/fontdeflors.com\/wp-content\/uploads\/2021\/02\/CENTRE_DE_ROSES_I_BOMBONS_AMY_04-180x180.jpg 180w, https:\/\/fontdeflors.com\/wp-content\/uploads\/2021\/02\/CENTRE_DE_ROSES_I_BOMBONS_AMY_04-300x300.jpg 300w, https:\/\/fontdeflors.com\/wp-content\/uploads\/2021\/02\/CENTRE_DE_ROSES_I_BOMBONS_AMY_04-100x100.jpg 100w, https:\/\/fontdeflors.com\/wp-content\/uploads\/2021\/02\/CENTRE_DE_ROSES_I_BOMBONS_AMY_04-650x650.jpg 650w, https:\/\/fontdeflors.com\/wp-content\/uploads\/2021\/02\/CENTRE_DE_ROSES_I_BOMBONS_AMY_04-80x80.jpg 80w, https:\/\/fontdeflors.com\/wp-content\/uploads\/2021\/02\/CENTRE_DE_ROSES_I_BOMBONS_AMY_04-768x768.jpg 768w, https:\/\/fontdeflors.com\/wp-content\/uploads\/2021\/02\/CENTRE_DE_ROSES_I_BOMBONS_AMY_04-36x36.jpg 36w, https:\/\/fontdeflors.com\/wp-content\/uploads\/2021\/02\/CENTRE_DE_ROSES_I_BOMBONS_AMY_04-705x705.jpg 705w, https:\/\/fontdeflors.com\/wp-content\/uploads\/2021\/02\/CENTRE_DE_ROSES_I_BOMBONS_AMY_04.jpg 1000w\" sizes=\"(max-width: 180px) 100vw, 180px\" \/><div class='big-prev-fake'><img decoding=\"async\" loading=\"lazy\" class=\"wp-image-2131 avia-img-lazy-loading-2131\"  width=\"1000\" height=\"1000\" src=\"https:\/\/fontdeflors.com\/wp-content\/uploads\/2021\/02\/CENTRE_DE_ROSES_I_BOMBONS_AMY_04.jpg\" title='CENTRO DE ROSAS Y BOMBONES - AMY' alt='CENTRO DE ROSAS Y BOMBONES - AMY' srcset=\"https:\/\/fontdeflors.com\/wp-content\/uploads\/2021\/02\/CENTRE_DE_ROSES_I_BOMBONS_AMY_04.jpg 1000w, https:\/\/fontdeflors.com\/wp-content\/uploads\/2021\/02\/CENTRE_DE_ROSES_I_BOMBONS_AMY_04-300x300.jpg 300w, https:\/\/fontdeflors.com\/wp-content\/uploads\/2021\/02\/CENTRE_DE_ROSES_I_BOMBONS_AMY_04-100x100.jpg 100w, https:\/\/fontdeflors.com\/wp-content\/uploads\/2021\/02\/CENTRE_DE_ROSES_I_BOMBONS_AMY_04-650x650.jpg 650w, https:\/\/fontdeflors.com\/wp-content\/uploads\/2021\/02\/CENTRE_DE_ROSES_I_BOMBONS_AMY_04-80x80.jpg 80w, https:\/\/fontdeflors.com\/wp-content\/uploads\/2021\/02\/CENTRE_DE_ROSES_I_BOMBONS_AMY_04-768x768.jpg 768w, https:\/\/fontdeflors.com\/wp-content\/uploads\/2021\/02\/CENTRE_DE_ROSES_I_BOMBONS_AMY_04-36x36.jpg 36w, https:\/\/fontdeflors.com\/wp-content\/uploads\/2021\/02\/CENTRE_DE_ROSES_I_BOMBONS_AMY_04-180x180.jpg 180w, https:\/\/fontdeflors.com\/wp-content\/uploads\/2021\/02\/CENTRE_DE_ROSES_I_BOMBONS_AMY_04-705x705.jpg 705w\" sizes=\"auto, (max-width: 1000px) 100vw, 1000px\" \/><\/div><\/a><\/div><\/div><\/div>\n<style type=\"text\/css\" data-created_by=\"avia_inline_auto\" id=\"style-css-av-64uo5f-f3a9fb7fb5efe0a0c547a5173505de99\">\n.flex_column.av-64uo5f-f3a9fb7fb5efe0a0c547a5173505de99{\nborder-radius:0px 0px 0px 0px;\npadding:10px 0px 0px 0px;\n}\n<\/style>\n<div  class='flex_column av-64uo5f-f3a9fb7fb5efe0a0c547a5173505de99 av_two_fifth  avia-builder-el-2  el_after_av_three_fifth  el_before_av_one_full  flex_column_div  '     ><section  class='av_textblock_section av-kb231k4k-d007df9d54429ebf38fe3dba1347545d '   itemscope=\"itemscope\" itemtype=\"https:\/\/schema.org\/CreativeWork\" ><div class='avia_textblock'  itemprop=\"text\" ><h2>La pasi\u00f3n de las rosas y los bombones<\/h2>\n<h3> Un regalo apasionado y dulce<\/h3>\n<hr \/>\n<p>Cuando quieres que tu regalo sea un poco m\u00e1s especial, nuestra caja de rosas y bombones \u00abAmy\u00bb es la m\u00e1s acertada.<\/p>\n<p>Un mont\u00f3n de rosas rojas de calidad Extra y tres bombones en una caja con forma de coraz\u00f3n que expresar\u00e1n todo el amor que sientes.<\/p>\n<p>Con este regalo, quien lo reciba, disfrutar\u00e1 el detalle con todos los sentidos!<\/p>\n<\/div><\/section><br \/>\n\n<style type=\"text\/css\" data-created_by=\"avia_inline_auto\" id=\"style-css-av-kcmi9o8y-eb6cca2ae0b1a0296597d7409c124eae\">\n#top .hr.av-kcmi9o8y-eb6cca2ae0b1a0296597d7409c124eae{\nmargin-top:5px;\nmargin-bottom:10px;\n}\n.hr.av-kcmi9o8y-eb6cca2ae0b1a0296597d7409c124eae .hr-inner{\nwidth:50px;\n}\n<\/style>\n<div  class='hr av-kcmi9o8y-eb6cca2ae0b1a0296597d7409c124eae hr-custom  avia-builder-el-4  el_after_av_textblock  el_before_av_product_button  hr-center hr-icon-no'><span class='hr-inner inner-border-av-border-none'><span class=\"hr-inner-style\"><\/span><\/span><\/div><br \/>\n<div class='av-woo-purchase-button av-4ew35e-3d7fb88d94437aea5f4f3991081567d4  avia-builder-el-5  el_after_av_hr  avia-builder-el-last '>\n<form class=\"variations_form cart\" action=\"https:\/\/fontdeflors.com\/es\/botiga\/destacados\/caja-de-rosas-y-bombones-amy\/\" method=\"post\" enctype='multipart\/form-data' data-product_id=\"2123\" data-product_variations=\"[{&quot;attributes&quot;:{&quot;attribute_mida&quot;:&quot;grande&quot;},&quot;availability_html&quot;:&quot;&quot;,&quot;backorders_allowed&quot;:false,&quot;dimensions&quot;:{&quot;length&quot;:&quot;&quot;,&quot;width&quot;:&quot;&quot;,&quot;height&quot;:&quot;&quot;},&quot;dimensions_html&quot;:&quot;N\\\/D&quot;,&quot;display_price&quot;:70,&quot;display_regular_price&quot;:70,&quot;gallery_image_ids&quot;:[],&quot;gallery_images_html&quot;:&quot;&quot;,&quot;image&quot;:{&quot;title&quot;:&quot;CENTRO DE ROSAS Y BOMBONES - AMY&quot;,&quot;caption&quot;:&quot;&quot;,&quot;url&quot;:&quot;https:\\\/\\\/fontdeflors.com\\\/wp-content\\\/uploads\\\/2021\\\/02\\\/CENTRE_DE_ROSES_I_BOMBONS_AMY_03-scaled.jpg&quot;,&quot;alt&quot;:&quot;CENTRO DE ROSAS Y BOMBONES - AMY&quot;,&quot;src&quot;:&quot;https:\\\/\\\/fontdeflors.com\\\/wp-content\\\/uploads\\\/2021\\\/02\\\/CENTRE_DE_ROSES_I_BOMBONS_AMY_03-scaled-650x650.jpg&quot;,&quot;srcset&quot;:&quot;https:\\\/\\\/fontdeflors.com\\\/wp-content\\\/uploads\\\/2021\\\/02\\\/CENTRE_DE_ROSES_I_BOMBONS_AMY_03-scaled-650x650.jpg 650w, https:\\\/\\\/fontdeflors.com\\\/wp-content\\\/uploads\\\/2021\\\/02\\\/CENTRE_DE_ROSES_I_BOMBONS_AMY_03-scaled-300x300.jpg 300w, https:\\\/\\\/fontdeflors.com\\\/wp-content\\\/uploads\\\/2021\\\/02\\\/CENTRE_DE_ROSES_I_BOMBONS_AMY_03-scaled-100x100.jpg 100w, https:\\\/\\\/fontdeflors.com\\\/wp-content\\\/uploads\\\/2021\\\/02\\\/CENTRE_DE_ROSES_I_BOMBONS_AMY_03-1030x1030.jpg 1030w, https:\\\/\\\/fontdeflors.com\\\/wp-content\\\/uploads\\\/2021\\\/02\\\/CENTRE_DE_ROSES_I_BOMBONS_AMY_03-80x80.jpg 80w, https:\\\/\\\/fontdeflors.com\\\/wp-content\\\/uploads\\\/2021\\\/02\\\/CENTRE_DE_ROSES_I_BOMBONS_AMY_03-768x768.jpg 768w, https:\\\/\\\/fontdeflors.com\\\/wp-content\\\/uploads\\\/2021\\\/02\\\/CENTRE_DE_ROSES_I_BOMBONS_AMY_03-1536x1536.jpg 1536w, https:\\\/\\\/fontdeflors.com\\\/wp-content\\\/uploads\\\/2021\\\/02\\\/CENTRE_DE_ROSES_I_BOMBONS_AMY_03-2048x2048.jpg 2048w, https:\\\/\\\/fontdeflors.com\\\/wp-content\\\/uploads\\\/2021\\\/02\\\/CENTRE_DE_ROSES_I_BOMBONS_AMY_03-36x36.jpg 36w, https:\\\/\\\/fontdeflors.com\\\/wp-content\\\/uploads\\\/2021\\\/02\\\/CENTRE_DE_ROSES_I_BOMBONS_AMY_03-180x180.jpg 180w, https:\\\/\\\/fontdeflors.com\\\/wp-content\\\/uploads\\\/2021\\\/02\\\/CENTRE_DE_ROSES_I_BOMBONS_AMY_03-1500x1500.jpg 1500w, https:\\\/\\\/fontdeflors.com\\\/wp-content\\\/uploads\\\/2021\\\/02\\\/CENTRE_DE_ROSES_I_BOMBONS_AMY_03-705x705.jpg 705w&quot;,&quot;sizes&quot;:&quot;(max-width: 650px) 100vw, 650px&quot;,&quot;full_src&quot;:&quot;https:\\\/\\\/fontdeflors.com\\\/wp-content\\\/uploads\\\/2021\\\/02\\\/CENTRE_DE_ROSES_I_BOMBONS_AMY_03-scaled.jpg&quot;,&quot;full_src_w&quot;:2560,&quot;full_src_h&quot;:2560,&quot;gallery_thumbnail_src&quot;:&quot;https:\\\/\\\/fontdeflors.com\\\/wp-content\\\/uploads\\\/2021\\\/02\\\/CENTRE_DE_ROSES_I_BOMBONS_AMY_03-scaled-100x100.jpg&quot;,&quot;gallery_thumbnail_src_w&quot;:100,&quot;gallery_thumbnail_src_h&quot;:100,&quot;thumb_src&quot;:&quot;https:\\\/\\\/fontdeflors.com\\\/wp-content\\\/uploads\\\/2021\\\/02\\\/CENTRE_DE_ROSES_I_BOMBONS_AMY_03-scaled-300x300.jpg&quot;,&quot;thumb_src_w&quot;:300,&quot;thumb_src_h&quot;:300,&quot;src_w&quot;:650,&quot;src_h&quot;:650},&quot;image_id&quot;:2129,&quot;is_downloadable&quot;:false,&quot;is_in_stock&quot;:true,&quot;is_purchasable&quot;:true,&quot;is_sold_individually&quot;:&quot;no&quot;,&quot;is_virtual&quot;:false,&quot;max_qty&quot;:&quot;&quot;,&quot;min_qty&quot;:1,&quot;price_html&quot;:&quot;&lt;span class=\\&quot;price\\&quot;&gt;&lt;span class=\\&quot;woocommerce-Price-amount amount\\&quot;&gt;&lt;bdi&gt;70,00&amp;nbsp;&lt;span class=\\&quot;woocommerce-Price-currencySymbol\\&quot; translate=\\&quot;no\\&quot;&gt;&amp;euro;&lt;\\\/span&gt;&lt;\\\/bdi&gt;&lt;\\\/span&gt;&lt;\\\/span&gt;&quot;,&quot;sku&quot;:&quot;&quot;,&quot;variation_description&quot;:&quot;&quot;,&quot;variation_id&quot;:2179,&quot;variation_is_active&quot;:true,&quot;variation_is_visible&quot;:true,&quot;weight&quot;:&quot;&quot;,&quot;weight_html&quot;:&quot;N\\\/D&quot;},{&quot;attributes&quot;:{&quot;attribute_mida&quot;:&quot;mediano&quot;},&quot;availability_html&quot;:&quot;&quot;,&quot;backorders_allowed&quot;:false,&quot;dimensions&quot;:{&quot;length&quot;:&quot;&quot;,&quot;width&quot;:&quot;&quot;,&quot;height&quot;:&quot;&quot;},&quot;dimensions_html&quot;:&quot;N\\\/D&quot;,&quot;display_price&quot;:54.99000000000000198951966012828052043914794921875,&quot;display_regular_price&quot;:54.99000000000000198951966012828052043914794921875,&quot;gallery_image_ids&quot;:[],&quot;gallery_images_html&quot;:&quot;&quot;,&quot;image&quot;:{&quot;title&quot;:&quot;CENTRO DE ROSAS Y BOMBONES - AMY&quot;,&quot;caption&quot;:&quot;&quot;,&quot;url&quot;:&quot;https:\\\/\\\/fontdeflors.com\\\/wp-content\\\/uploads\\\/2021\\\/02\\\/CENTRE_DE_ROSES_I_BOMBONS_AMY_03-scaled.jpg&quot;,&quot;alt&quot;:&quot;CENTRO DE ROSAS Y BOMBONES - AMY&quot;,&quot;src&quot;:&quot;https:\\\/\\\/fontdeflors.com\\\/wp-content\\\/uploads\\\/2021\\\/02\\\/CENTRE_DE_ROSES_I_BOMBONS_AMY_03-scaled-650x650.jpg&quot;,&quot;srcset&quot;:&quot;https:\\\/\\\/fontdeflors.com\\\/wp-content\\\/uploads\\\/2021\\\/02\\\/CENTRE_DE_ROSES_I_BOMBONS_AMY_03-scaled-650x650.jpg 650w, https:\\\/\\\/fontdeflors.com\\\/wp-content\\\/uploads\\\/2021\\\/02\\\/CENTRE_DE_ROSES_I_BOMBONS_AMY_03-scaled-300x300.jpg 300w, https:\\\/\\\/fontdeflors.com\\\/wp-content\\\/uploads\\\/2021\\\/02\\\/CENTRE_DE_ROSES_I_BOMBONS_AMY_03-scaled-100x100.jpg 100w, https:\\\/\\\/fontdeflors.com\\\/wp-content\\\/uploads\\\/2021\\\/02\\\/CENTRE_DE_ROSES_I_BOMBONS_AMY_03-1030x1030.jpg 1030w, https:\\\/\\\/fontdeflors.com\\\/wp-content\\\/uploads\\\/2021\\\/02\\\/CENTRE_DE_ROSES_I_BOMBONS_AMY_03-80x80.jpg 80w, https:\\\/\\\/fontdeflors.com\\\/wp-content\\\/uploads\\\/2021\\\/02\\\/CENTRE_DE_ROSES_I_BOMBONS_AMY_03-768x768.jpg 768w, https:\\\/\\\/fontdeflors.com\\\/wp-content\\\/uploads\\\/2021\\\/02\\\/CENTRE_DE_ROSES_I_BOMBONS_AMY_03-1536x1536.jpg 1536w, https:\\\/\\\/fontdeflors.com\\\/wp-content\\\/uploads\\\/2021\\\/02\\\/CENTRE_DE_ROSES_I_BOMBONS_AMY_03-2048x2048.jpg 2048w, https:\\\/\\\/fontdeflors.com\\\/wp-content\\\/uploads\\\/2021\\\/02\\\/CENTRE_DE_ROSES_I_BOMBONS_AMY_03-36x36.jpg 36w, https:\\\/\\\/fontdeflors.com\\\/wp-content\\\/uploads\\\/2021\\\/02\\\/CENTRE_DE_ROSES_I_BOMBONS_AMY_03-180x180.jpg 180w, https:\\\/\\\/fontdeflors.com\\\/wp-content\\\/uploads\\\/2021\\\/02\\\/CENTRE_DE_ROSES_I_BOMBONS_AMY_03-1500x1500.jpg 1500w, https:\\\/\\\/fontdeflors.com\\\/wp-content\\\/uploads\\\/2021\\\/02\\\/CENTRE_DE_ROSES_I_BOMBONS_AMY_03-705x705.jpg 705w&quot;,&quot;sizes&quot;:&quot;(max-width: 650px) 100vw, 650px&quot;,&quot;full_src&quot;:&quot;https:\\\/\\\/fontdeflors.com\\\/wp-content\\\/uploads\\\/2021\\\/02\\\/CENTRE_DE_ROSES_I_BOMBONS_AMY_03-scaled.jpg&quot;,&quot;full_src_w&quot;:2560,&quot;full_src_h&quot;:2560,&quot;gallery_thumbnail_src&quot;:&quot;https:\\\/\\\/fontdeflors.com\\\/wp-content\\\/uploads\\\/2021\\\/02\\\/CENTRE_DE_ROSES_I_BOMBONS_AMY_03-scaled-100x100.jpg&quot;,&quot;gallery_thumbnail_src_w&quot;:100,&quot;gallery_thumbnail_src_h&quot;:100,&quot;thumb_src&quot;:&quot;https:\\\/\\\/fontdeflors.com\\\/wp-content\\\/uploads\\\/2021\\\/02\\\/CENTRE_DE_ROSES_I_BOMBONS_AMY_03-scaled-300x300.jpg&quot;,&quot;thumb_src_w&quot;:300,&quot;thumb_src_h&quot;:300,&quot;src_w&quot;:650,&quot;src_h&quot;:650},&quot;image_id&quot;:2129,&quot;is_downloadable&quot;:false,&quot;is_in_stock&quot;:true,&quot;is_purchasable&quot;:true,&quot;is_sold_individually&quot;:&quot;no&quot;,&quot;is_virtual&quot;:false,&quot;max_qty&quot;:&quot;&quot;,&quot;min_qty&quot;:1,&quot;price_html&quot;:&quot;&lt;span class=\\&quot;price\\&quot;&gt;&lt;span class=\\&quot;woocommerce-Price-amount amount\\&quot;&gt;&lt;bdi&gt;54,99&amp;nbsp;&lt;span class=\\&quot;woocommerce-Price-currencySymbol\\&quot; translate=\\&quot;no\\&quot;&gt;&amp;euro;&lt;\\\/span&gt;&lt;\\\/bdi&gt;&lt;\\\/span&gt;&lt;\\\/span&gt;&quot;,&quot;sku&quot;:&quot;&quot;,&quot;variation_description&quot;:&quot;&quot;,&quot;variation_id&quot;:2180,&quot;variation_is_active&quot;:true,&quot;variation_is_visible&quot;:true,&quot;weight&quot;:&quot;&quot;,&quot;weight_html&quot;:&quot;N\\\/D&quot;},{&quot;attributes&quot;:{&quot;attribute_mida&quot;:&quot;peque\\u00f1o&quot;},&quot;availability_html&quot;:&quot;&quot;,&quot;backorders_allowed&quot;:false,&quot;dimensions&quot;:{&quot;length&quot;:&quot;&quot;,&quot;width&quot;:&quot;&quot;,&quot;height&quot;:&quot;&quot;},&quot;dimensions_html&quot;:&quot;N\\\/D&quot;,&quot;display_price&quot;:40,&quot;display_regular_price&quot;:40,&quot;gallery_image_ids&quot;:[],&quot;gallery_images_html&quot;:&quot;&quot;,&quot;image&quot;:{&quot;title&quot;:&quot;CENTRO DE ROSAS Y BOMBONES - AMY&quot;,&quot;caption&quot;:&quot;&quot;,&quot;url&quot;:&quot;https:\\\/\\\/fontdeflors.com\\\/wp-content\\\/uploads\\\/2021\\\/02\\\/CENTRE_DE_ROSES_I_BOMBONS_AMY_03-scaled.jpg&quot;,&quot;alt&quot;:&quot;CENTRO DE ROSAS Y BOMBONES - AMY&quot;,&quot;src&quot;:&quot;https:\\\/\\\/fontdeflors.com\\\/wp-content\\\/uploads\\\/2021\\\/02\\\/CENTRE_DE_ROSES_I_BOMBONS_AMY_03-scaled-650x650.jpg&quot;,&quot;srcset&quot;:&quot;https:\\\/\\\/fontdeflors.com\\\/wp-content\\\/uploads\\\/2021\\\/02\\\/CENTRE_DE_ROSES_I_BOMBONS_AMY_03-scaled-650x650.jpg 650w, https:\\\/\\\/fontdeflors.com\\\/wp-content\\\/uploads\\\/2021\\\/02\\\/CENTRE_DE_ROSES_I_BOMBONS_AMY_03-scaled-300x300.jpg 300w, https:\\\/\\\/fontdeflors.com\\\/wp-content\\\/uploads\\\/2021\\\/02\\\/CENTRE_DE_ROSES_I_BOMBONS_AMY_03-scaled-100x100.jpg 100w, https:\\\/\\\/fontdeflors.com\\\/wp-content\\\/uploads\\\/2021\\\/02\\\/CENTRE_DE_ROSES_I_BOMBONS_AMY_03-1030x1030.jpg 1030w, https:\\\/\\\/fontdeflors.com\\\/wp-content\\\/uploads\\\/2021\\\/02\\\/CENTRE_DE_ROSES_I_BOMBONS_AMY_03-80x80.jpg 80w, https:\\\/\\\/fontdeflors.com\\\/wp-content\\\/uploads\\\/2021\\\/02\\\/CENTRE_DE_ROSES_I_BOMBONS_AMY_03-768x768.jpg 768w, https:\\\/\\\/fontdeflors.com\\\/wp-content\\\/uploads\\\/2021\\\/02\\\/CENTRE_DE_ROSES_I_BOMBONS_AMY_03-1536x1536.jpg 1536w, https:\\\/\\\/fontdeflors.com\\\/wp-content\\\/uploads\\\/2021\\\/02\\\/CENTRE_DE_ROSES_I_BOMBONS_AMY_03-2048x2048.jpg 2048w, https:\\\/\\\/fontdeflors.com\\\/wp-content\\\/uploads\\\/2021\\\/02\\\/CENTRE_DE_ROSES_I_BOMBONS_AMY_03-36x36.jpg 36w, https:\\\/\\\/fontdeflors.com\\\/wp-content\\\/uploads\\\/2021\\\/02\\\/CENTRE_DE_ROSES_I_BOMBONS_AMY_03-180x180.jpg 180w, https:\\\/\\\/fontdeflors.com\\\/wp-content\\\/uploads\\\/2021\\\/02\\\/CENTRE_DE_ROSES_I_BOMBONS_AMY_03-1500x1500.jpg 1500w, https:\\\/\\\/fontdeflors.com\\\/wp-content\\\/uploads\\\/2021\\\/02\\\/CENTRE_DE_ROSES_I_BOMBONS_AMY_03-705x705.jpg 705w&quot;,&quot;sizes&quot;:&quot;(max-width: 650px) 100vw, 650px&quot;,&quot;full_src&quot;:&quot;https:\\\/\\\/fontdeflors.com\\\/wp-content\\\/uploads\\\/2021\\\/02\\\/CENTRE_DE_ROSES_I_BOMBONS_AMY_03-scaled.jpg&quot;,&quot;full_src_w&quot;:2560,&quot;full_src_h&quot;:2560,&quot;gallery_thumbnail_src&quot;:&quot;https:\\\/\\\/fontdeflors.com\\\/wp-content\\\/uploads\\\/2021\\\/02\\\/CENTRE_DE_ROSES_I_BOMBONS_AMY_03-scaled-100x100.jpg&quot;,&quot;gallery_thumbnail_src_w&quot;:100,&quot;gallery_thumbnail_src_h&quot;:100,&quot;thumb_src&quot;:&quot;https:\\\/\\\/fontdeflors.com\\\/wp-content\\\/uploads\\\/2021\\\/02\\\/CENTRE_DE_ROSES_I_BOMBONS_AMY_03-scaled-300x300.jpg&quot;,&quot;thumb_src_w&quot;:300,&quot;thumb_src_h&quot;:300,&quot;src_w&quot;:650,&quot;src_h&quot;:650},&quot;image_id&quot;:2129,&quot;is_downloadable&quot;:false,&quot;is_in_stock&quot;:true,&quot;is_purchasable&quot;:true,&quot;is_sold_individually&quot;:&quot;no&quot;,&quot;is_virtual&quot;:false,&quot;max_qty&quot;:&quot;&quot;,&quot;min_qty&quot;:1,&quot;price_html&quot;:&quot;&lt;span class=\\&quot;price\\&quot;&gt;&lt;span class=\\&quot;woocommerce-Price-amount amount\\&quot;&gt;&lt;bdi&gt;40,00&amp;nbsp;&lt;span class=\\&quot;woocommerce-Price-currencySymbol\\&quot; translate=\\&quot;no\\&quot;&gt;&amp;euro;&lt;\\\/span&gt;&lt;\\\/bdi&gt;&lt;\\\/span&gt;&lt;\\\/span&gt;&quot;,&quot;sku&quot;:&quot;&quot;,&quot;variation_description&quot;:&quot;&quot;,&quot;variation_id&quot;:2181,&quot;variation_is_active&quot;:true,&quot;variation_is_visible&quot;:true,&quot;weight&quot;:&quot;&quot;,&quot;weight_html&quot;:&quot;N\\\/D&quot;}]\">\n\t\n\t\t\t<table class=\"variations\" cellspacing=\"0\" role=\"presentation\">\n\t\t\t<tbody>\n\t\t\t\t\t\t\t\t\t<tr>\n\t\t\t\t\t\t<th class=\"label\"><label for=\"mida\">Tama\u00f1o<\/label><\/th>\n\t\t\t\t\t\t<td class=\"value\">\n\t\t\t\t\t\t\t<select id=\"mida\" class=\"\" name=\"attribute_mida\" data-attribute_name=\"attribute_mida\" data-show_option_none=\"yes\"><option value=\"\">Elige una opci\u00f3n<\/option><option value=\"grande\" >grande<\/option><option value=\"mediano\" >mediano<\/option><option value=\"peque\u00f1o\" >peque\u00f1o<\/option><\/select><a class=\"reset_variations\" href=\"#\" aria-label=\"Vaciar opciones\">Limpiar<\/a>\t\t\t\t\t\t<\/td>\n\t\t\t\t\t<\/tr>\n\t\t\t\t\t\t\t<\/tbody>\n\t\t<\/table>\n\t\t<div class=\"reset_variations_alert screen-reader-text\" role=\"alert\" aria-live=\"polite\" aria-relevant=\"all\"><\/div>\n\t\t\t\t\n\t\t<div class=\"single_variation_wrap\">\n\t\t\t<div class=\"woocommerce-variation single_variation\" role=\"alert\" aria-relevant=\"additions\"><\/div><div class=\"woocommerce-variation-add-to-cart variations_button\">\n\t\n\t<div class=\"quantity\">\n\t\t<label class=\"screen-reader-text\" for=\"quantity_6a96df6e23897\">Caja de rosas y bombones - Amy cantidad<\/label>\n\t<input\n\t\ttype=\"number\"\n\t\t\t\tid=\"quantity_6a96df6e23897\"\n\t\tclass=\"input-text qty text\"\n\t\tname=\"quantity\"\n\t\tvalue=\"1\"\n\t\taria-label=\"Cantidad de productos\"\n\t\t\t\tmin=\"1\"\n\t\t\t\t\t\t\tstep=\"1\"\n\t\t\tplaceholder=\"\"\n\t\t\tinputmode=\"numeric\"\n\t\t\tautocomplete=\"off\"\n\t\t\t\/>\n\t<\/div>\n\n\t<button type=\"submit\" class=\"single_add_to_cart_button button alt\">A\u00f1adir al carrito<\/button>\n\n\t\n\t<input type=\"hidden\" name=\"add-to-cart\" value=\"2123\" \/>\n\t<input type=\"hidden\" name=\"product_id\" value=\"2123\" \/>\n\t<input type=\"hidden\" name=\"variation_id\" class=\"variation_id\" value=\"0\" \/>\n<\/div>\n\t\t<\/div>\n\t\n\t<div class=\"product_meta\">\n\n\t\n\t\n\t\t<span class=\"sku_wrapper\">SKU: <span class=\"sku\">N\/D<\/span><\/span>\n\n\t\n\t<span class=\"posted_in\">Categor\u00edas: <a href=\"https:\/\/fontdeflors.com\/es\/categoria-producto\/cajas-con-flores\/\" rel=\"tag\">cajas con flores<\/a>, <a href=\"https:\/\/fontdeflors.com\/es\/categoria-producto\/destacados\/\" rel=\"tag\">destacados<\/a>, <a href=\"https:\/\/fontdeflors.com\/es\/categoria-producto\/rosas\/\" rel=\"tag\">rosas<\/a>, <a href=\"https:\/\/fontdeflors.com\/es\/categoria-producto\/seleccion-san-valentin\/\" rel=\"tag\">selecci\u00f3n San Valent\u00edn<\/a><\/span>\n\t\n\t\n<\/div>\n<\/form>\n\n<\/div><\/p><\/div>\n<style type=\"text\/css\" data-created_by=\"avia_inline_auto\" id=\"style-css-av-2wkxf7-ed7f97ff4aaed5870cb898171d37ca93\">\n.flex_column.av-2wkxf7-ed7f97ff4aaed5870cb898171d37ca93{\nborder-radius:0px 0px 0px 0px;\npadding:0px 0px 0px 0px;\n}\n<\/style>\n<div  class='flex_column av-2wkxf7-ed7f97ff4aaed5870cb898171d37ca93 av_one_full  avia-builder-el-6  el_after_av_two_fifth  el_before_av_one_full  first flex_column_div av-zero-column-padding  '     ><p>\n<style type=\"text\/css\" data-created_by=\"avia_inline_auto\" id=\"style-css-av-kcmi9o8y-2-3f0fa5a352f775ca5c2cd68aacbbc417\">\n#top .hr.av-kcmi9o8y-2-3f0fa5a352f775ca5c2cd68aacbbc417{\nmargin-top:5px;\nmargin-bottom:10px;\n}\n.hr.av-kcmi9o8y-2-3f0fa5a352f775ca5c2cd68aacbbc417 .hr-inner{\nwidth:50px;\n}\n<\/style>\n<div  class='hr av-kcmi9o8y-2-3f0fa5a352f775ca5c2cd68aacbbc417 hr-custom  avia-builder-el-7  el_before_av_product_upsells  avia-builder-el-first  hr-center hr-icon-no'><span class='hr-inner inner-border-av-border-none'><span class=\"hr-inner-style\"><\/span><\/span><\/div><br \/>\n<div  class='av-woo-product-related-upsells av-kcmjimzt-d8f9f7d4aa1ff3ff09fd91cee3e64691  avia-builder-el-8  el_after_av_hr  avia-builder-el-last '><div class='product_column product_column_3'>\n\t<section class=\"related products\">\n\n\t\t\t\t\t<h2>Productos relacionados<\/h2>\n\t\t\t\t<ul class=\"products columns-3\">\n\n\t\t\t\n\t\t\t\t\t<li class=\"product type-product post-1247 status-publish first instock product_cat-cajas-con-flores product_cat-nacimientos has-post-thumbnail taxable shipping-taxable purchasable product-type-variable\">\n\t<div class='inner_product main_color wrapped_style noLightbox  av-product-class-'><a href=\"https:\/\/fontdeflors.com\/es\/botiga\/cajas-con-flores\/florse-en-caja-de-madera-para-nacimiento-charlie\/\" class=\"woocommerce-LoopProduct-link woocommerce-loop-product__link\"><div class=\"thumbnail_container\"><img loading=\"lazy\" decoding=\"async\" width=\"300\" height=\"300\" src=\"https:\/\/fontdeflors.com\/wp-content\/uploads\/2020\/11\/FLORS_EN_CAPSA_DE_FUSTA_PER_A_NAIXEMENT_CHARLIE_02-300x300.jpg\" class=\"attachment-shop_catalog avia-product-hover\" alt=\"FLORES EN CAJA DE MADERA PARA NACIMIENTO - CHARLIE\" srcset=\"https:\/\/fontdeflors.com\/wp-content\/uploads\/2020\/11\/FLORS_EN_CAPSA_DE_FUSTA_PER_A_NAIXEMENT_CHARLIE_02-300x300.jpg 300w, https:\/\/fontdeflors.com\/wp-content\/uploads\/2020\/11\/FLORS_EN_CAPSA_DE_FUSTA_PER_A_NAIXEMENT_CHARLIE_02-100x100.jpg 100w, https:\/\/fontdeflors.com\/wp-content\/uploads\/2020\/11\/FLORS_EN_CAPSA_DE_FUSTA_PER_A_NAIXEMENT_CHARLIE_02-650x650.jpg 650w, https:\/\/fontdeflors.com\/wp-content\/uploads\/2020\/11\/FLORS_EN_CAPSA_DE_FUSTA_PER_A_NAIXEMENT_CHARLIE_02-80x80.jpg 80w, https:\/\/fontdeflors.com\/wp-content\/uploads\/2020\/11\/FLORS_EN_CAPSA_DE_FUSTA_PER_A_NAIXEMENT_CHARLIE_02-768x768.jpg 768w, https:\/\/fontdeflors.com\/wp-content\/uploads\/2020\/11\/FLORS_EN_CAPSA_DE_FUSTA_PER_A_NAIXEMENT_CHARLIE_02-36x36.jpg 36w, https:\/\/fontdeflors.com\/wp-content\/uploads\/2020\/11\/FLORS_EN_CAPSA_DE_FUSTA_PER_A_NAIXEMENT_CHARLIE_02-180x180.jpg 180w, https:\/\/fontdeflors.com\/wp-content\/uploads\/2020\/11\/FLORS_EN_CAPSA_DE_FUSTA_PER_A_NAIXEMENT_CHARLIE_02-705x705.jpg 705w, https:\/\/fontdeflors.com\/wp-content\/uploads\/2020\/11\/FLORS_EN_CAPSA_DE_FUSTA_PER_A_NAIXEMENT_CHARLIE_02.jpg 1000w\" sizes=\"auto, (max-width: 300px) 100vw, 300px\" \/><img decoding=\"async\" loading=\"lazy\" width=\"300\" height=\"300\" src=\"https:\/\/fontdeflors.com\/wp-content\/uploads\/2020\/11\/FLORS_EN_CAPSA_DE_FUSTA_PER_A_NAIXEMENT_CHARLIE_01-300x300.jpg\" class=\"wp-image-526 avia-img-lazy-loading-526 attachment-shop_catalog size-shop_catalog wp-post-image\" alt=\"FLORES EN CAJA DE MADERA PARA NACIMIENTO - CHARLIE\" srcset=\"https:\/\/fontdeflors.com\/wp-content\/uploads\/2020\/11\/FLORS_EN_CAPSA_DE_FUSTA_PER_A_NAIXEMENT_CHARLIE_01-300x300.jpg 300w, https:\/\/fontdeflors.com\/wp-content\/uploads\/2020\/11\/FLORS_EN_CAPSA_DE_FUSTA_PER_A_NAIXEMENT_CHARLIE_01-100x100.jpg 100w, https:\/\/fontdeflors.com\/wp-content\/uploads\/2020\/11\/FLORS_EN_CAPSA_DE_FUSTA_PER_A_NAIXEMENT_CHARLIE_01-650x650.jpg 650w, https:\/\/fontdeflors.com\/wp-content\/uploads\/2020\/11\/FLORS_EN_CAPSA_DE_FUSTA_PER_A_NAIXEMENT_CHARLIE_01-80x80.jpg 80w, https:\/\/fontdeflors.com\/wp-content\/uploads\/2020\/11\/FLORS_EN_CAPSA_DE_FUSTA_PER_A_NAIXEMENT_CHARLIE_01-768x768.jpg 768w, https:\/\/fontdeflors.com\/wp-content\/uploads\/2020\/11\/FLORS_EN_CAPSA_DE_FUSTA_PER_A_NAIXEMENT_CHARLIE_01-36x36.jpg 36w, https:\/\/fontdeflors.com\/wp-content\/uploads\/2020\/11\/FLORS_EN_CAPSA_DE_FUSTA_PER_A_NAIXEMENT_CHARLIE_01-180x180.jpg 180w, https:\/\/fontdeflors.com\/wp-content\/uploads\/2020\/11\/FLORS_EN_CAPSA_DE_FUSTA_PER_A_NAIXEMENT_CHARLIE_01-705x705.jpg 705w, https:\/\/fontdeflors.com\/wp-content\/uploads\/2020\/11\/FLORS_EN_CAPSA_DE_FUSTA_PER_A_NAIXEMENT_CHARLIE_01.jpg 1000w\" sizes=\"auto, (max-width: 300px) 100vw, 300px\" \/><\/div><div class='inner_product_header'><div class='avia-arrow'><\/div><div class='inner_product_header_table'><div class='inner_product_header_cell'><h2 class=\"woocommerce-loop-product__title\">Flores en caja de madera para nacimiento &#8211; Charlie<\/h2>\n\t<span class=\"price\"><span class=\"woocommerce-Price-amount amount\" aria-hidden=\"true\"><bdi>36,00&nbsp;<span class=\"woocommerce-Price-currencySymbol\" translate=\"no\">&euro;<\/span><\/bdi><\/span> <span aria-hidden=\"true\">-<\/span> <span class=\"woocommerce-Price-amount amount\" aria-hidden=\"true\"><bdi>45,00&nbsp;<span class=\"woocommerce-Price-currencySymbol\" translate=\"no\">&euro;<\/span><\/bdi><\/span><span class=\"screen-reader-text\">Rango de precios: desde 36,00&nbsp;&euro; hasta 45,00&nbsp;&euro;<\/span><\/span>\n<\/div><\/div><\/div><\/a><div class='avia_cart_buttons single_button'><a href=\"https:\/\/fontdeflors.com\/es\/botiga\/cajas-con-flores\/florse-en-caja-de-madera-para-nacimiento-charlie\/\" aria-describedby=\"woocommerce_loop_add_to_cart_link_describedby_1247\" data-quantity=\"1\" class=\"button product_type_variable add_to_cart_button\" data-product_id=\"1247\" data-product_sku=\"\" aria-label=\"Elige las opciones para &ldquo;Flores en caja de madera para nacimiento - Charlie&rdquo;\" rel=\"nofollow\"><span class=\"avia-svg-icon avia-font-svg_entypo-fontello\" data-av_svg_icon='basket' data-av_iconset='svg_entypo-fontello'><svg version=\"1.1\" xmlns=\"http:\/\/www.w3.org\/2000\/svg\" width=\"29\" height=\"32\" viewBox=\"0 0 29 32\" preserveAspectRatio=\"xMidYMid meet\" aria-labelledby='av-svg-title-1' aria-describedby='av-svg-desc-1' role=\"graphics-symbol\" aria-hidden=\"true\">\n<title id='av-svg-title-1'>Add to cart<\/title>\n<desc id='av-svg-desc-1'>Add to cart<\/desc>\n<path d=\"M4.8 27.2q0-1.28 0.96-2.24t2.24-0.96q1.344 0 2.272 0.96t0.928 2.24q0 1.344-0.928 2.272t-2.272 0.928q-1.28 0-2.24-0.928t-0.96-2.272zM20.8 27.2q0-1.28 0.96-2.24t2.24-0.96q1.344 0 2.272 0.96t0.928 2.24q0 1.344-0.928 2.272t-2.272 0.928q-1.28 0-2.24-0.928t-0.96-2.272zM10.496 19.648q-1.152 0.32-1.088 0.736t1.408 0.416h17.984v2.432q0 0.64-0.64 0.64h-20.928q-0.64 0-0.64-0.64v-2.432l-0.32-1.472-3.136-14.528h-3.136v-2.56q0-0.64 0.64-0.64h4.992q0.64 0 0.64 0.64v2.752h22.528v8.768q0 0.704-0.576 0.832z\"><\/path>\n<\/svg><\/span>  Seleccionar opciones<\/a>\t<span id=\"woocommerce_loop_add_to_cart_link_describedby_1247\" class=\"screen-reader-text\">\n\t\tEste producto tiene m\u00faltiples variantes. Las opciones se pueden elegir en la p\u00e1gina de producto\t<\/span>\n<\/div><\/div><\/li>\n\n\t\t\t\n\t\t\t\t\t<li class=\"product type-product post-1259 status-publish instock product_cat-destacados product_cat-plantas-para-regalar has-post-thumbnail taxable shipping-taxable purchasable product-type-simple\">\n\t<div class='inner_product main_color wrapped_style noLightbox  av-product-class-'><a href=\"https:\/\/fontdeflors.com\/es\/botiga\/destacados\/planta-orquidea-4-varas-con-tiesto-de-ceramica-laila\/\" class=\"woocommerce-LoopProduct-link woocommerce-loop-product__link\"><div class=\"thumbnail_container\"><img loading=\"lazy\" decoding=\"async\" width=\"300\" height=\"300\" src=\"https:\/\/fontdeflors.com\/wp-content\/uploads\/2020\/11\/PLANTA_ORQUIDIA_4_BRANQUES_TEST_DE_CERAMICA_LAILA_02-300x300.jpg\" class=\"attachment-shop_catalog avia-product-hover\" alt=\"PLANTA ORQU\u00cdDEA CON MACETERO DE CER\u00c1MICA - LAILA\" srcset=\"https:\/\/fontdeflors.com\/wp-content\/uploads\/2020\/11\/PLANTA_ORQUIDIA_4_BRANQUES_TEST_DE_CERAMICA_LAILA_02-300x300.jpg 300w, https:\/\/fontdeflors.com\/wp-content\/uploads\/2020\/11\/PLANTA_ORQUIDIA_4_BRANQUES_TEST_DE_CERAMICA_LAILA_02-100x100.jpg 100w, https:\/\/fontdeflors.com\/wp-content\/uploads\/2020\/11\/PLANTA_ORQUIDIA_4_BRANQUES_TEST_DE_CERAMICA_LAILA_02-650x650.jpg 650w, https:\/\/fontdeflors.com\/wp-content\/uploads\/2020\/11\/PLANTA_ORQUIDIA_4_BRANQUES_TEST_DE_CERAMICA_LAILA_02-80x80.jpg 80w, https:\/\/fontdeflors.com\/wp-content\/uploads\/2020\/11\/PLANTA_ORQUIDIA_4_BRANQUES_TEST_DE_CERAMICA_LAILA_02-768x768.jpg 768w, https:\/\/fontdeflors.com\/wp-content\/uploads\/2020\/11\/PLANTA_ORQUIDIA_4_BRANQUES_TEST_DE_CERAMICA_LAILA_02-36x36.jpg 36w, https:\/\/fontdeflors.com\/wp-content\/uploads\/2020\/11\/PLANTA_ORQUIDIA_4_BRANQUES_TEST_DE_CERAMICA_LAILA_02-180x180.jpg 180w, https:\/\/fontdeflors.com\/wp-content\/uploads\/2020\/11\/PLANTA_ORQUIDIA_4_BRANQUES_TEST_DE_CERAMICA_LAILA_02-705x705.jpg 705w, https:\/\/fontdeflors.com\/wp-content\/uploads\/2020\/11\/PLANTA_ORQUIDIA_4_BRANQUES_TEST_DE_CERAMICA_LAILA_02.jpg 1000w\" sizes=\"auto, (max-width: 300px) 100vw, 300px\" \/><img decoding=\"async\" loading=\"lazy\" width=\"300\" height=\"300\" src=\"https:\/\/fontdeflors.com\/wp-content\/uploads\/2020\/11\/PLANTA_ORQUIDIA_4_BRANQUES_TEST_DE_CERAMICA_LAILA_01-300x300.jpg\" class=\"wp-image-587 avia-img-lazy-loading-587 attachment-shop_catalog size-shop_catalog wp-post-image\" alt=\"PLANTA ORQU\u00cdDEA CON TIESTO DE CER\u00c1MICA - LAILA\" srcset=\"https:\/\/fontdeflors.com\/wp-content\/uploads\/2020\/11\/PLANTA_ORQUIDIA_4_BRANQUES_TEST_DE_CERAMICA_LAILA_01-300x300.jpg 300w, https:\/\/fontdeflors.com\/wp-content\/uploads\/2020\/11\/PLANTA_ORQUIDIA_4_BRANQUES_TEST_DE_CERAMICA_LAILA_01-100x100.jpg 100w, https:\/\/fontdeflors.com\/wp-content\/uploads\/2020\/11\/PLANTA_ORQUIDIA_4_BRANQUES_TEST_DE_CERAMICA_LAILA_01-650x650.jpg 650w, https:\/\/fontdeflors.com\/wp-content\/uploads\/2020\/11\/PLANTA_ORQUIDIA_4_BRANQUES_TEST_DE_CERAMICA_LAILA_01-80x80.jpg 80w, https:\/\/fontdeflors.com\/wp-content\/uploads\/2020\/11\/PLANTA_ORQUIDIA_4_BRANQUES_TEST_DE_CERAMICA_LAILA_01-768x768.jpg 768w, https:\/\/fontdeflors.com\/wp-content\/uploads\/2020\/11\/PLANTA_ORQUIDIA_4_BRANQUES_TEST_DE_CERAMICA_LAILA_01-36x36.jpg 36w, https:\/\/fontdeflors.com\/wp-content\/uploads\/2020\/11\/PLANTA_ORQUIDIA_4_BRANQUES_TEST_DE_CERAMICA_LAILA_01-180x180.jpg 180w, https:\/\/fontdeflors.com\/wp-content\/uploads\/2020\/11\/PLANTA_ORQUIDIA_4_BRANQUES_TEST_DE_CERAMICA_LAILA_01-705x705.jpg 705w, https:\/\/fontdeflors.com\/wp-content\/uploads\/2020\/11\/PLANTA_ORQUIDIA_4_BRANQUES_TEST_DE_CERAMICA_LAILA_01.jpg 1000w\" sizes=\"auto, (max-width: 300px) 100vw, 300px\" \/><span class=\"cart-loading\"><\/span><\/div><div class='inner_product_header'><div class='avia-arrow'><\/div><div class='inner_product_header_table'><div class='inner_product_header_cell'><h2 class=\"woocommerce-loop-product__title\">Planta orqu\u00eddea 4 varas con tiesto de cer\u00e1mica &#8211; Laila<\/h2>\n\t<span class=\"price\"><span class=\"woocommerce-Price-amount amount\"><bdi>50,00&nbsp;<span class=\"woocommerce-Price-currencySymbol\" translate=\"no\">&euro;<\/span><\/bdi><\/span><\/span>\n<\/div><\/div><\/div><\/a><div class='avia_cart_buttons '><a href=\"\/es\/wp-json\/wp\/v2\/product\/2123?add-to-cart=1259\" aria-describedby=\"woocommerce_loop_add_to_cart_link_describedby_1259\" data-quantity=\"1\" class=\"button product_type_simple add_to_cart_button ajax_add_to_cart\" data-product_id=\"1259\" data-product_sku=\"\" aria-label=\"A\u00f1adir al carrito: &ldquo;Planta orqu\u00eddea 4 varas con tiesto de cer\u00e1mica - Laila&rdquo;\" rel=\"nofollow\" data-success_message=\"\u00abPlanta orqu\u00eddea 4 varas con tiesto de cer\u00e1mica - Laila\u00bb se ha a\u00f1adido a tu carrito\" role=\"button\"><span class=\"avia-svg-icon avia-font-svg_entypo-fontello\" data-av_svg_icon='basket' data-av_iconset='svg_entypo-fontello'><svg version=\"1.1\" xmlns=\"http:\/\/www.w3.org\/2000\/svg\" width=\"29\" height=\"32\" viewBox=\"0 0 29 32\" preserveAspectRatio=\"xMidYMid meet\" aria-labelledby='av-svg-title-2' aria-describedby='av-svg-desc-2' role=\"graphics-symbol\" aria-hidden=\"true\">\n<title id='av-svg-title-2'>Add to cart<\/title>\n<desc id='av-svg-desc-2'>Add to cart<\/desc>\n<path d=\"M4.8 27.2q0-1.28 0.96-2.24t2.24-0.96q1.344 0 2.272 0.96t0.928 2.24q0 1.344-0.928 2.272t-2.272 0.928q-1.28 0-2.24-0.928t-0.96-2.272zM20.8 27.2q0-1.28 0.96-2.24t2.24-0.96q1.344 0 2.272 0.96t0.928 2.24q0 1.344-0.928 2.272t-2.272 0.928q-1.28 0-2.24-0.928t-0.96-2.272zM10.496 19.648q-1.152 0.32-1.088 0.736t1.408 0.416h17.984v2.432q0 0.64-0.64 0.64h-20.928q-0.64 0-0.64-0.64v-2.432l-0.32-1.472-3.136-14.528h-3.136v-2.56q0-0.64 0.64-0.64h4.992q0.64 0 0.64 0.64v2.752h22.528v8.768q0 0.704-0.576 0.832z\"><\/path>\n<\/svg><\/span>  A\u00f1adir al carrito<\/a>\t<span id=\"woocommerce_loop_add_to_cart_link_describedby_1259\" class=\"screen-reader-text\">\n\t\t\t<\/span>\n<a class=\"button show_details_button\" href=\"https:\/\/fontdeflors.com\/es\/botiga\/destacados\/planta-orquidea-4-varas-con-tiesto-de-ceramica-laila\/\"><span class=\"avia-svg-icon avia-font-svg_entypo-fontello\" data-av_svg_icon='doc-text' data-av_iconset='svg_entypo-fontello'><svg version=\"1.1\" xmlns=\"http:\/\/www.w3.org\/2000\/svg\" width=\"22\" height=\"32\" viewBox=\"0 0 22 32\" preserveAspectRatio=\"xMidYMid meet\" aria-labelledby='av-svg-title-3' aria-describedby='av-svg-desc-3' role=\"graphics-symbol\" aria-hidden=\"true\">\n<title id='av-svg-title-3'>Ver producto<\/title>\n<desc id='av-svg-desc-3'>Ver producto<\/desc>\n<path d=\"M6.784 17.344v-2.88h8.96v2.88h-8.96zM19.2 1.6q1.344 0 2.272 0.928t0.928 2.272v22.4q0 1.28-0.928 2.24t-2.272 0.96h-16q-1.28 0-2.24-0.96t-0.96-2.24v-22.4q0-1.344 0.96-2.272t2.24-0.928h16zM19.2 27.2v-22.4h-16v22.4h16zM15.68 8.256v2.816h-8.96v-2.816h8.96zM15.68 20.8v2.816h-8.96v-2.816h8.96z\"><\/path>\n<\/svg><\/span>  Ver producto<\/a> <span class=\"button-mini-delimiter\"><\/span><\/div><\/div><\/li>\n\n\t\t\t\n\t\t\t\t\t<li class=\"product type-product post-1162 status-publish last instock product_cat-cajas-con-flores product_cat-rosas has-post-thumbnail taxable shipping-taxable purchasable product-type-variable\">\n\t<div class='inner_product main_color wrapped_style noLightbox  av-product-class-'><a href=\"https:\/\/fontdeflors.com\/es\/botiga\/cajas-con-flores\/centro-de-flores-con-caja-gloria\/\" class=\"woocommerce-LoopProduct-link woocommerce-loop-product__link\"><div class=\"thumbnail_container\"><img loading=\"lazy\" decoding=\"async\" width=\"300\" height=\"300\" src=\"https:\/\/fontdeflors.com\/wp-content\/uploads\/2020\/11\/CENTRE_DE_FLORS_AMB_CAIXA_GLORIA_01-300x300.jpg\" class=\"attachment-shop_catalog avia-product-hover\" alt=\"CENTRO DE FLORES CON CAJA - GLORIA\" srcset=\"https:\/\/fontdeflors.com\/wp-content\/uploads\/2020\/11\/CENTRE_DE_FLORS_AMB_CAIXA_GLORIA_01-300x300.jpg 300w, https:\/\/fontdeflors.com\/wp-content\/uploads\/2020\/11\/CENTRE_DE_FLORS_AMB_CAIXA_GLORIA_01-100x100.jpg 100w, https:\/\/fontdeflors.com\/wp-content\/uploads\/2020\/11\/CENTRE_DE_FLORS_AMB_CAIXA_GLORIA_01-650x650.jpg 650w, https:\/\/fontdeflors.com\/wp-content\/uploads\/2020\/11\/CENTRE_DE_FLORS_AMB_CAIXA_GLORIA_01-80x80.jpg 80w, https:\/\/fontdeflors.com\/wp-content\/uploads\/2020\/11\/CENTRE_DE_FLORS_AMB_CAIXA_GLORIA_01-768x768.jpg 768w, https:\/\/fontdeflors.com\/wp-content\/uploads\/2020\/11\/CENTRE_DE_FLORS_AMB_CAIXA_GLORIA_01-36x36.jpg 36w, https:\/\/fontdeflors.com\/wp-content\/uploads\/2020\/11\/CENTRE_DE_FLORS_AMB_CAIXA_GLORIA_01-180x180.jpg 180w, https:\/\/fontdeflors.com\/wp-content\/uploads\/2020\/11\/CENTRE_DE_FLORS_AMB_CAIXA_GLORIA_01-705x705.jpg 705w, https:\/\/fontdeflors.com\/wp-content\/uploads\/2020\/11\/CENTRE_DE_FLORS_AMB_CAIXA_GLORIA_01.jpg 1000w\" sizes=\"auto, (max-width: 300px) 100vw, 300px\" \/><img decoding=\"async\" loading=\"lazy\" width=\"300\" height=\"300\" src=\"https:\/\/fontdeflors.com\/wp-content\/uploads\/2020\/11\/CENTRE_DE_FLORS_AMB_CAIXA_GLORIA_03-300x300.jpg\" class=\"wp-image-286 avia-img-lazy-loading-286 attachment-shop_catalog size-shop_catalog wp-post-image\" alt=\"CENTRO DE FLORES CON CAJA - GLORIA\" srcset=\"https:\/\/fontdeflors.com\/wp-content\/uploads\/2020\/11\/CENTRE_DE_FLORS_AMB_CAIXA_GLORIA_03-300x300.jpg 300w, https:\/\/fontdeflors.com\/wp-content\/uploads\/2020\/11\/CENTRE_DE_FLORS_AMB_CAIXA_GLORIA_03-100x100.jpg 100w, https:\/\/fontdeflors.com\/wp-content\/uploads\/2020\/11\/CENTRE_DE_FLORS_AMB_CAIXA_GLORIA_03-650x650.jpg 650w, https:\/\/fontdeflors.com\/wp-content\/uploads\/2020\/11\/CENTRE_DE_FLORS_AMB_CAIXA_GLORIA_03-80x80.jpg 80w, https:\/\/fontdeflors.com\/wp-content\/uploads\/2020\/11\/CENTRE_DE_FLORS_AMB_CAIXA_GLORIA_03-768x768.jpg 768w, https:\/\/fontdeflors.com\/wp-content\/uploads\/2020\/11\/CENTRE_DE_FLORS_AMB_CAIXA_GLORIA_03-36x36.jpg 36w, https:\/\/fontdeflors.com\/wp-content\/uploads\/2020\/11\/CENTRE_DE_FLORS_AMB_CAIXA_GLORIA_03-180x180.jpg 180w, https:\/\/fontdeflors.com\/wp-content\/uploads\/2020\/11\/CENTRE_DE_FLORS_AMB_CAIXA_GLORIA_03-705x705.jpg 705w, https:\/\/fontdeflors.com\/wp-content\/uploads\/2020\/11\/CENTRE_DE_FLORS_AMB_CAIXA_GLORIA_03.jpg 1000w\" sizes=\"auto, (max-width: 300px) 100vw, 300px\" \/><\/div><div class='inner_product_header'><div class='avia-arrow'><\/div><div class='inner_product_header_table'><div class='inner_product_header_cell'><h2 class=\"woocommerce-loop-product__title\">Centro de flores con caja &#8211; Gloria<\/h2>\n\t<span class=\"price\"><span class=\"woocommerce-Price-amount amount\" aria-hidden=\"true\"><bdi>45,00&nbsp;<span class=\"woocommerce-Price-currencySymbol\" translate=\"no\">&euro;<\/span><\/bdi><\/span> <span aria-hidden=\"true\">-<\/span> <span class=\"woocommerce-Price-amount amount\" aria-hidden=\"true\"><bdi>75,00&nbsp;<span class=\"woocommerce-Price-currencySymbol\" translate=\"no\">&euro;<\/span><\/bdi><\/span><span class=\"screen-reader-text\">Rango de precios: desde 45,00&nbsp;&euro; hasta 75,00&nbsp;&euro;<\/span><\/span>\n<\/div><\/div><\/div><\/a><div class='avia_cart_buttons single_button'><a href=\"https:\/\/fontdeflors.com\/es\/botiga\/cajas-con-flores\/centro-de-flores-con-caja-gloria\/\" aria-describedby=\"woocommerce_loop_add_to_cart_link_describedby_1162\" data-quantity=\"1\" class=\"button product_type_variable add_to_cart_button\" data-product_id=\"1162\" data-product_sku=\"\" aria-label=\"Elige las opciones para &ldquo;Centro de flores con caja - Gloria&rdquo;\" rel=\"nofollow\"><span class=\"avia-svg-icon avia-font-svg_entypo-fontello\" data-av_svg_icon='basket' data-av_iconset='svg_entypo-fontello'><svg version=\"1.1\" xmlns=\"http:\/\/www.w3.org\/2000\/svg\" width=\"29\" height=\"32\" viewBox=\"0 0 29 32\" preserveAspectRatio=\"xMidYMid meet\" aria-labelledby='av-svg-title-4' aria-describedby='av-svg-desc-4' role=\"graphics-symbol\" aria-hidden=\"true\">\n<title id='av-svg-title-4'>Add to cart<\/title>\n<desc id='av-svg-desc-4'>Add to cart<\/desc>\n<path d=\"M4.8 27.2q0-1.28 0.96-2.24t2.24-0.96q1.344 0 2.272 0.96t0.928 2.24q0 1.344-0.928 2.272t-2.272 0.928q-1.28 0-2.24-0.928t-0.96-2.272zM20.8 27.2q0-1.28 0.96-2.24t2.24-0.96q1.344 0 2.272 0.96t0.928 2.24q0 1.344-0.928 2.272t-2.272 0.928q-1.28 0-2.24-0.928t-0.96-2.272zM10.496 19.648q-1.152 0.32-1.088 0.736t1.408 0.416h17.984v2.432q0 0.64-0.64 0.64h-20.928q-0.64 0-0.64-0.64v-2.432l-0.32-1.472-3.136-14.528h-3.136v-2.56q0-0.64 0.64-0.64h4.992q0.64 0 0.64 0.64v2.752h22.528v8.768q0 0.704-0.576 0.832z\"><\/path>\n<\/svg><\/span>  Seleccionar opciones<\/a>\t<span id=\"woocommerce_loop_add_to_cart_link_describedby_1162\" class=\"screen-reader-text\">\n\t\tEste producto tiene m\u00faltiples variantes. Las opciones se pueden elegir en la p\u00e1gina de producto\t<\/span>\n<\/div><\/div><\/li>\n\n\t\t\t\n\t\t<\/ul>\n\n\t<\/section>\n\t<\/div><\/div><\/p><\/div><\/p>\n\n<style type=\"text\/css\" data-created_by=\"avia_inline_auto\" id=\"style-css-av-3xbsvn-90bdc80d4dc28e5c2ca8a8008b2357c7\">\n.flex_column.av-3xbsvn-90bdc80d4dc28e5c2ca8a8008b2357c7{\nborder-radius:0px 0px 0px 0px;\npadding:0px 0px 0px 0px;\n}\n<\/style>\n<div  class='flex_column av-3xbsvn-90bdc80d4dc28e5c2ca8a8008b2357c7 av_one_full first flex_column_div av-zero-column-padding  '     ><p>\n<style type=\"text\/css\" data-created_by=\"avia_inline_auto\" id=\"style-css-av-kcmi9o8y-1-6402e1bd88d50ba2e820421c6d436dd9\">\n#top .hr.av-kcmi9o8y-1-6402e1bd88d50ba2e820421c6d436dd9{\nmargin-top:5px;\nmargin-bottom:10px;\n}\n.hr.av-kcmi9o8y-1-6402e1bd88d50ba2e820421c6d436dd9 .hr-inner{\nwidth:50px;\n}\n<\/style>\n<div  class='hr av-kcmi9o8y-1-6402e1bd88d50ba2e820421c6d436dd9 hr-custom hr-center hr-icon-no'><span class='hr-inner inner-border-av-border-none'><span class=\"hr-inner-style\"><\/span><\/span><\/div><br \/>\n<div class='av-woo-product-review av-2ff7oy-0c384bedfbf5c7e1ea185bf39d24465d'><\/div><\/p><\/div>\n","protected":false},"excerpt":{"rendered":"","protected":false},"featured_media":2129,"comment_status":"open","ping_status":"closed","template":"","meta":[],"product_brand":[],"product_cat":[31,30,32,76],"product_tag":[],"class_list":["post-2123","product","type-product","status-publish","has-post-thumbnail","product_cat-cajas-con-flores","product_cat-destacados","product_cat-rosas","product_cat-seleccion-san-valentin","first","instock","taxable","shipping-taxable","purchasable","product-type-variable"],"yoast_head":"<!-- This site is optimized with the Yoast SEO plugin v28.1 - https:\/\/yoast.com\/product\/yoast-seo-wordpress\/ -->\n<title>Caja de rosas y bombones - Amy | Florister\u00eda - Font de Flors<\/title>\n<meta name=\"description\" content=\"Cuando quieres que tu regalo sea un poco m\u00e1s especial, nuestra caja de rosas y bombones &quot;Amy&quot; es la m\u00e1s acertada.\" \/>\n<meta name=\"robots\" content=\"index, follow, max-snippet:-1, max-image-preview:large, max-video-preview:-1\" \/>\n<link rel=\"canonical\" href=\"https:\/\/fontdeflors.com\/es\/botiga\/destacados\/caja-de-rosas-y-bombones-amy\/\" \/>\n<meta property=\"og:locale\" content=\"es_ES\" \/>\n<meta property=\"og:type\" content=\"article\" \/>\n<meta property=\"og:title\" content=\"Caja de rosas y bombones - Amy | Florister\u00eda - Font de Flors\" \/>\n<meta property=\"og:description\" content=\"Cuando quieres que tu regalo sea un poco m\u00e1s especial, nuestra caja de rosas y bombones &quot;Amy&quot; es la m\u00e1s acertada.\" \/>\n<meta property=\"og:url\" content=\"https:\/\/fontdeflors.com\/es\/botiga\/destacados\/caja-de-rosas-y-bombones-amy\/\" \/>\n<meta property=\"og:site_name\" content=\"font de flors\" \/>\n<meta property=\"article:modified_time\" content=\"2026-05-01T22:54:03+00:00\" \/>\n<meta property=\"og:image\" content=\"https:\/\/fontdeflors.com\/wp-content\/uploads\/2021\/02\/CENTRE_DE_ROSES_I_BOMBONS_AMY_03-scaled.jpg\" \/>\n\t<meta property=\"og:image:width\" content=\"2560\" \/>\n\t<meta property=\"og:image:height\" content=\"2560\" \/>\n\t<meta property=\"og:image:type\" content=\"image\/jpeg\" \/>\n<meta name=\"twitter:card\" content=\"summary_large_image\" \/>\n<meta name=\"twitter:label1\" content=\"Tiempo de lectura\" \/>\n\t<meta name=\"twitter:data1\" content=\"4 minutos\" \/>\n<script type=\"application\/ld+json\" class=\"yoast-schema-graph\">{\"@context\":\"https:\\\/\\\/schema.org\",\"@graph\":[{\"@type\":\"WebPage\",\"@id\":\"https:\\\/\\\/fontdeflors.com\\\/es\\\/botiga\\\/destacados\\\/caja-de-rosas-y-bombones-amy\\\/\",\"url\":\"https:\\\/\\\/fontdeflors.com\\\/es\\\/botiga\\\/destacados\\\/caja-de-rosas-y-bombones-amy\\\/\",\"name\":\"Caja de rosas y bombones - Amy | Florister\u00eda - Font de Flors\",\"isPartOf\":{\"@id\":\"https:\\\/\\\/fontdeflors.com\\\/#website\"},\"primaryImageOfPage\":{\"@id\":\"https:\\\/\\\/fontdeflors.com\\\/es\\\/botiga\\\/destacados\\\/caja-de-rosas-y-bombones-amy\\\/#primaryimage\"},\"image\":{\"@id\":\"https:\\\/\\\/fontdeflors.com\\\/es\\\/botiga\\\/destacados\\\/caja-de-rosas-y-bombones-amy\\\/#primaryimage\"},\"thumbnailUrl\":\"https:\\\/\\\/fontdeflors.com\\\/wp-content\\\/uploads\\\/2021\\\/02\\\/CENTRE_DE_ROSES_I_BOMBONS_AMY_03-scaled.jpg\",\"datePublished\":\"2021-02-01T11:57:07+00:00\",\"dateModified\":\"2026-05-01T22:54:03+00:00\",\"description\":\"Cuando quieres que tu regalo sea un poco m\u00e1s especial, nuestra caja de rosas y bombones \\\"Amy\\\" es la m\u00e1s acertada.\",\"breadcrumb\":{\"@id\":\"https:\\\/\\\/fontdeflors.com\\\/es\\\/botiga\\\/destacados\\\/caja-de-rosas-y-bombones-amy\\\/#breadcrumb\"},\"inLanguage\":\"es\",\"potentialAction\":[{\"@type\":\"ReadAction\",\"target\":[\"https:\\\/\\\/fontdeflors.com\\\/es\\\/botiga\\\/destacados\\\/caja-de-rosas-y-bombones-amy\\\/\"]}]},{\"@type\":\"ImageObject\",\"inLanguage\":\"es\",\"@id\":\"https:\\\/\\\/fontdeflors.com\\\/es\\\/botiga\\\/destacados\\\/caja-de-rosas-y-bombones-amy\\\/#primaryimage\",\"url\":\"https:\\\/\\\/fontdeflors.com\\\/wp-content\\\/uploads\\\/2021\\\/02\\\/CENTRE_DE_ROSES_I_BOMBONS_AMY_03-scaled.jpg\",\"contentUrl\":\"https:\\\/\\\/fontdeflors.com\\\/wp-content\\\/uploads\\\/2021\\\/02\\\/CENTRE_DE_ROSES_I_BOMBONS_AMY_03-scaled.jpg\",\"width\":2560,\"height\":2560,\"caption\":\"CENTRO DE ROSAS Y BOMBONES - AMY\"},{\"@type\":\"BreadcrumbList\",\"@id\":\"https:\\\/\\\/fontdeflors.com\\\/es\\\/botiga\\\/destacados\\\/caja-de-rosas-y-bombones-amy\\\/#breadcrumb\",\"itemListElement\":[{\"@type\":\"ListItem\",\"position\":1,\"name\":\"Inici\",\"item\":\"https:\\\/\\\/fontdeflors.com\\\/es\\\/floristeria-badalona\\\/\"},{\"@type\":\"ListItem\",\"position\":2,\"name\":\"Tienda\",\"item\":\"https:\\\/\\\/fontdeflors.com\\\/es\\\/tienda\\\/\"},{\"@type\":\"ListItem\",\"position\":3,\"name\":\"Caja de rosas y bombones &#8211; Amy\"}]},{\"@type\":\"WebSite\",\"@id\":\"https:\\\/\\\/fontdeflors.com\\\/#website\",\"url\":\"https:\\\/\\\/fontdeflors.com\\\/\",\"name\":\"Floristeria Badalona - Barcelona | Font de Flors\",\"description\":\"flors a domicili i serveis de decoraci\u00f3 amb flors i plantes | badalona - barcelona\",\"publisher\":{\"@id\":\"https:\\\/\\\/fontdeflors.com\\\/#organization\"},\"potentialAction\":[{\"@type\":\"SearchAction\",\"target\":{\"@type\":\"EntryPoint\",\"urlTemplate\":\"https:\\\/\\\/fontdeflors.com\\\/?s={search_term_string}\"},\"query-input\":{\"@type\":\"PropertyValueSpecification\",\"valueRequired\":true,\"valueName\":\"search_term_string\"}}],\"inLanguage\":\"es\"},{\"@type\":\"Organization\",\"@id\":\"https:\\\/\\\/fontdeflors.com\\\/#organization\",\"name\":\"Font de Flors - Floristeria i Jardineria | Badalona (Barcelona)\",\"url\":\"https:\\\/\\\/fontdeflors.com\\\/\",\"logo\":{\"@type\":\"ImageObject\",\"inLanguage\":\"es\",\"@id\":\"https:\\\/\\\/fontdeflors.com\\\/#\\\/schema\\\/logo\\\/image\\\/\",\"url\":\"https:\\\/\\\/fontdeflors.com\\\/wp-content\\\/uploads\\\/2021\\\/01\\\/fontdeflors_floristeria_badalona_barcelona_logo_2.png\",\"contentUrl\":\"https:\\\/\\\/fontdeflors.com\\\/wp-content\\\/uploads\\\/2021\\\/01\\\/fontdeflors_floristeria_badalona_barcelona_logo_2.png\",\"width\":242,\"height\":90,\"caption\":\"Font de Flors - Floristeria i Jardineria | Badalona (Barcelona)\"},\"image\":{\"@id\":\"https:\\\/\\\/fontdeflors.com\\\/#\\\/schema\\\/logo\\\/image\\\/\"},\"sameAs\":[\"https:\\\/\\\/www.instagram.com\\\/fontdeflors\\\/\"]}]}<\/script>\n<!-- \/ Yoast SEO plugin. -->","yoast_head_json":{"title":"Caja de rosas y bombones - Amy | Florister\u00eda - Font de Flors","description":"Cuando quieres que tu regalo sea un poco m\u00e1s especial, nuestra caja de rosas y bombones \"Amy\" es la m\u00e1s acertada.","robots":{"index":"index","follow":"follow","max-snippet":"max-snippet:-1","max-image-preview":"max-image-preview:large","max-video-preview":"max-video-preview:-1"},"canonical":"https:\/\/fontdeflors.com\/es\/botiga\/destacados\/caja-de-rosas-y-bombones-amy\/","og_locale":"es_ES","og_type":"article","og_title":"Caja de rosas y bombones - Amy | Florister\u00eda - Font de Flors","og_description":"Cuando quieres que tu regalo sea un poco m\u00e1s especial, nuestra caja de rosas y bombones \"Amy\" es la m\u00e1s acertada.","og_url":"https:\/\/fontdeflors.com\/es\/botiga\/destacados\/caja-de-rosas-y-bombones-amy\/","og_site_name":"font de flors","article_modified_time":"2026-05-01T22:54:03+00:00","og_image":[{"width":2560,"height":2560,"url":"https:\/\/fontdeflors.com\/wp-content\/uploads\/2021\/02\/CENTRE_DE_ROSES_I_BOMBONS_AMY_03-scaled.jpg","type":"image\/jpeg"}],"twitter_card":"summary_large_image","twitter_misc":{"Tiempo de lectura":"4 minutos"},"schema":{"@context":"https:\/\/schema.org","@graph":[{"@type":"WebPage","@id":"https:\/\/fontdeflors.com\/es\/botiga\/destacados\/caja-de-rosas-y-bombones-amy\/","url":"https:\/\/fontdeflors.com\/es\/botiga\/destacados\/caja-de-rosas-y-bombones-amy\/","name":"Caja de rosas y bombones - Amy | Florister\u00eda - Font de Flors","isPartOf":{"@id":"https:\/\/fontdeflors.com\/#website"},"primaryImageOfPage":{"@id":"https:\/\/fontdeflors.com\/es\/botiga\/destacados\/caja-de-rosas-y-bombones-amy\/#primaryimage"},"image":{"@id":"https:\/\/fontdeflors.com\/es\/botiga\/destacados\/caja-de-rosas-y-bombones-amy\/#primaryimage"},"thumbnailUrl":"https:\/\/fontdeflors.com\/wp-content\/uploads\/2021\/02\/CENTRE_DE_ROSES_I_BOMBONS_AMY_03-scaled.jpg","datePublished":"2021-02-01T11:57:07+00:00","dateModified":"2026-05-01T22:54:03+00:00","description":"Cuando quieres que tu regalo sea un poco m\u00e1s especial, nuestra caja de rosas y bombones \"Amy\" es la m\u00e1s acertada.","breadcrumb":{"@id":"https:\/\/fontdeflors.com\/es\/botiga\/destacados\/caja-de-rosas-y-bombones-amy\/#breadcrumb"},"inLanguage":"es","potentialAction":[{"@type":"ReadAction","target":["https:\/\/fontdeflors.com\/es\/botiga\/destacados\/caja-de-rosas-y-bombones-amy\/"]}]},{"@type":"ImageObject","inLanguage":"es","@id":"https:\/\/fontdeflors.com\/es\/botiga\/destacados\/caja-de-rosas-y-bombones-amy\/#primaryimage","url":"https:\/\/fontdeflors.com\/wp-content\/uploads\/2021\/02\/CENTRE_DE_ROSES_I_BOMBONS_AMY_03-scaled.jpg","contentUrl":"https:\/\/fontdeflors.com\/wp-content\/uploads\/2021\/02\/CENTRE_DE_ROSES_I_BOMBONS_AMY_03-scaled.jpg","width":2560,"height":2560,"caption":"CENTRO DE ROSAS Y BOMBONES - AMY"},{"@type":"BreadcrumbList","@id":"https:\/\/fontdeflors.com\/es\/botiga\/destacados\/caja-de-rosas-y-bombones-amy\/#breadcrumb","itemListElement":[{"@type":"ListItem","position":1,"name":"Inici","item":"https:\/\/fontdeflors.com\/es\/floristeria-badalona\/"},{"@type":"ListItem","position":2,"name":"Tienda","item":"https:\/\/fontdeflors.com\/es\/tienda\/"},{"@type":"ListItem","position":3,"name":"Caja de rosas y bombones &#8211; Amy"}]},{"@type":"WebSite","@id":"https:\/\/fontdeflors.com\/#website","url":"https:\/\/fontdeflors.com\/","name":"Floristeria Badalona - Barcelona | Font de Flors","description":"flors a domicili i serveis de decoraci\u00f3 amb flors i plantes | badalona - barcelona","publisher":{"@id":"https:\/\/fontdeflors.com\/#organization"},"potentialAction":[{"@type":"SearchAction","target":{"@type":"EntryPoint","urlTemplate":"https:\/\/fontdeflors.com\/?s={search_term_string}"},"query-input":{"@type":"PropertyValueSpecification","valueRequired":true,"valueName":"search_term_string"}}],"inLanguage":"es"},{"@type":"Organization","@id":"https:\/\/fontdeflors.com\/#organization","name":"Font de Flors - Floristeria i Jardineria | Badalona (Barcelona)","url":"https:\/\/fontdeflors.com\/","logo":{"@type":"ImageObject","inLanguage":"es","@id":"https:\/\/fontdeflors.com\/#\/schema\/logo\/image\/","url":"https:\/\/fontdeflors.com\/wp-content\/uploads\/2021\/01\/fontdeflors_floristeria_badalona_barcelona_logo_2.png","contentUrl":"https:\/\/fontdeflors.com\/wp-content\/uploads\/2021\/01\/fontdeflors_floristeria_badalona_barcelona_logo_2.png","width":242,"height":90,"caption":"Font de Flors - Floristeria i Jardineria | Badalona (Barcelona)"},"image":{"@id":"https:\/\/fontdeflors.com\/#\/schema\/logo\/image\/"},"sameAs":["https:\/\/www.instagram.com\/fontdeflors\/"]}]}},"_links":{"self":[{"href":"https:\/\/fontdeflors.com\/es\/wp-json\/wp\/v2\/product\/2123","targetHints":{"allow":["GET"]}}],"collection":[{"href":"https:\/\/fontdeflors.com\/es\/wp-json\/wp\/v2\/product"}],"about":[{"href":"https:\/\/fontdeflors.com\/es\/wp-json\/wp\/v2\/types\/product"}],"replies":[{"embeddable":true,"href":"https:\/\/fontdeflors.com\/es\/wp-json\/wp\/v2\/comments?post=2123"}],"wp:featuredmedia":[{"embeddable":true,"href":"https:\/\/fontdeflors.com\/es\/wp-json\/wp\/v2\/media\/2129"}],"wp:attachment":[{"href":"https:\/\/fontdeflors.com\/es\/wp-json\/wp\/v2\/media?parent=2123"}],"wp:term":[{"taxonomy":"product_brand","embeddable":true,"href":"https:\/\/fontdeflors.com\/es\/wp-json\/wp\/v2\/product_brand?post=2123"},{"taxonomy":"product_cat","embeddable":true,"href":"https:\/\/fontdeflors.com\/es\/wp-json\/wp\/v2\/product_cat?post=2123"},{"taxonomy":"product_tag","embeddable":true,"href":"https:\/\/fontdeflors.com\/es\/wp-json\/wp\/v2\/product_tag?post=2123"}],"curies":[{"name":"wp","href":"https:\/\/api.w.org\/{rel}","templated":true}]}}